{"id":6752,"date":"2025-07-17T09:25:15","date_gmt":"2025-07-17T07:25:15","guid":{"rendered":"https:\/\/premiosaepev.es\/mention-legale\/"},"modified":"2026-04-30T09:36:09","modified_gmt":"2026-04-30T08:36:09","slug":"mention-legale","status":"publish","type":"page","link":"https:\/\/premiosaepev.es\/fr\/mention-legale\/","title":{"rendered":"Mention l\u00e9gale"},"content":{"rendered":"\t\t<div data-elementor-type=\"wp-post\" data-elementor-id=\"6752\" class=\"elementor elementor-6752 elementor-3550\" data-elementor-post-type=\"page\">\n\t\t\t\t<div data-particle_enable=\"false\" data-particle-mobile-disabled=\"false\" class=\"elementor-element elementor-element-9e34934 e-flex e-con-boxed elementor-invisible e-con e-parent\" data-id=\"9e34934\" data-element_type=\"container\" data-e-type=\"container\" data-settings=\"{&quot;background_background&quot;:&quot;classic&quot;,&quot;animation&quot;:&quot;fadeIn&quot;}\">\n\t\t\t\t\t<div class=\"e-con-inner\">\n\t\t<div data-particle_enable=\"false\" data-particle-mobile-disabled=\"false\" class=\"elementor-element elementor-element-77140b5 e-con-full e-flex e-con e-child\" data-id=\"77140b5\" data-element_type=\"container\" data-e-type=\"container\">\n\t\t\t\t<div class=\"elementor-element elementor-element-5c922f6 elementor-widget elementor-widget-heading\" data-id=\"5c922f6\" data-element_type=\"widget\" data-e-type=\"widget\" data-widget_type=\"heading.default\">\n\t\t\t\t<div class=\"elementor-widget-container\">\n\t\t\t\t\t<h1 class=\"elementor-heading-title elementor-size-default\">Mention l\u00e9gale<\/h1>\t\t\t\t<\/div>\n\t\t\t\t<\/div>\n\t\t\t\t<\/div>\n\t\t\t\t\t<\/div>\n\t\t\t\t<\/div>\n\t\t<div data-particle_enable=\"false\" data-particle-mobile-disabled=\"false\" class=\"elementor-element elementor-element-51fe40d e-flex e-con-boxed e-con e-parent\" data-id=\"51fe40d\" data-element_type=\"container\" data-e-type=\"container\" data-settings=\"{&quot;background_background&quot;:&quot;classic&quot;}\">\n\t\t\t\t\t<div class=\"e-con-inner\">\n\t\t<div data-particle_enable=\"false\" data-particle-mobile-disabled=\"false\" class=\"elementor-element elementor-element-a304911 e-con-full e-flex e-con e-child\" data-id=\"a304911\" data-element_type=\"container\" data-e-type=\"container\" data-settings=\"{&quot;background_background&quot;:&quot;classic&quot;}\">\n\t\t\t\t<div class=\"elementor-element elementor-element-b9e6e24 elementor-widget elementor-widget-text-editor\" data-id=\"b9e6e24\" data-element_type=\"widget\" data-e-type=\"widget\" data-widget_type=\"text-editor.default\">\n\t\t\t\t<div class=\"elementor-widget-container\">\n\t\t\t\t\t\t\t\t\t<h1>Aviso Legal<\/h1>\n\n<p><strong>Derni\u00e8re actualisation: <\/strong>17 juillet 2025<\/p>\n\n<h2>1. Information general<\/h2>\n<p>Conform\u00e9ment au devoir d\u2019information \u00e9tabli par la Loi 34\/2002, du 11 juillet, sur les Services de la Soci\u00e9t\u00e9 de l\u2019Information et le Commerce \u00c9lectronique (LSSI-CE), les informations suivantes sont mises \u00e0 disposition :<\/p>\n\n<p>\n  <strong>Responsable del sitio web:<\/strong><br>Asociaci\u00f3n Espa\u00f1ola de Periodistas y Escritores del Vino (AEPEV)<br>CIF: G85199990<br>Domicilio: M\u00e1rtires Concepcionistas 19, 28006 MADRID \u00b7 Espa\u00f1a<br>Email de contacto: <a href=\"mailto:secretario@aepev.es\">secretario@aepev.es<\/a><br>Web: <a href=\"https:\/\/premiosaepev.es\/fr\/\" target=\"_blank\">www.premiosaepev.es<\/a>\n<\/p>\n\n<h2>2. Conditions d&#8217;utilisation<\/h2>\n<p>L\u2019acc\u00e8s et l\u2019utilisation de ce site web conf\u00e8rent la condition d\u2019utilisateur, ce qui implique l\u2019acceptation pleine et enti\u00e8re des pr\u00e9sentes conditions d\u2019utilisation d\u00e8s le moment de l\u2019acc\u00e8s.<\/p>\n<p>L\u2019utilisateur s\u2019engage \u00e0 faire un usage appropri\u00e9 du site web, de ses contenus et de ses services, conform\u00e9ment \u00e0 la loi, \u00e0 la morale, \u00e0 l\u2019ordre public et aux pr\u00e9sentes conditions. Tout usage \u00e0 des fins illicites ou pr\u00e9judiciables pour l\u2019AEPEV ou pour des tiers est express\u00e9ment interdit. <\/p>\n\n<h2>3. Propri\u00e9t\u00e9 intellectuelle et industrielle<\/h2>\n<p>Tous les contenus du site web (textes, images, logos, vid\u00e9os, design graphique, code source, etc.) sont la propri\u00e9t\u00e9 de l\u2019AEPEV ou de tiers ayant autoris\u00e9 leur utilisation, et sont prot\u00e9g\u00e9s par les droits de propri\u00e9t\u00e9 intellectuelle et industrielle.<\/p>\n<p>Leur reproduction, distribution, communication publique ou transformation, totale ou partielle, est interdite sans l\u2019autorisation expresse et \u00e9crite de l\u2019AEPEV.<\/p>\n\n<h2>Liens vers des tiers<\/h2>\n<p>Ce site web peut contenir des liens vers des pages externes sur lesquelles l\u2019AEPEV n\u2019exerce aucun contr\u00f4le. Par cons\u00e9quent, elle n\u2019assume aucune responsabilit\u00e9 quant aux contenus ni au fonctionnement de ces pages li\u00e9es. <\/p>\n\n<h2>5. Responsabilit\u00e9<\/h2>\n<p>L\u2019AEPEV ne garantit pas l\u2019absence d\u2019erreurs dans l\u2019acc\u00e8s au site web, dans ses contenus ni que ceux-ci soient \u00e0 jour, bien qu\u2019elle s\u2019efforcera de les \u00e9viter, de les corriger ou de les actualiser lorsque cela sera n\u00e9cessaire.<\/p>\n<p>L\u2019AEPEV ne saurait \u00eatre tenue responsable des dommages ou pr\u00e9judices pouvant r\u00e9sulter de l\u2019utilisation de ce site web, ni des d\u00e9cisions prises sur la base des informations qu\u2019il contient.<\/p>\n\n<h2>6. Protection des donn\u00e9es<\/h2>\n<p>Les donn\u00e9es personnelles recueillies via ce site web seront trait\u00e9es conform\u00e9ment \u00e0 ce qui est \u00e9tabli dans notre <a href=\"https:\/\/premiosaepev.es\/fr\/politique-de-confidentialite\/\">Politique de Confidentialit\u00e9<\/a> et en accord avec le R\u00e8glement (UE) 2016\/679 (RGPD) ainsi que la Loi Organique 3\/2018 (LOPDGDD).<\/p>\n\n<h2>7. L\u00e9gislation applicable et juridiction<\/h2>\n<p>Les pr\u00e9sentes conditions sont r\u00e9gies par la l\u00e9gislation espagnole. Pour la r\u00e9solution de tout litige pouvant survenir \u00e0 l\u2019occasion de l\u2019acc\u00e8s ou de l\u2019utilisation du site web, les parties se soumettent aux tribunaux de la ville de Madrid, sauf disposition l\u00e9gale contraire. <\/p>\n\t\t\t\t\t\t\t\t<\/div>\n\t\t\t\t<\/div>\n\t\t\t\t<\/div>\n\t\t\t\t\t<\/div>\n\t\t\t\t<\/div>\n\t\t\t\t<\/div>\n\t\t","protected":false},"excerpt":{"rendered":"<p>Mention l\u00e9gale Aviso Legal Derni\u00e8re actualisation: 17 juillet 2025 1. Information general Conform\u00e9ment au devoir d\u2019information \u00e9tabli par la Loi 34\/2002, du 11 juillet, sur les Services de la Soci\u00e9t\u00e9 de l\u2019Information et le Commerce \u00c9lectronique (LSSI-CE), les informations suivantes sont mises \u00e0 disposition : Responsable del sitio web:Asociaci\u00f3n Espa\u00f1ola de Periodistas y Escritores del [&hellip;]<\/p>\n","protected":false},"author":47,"featured_media":0,"parent":0,"menu_order":0,"comment_status":"closed","ping_status":"closed","template":"","meta":{"site-sidebar-layout":"no-sidebar","site-content-layout":"page-builder","ast-site-content-layout":"default","site-content-style":"unboxed","site-sidebar-style":"unboxed","ast-global-header-display":"","ast-banner-title-visibility":"","ast-main-header-display":"","ast-hfb-above-header-display":"","ast-hfb-below-header-display":"","ast-hfb-mobile-header-display":"","site-post-title":"disabled","ast-breadcrumbs-content":"","ast-featured-img":"disabled","footer-sml-layout":"","ast-disable-related-posts":"","theme-transparent-header-meta":"enabled","adv-header-id-meta":"","stick-header-meta":"","header-above-stick-meta":"","header-main-stick-meta":"","header-below-stick-meta":"","astra-migrate-meta-layouts":"default","ast-page-background-enabled":"default","ast-page-background-meta":{"desktop":{"background-color":"","background-image":"","background-repeat":"repeat","background-position":"center center","background-size":"auto","background-attachment":"scroll","background-type":"","background-media":"","overlay-type":"","overlay-color":"","overlay-opacity":"","overlay-gradient":""},"tablet":{"background-color":"","background-image":"","background-repeat":"repeat","background-position":"center center","background-size":"auto","background-attachment":"scroll","background-type":"","background-media":"","overlay-type":"","overlay-color":"","overlay-opacity":"","overlay-gradient":""},"mobile":{"background-color":"","background-image":"","background-repeat":"repeat","background-position":"center center","background-size":"auto","background-attachment":"scroll","background-type":"","background-media":"","overlay-type":"","overlay-color":"","overlay-opacity":"","overlay-gradient":""}},"ast-content-background-meta":{"desktop":{"background-color":"var(--ast-global-color-5)","background-image":"","background-repeat":"repeat","background-position":"center center","background-size":"auto","background-attachment":"scroll","background-type":"","background-media":"","overlay-type":"","overlay-color":"","overlay-opacity":"","overlay-gradient":""},"tablet":{"background-color":"var(--ast-global-color-5)","background-image":"","background-repeat":"repeat","background-position":"center center","background-size":"auto","background-attachment":"scroll","background-type":"","background-media":"","overlay-type":"","overlay-color":"","overlay-opacity":"","overlay-gradient":""},"mobile":{"background-color":"var(--ast-global-color-5)","background-image":"","background-repeat":"repeat","background-position":"center center","background-size":"auto","background-attachment":"scroll","background-type":"","background-media":"","overlay-type":"","overlay-color":"","overlay-opacity":"","overlay-gradient":""}},"footnotes":""},"class_list":["post-6752","page","type-page","status-publish","hentry"],"yoast_head":"<!-- This site is optimized with the Yoast SEO Premium plugin v25.5 (Yoast SEO v27.5) - https:\/\/yoast.com\/product\/yoast-seo-premium-wordpress\/ -->\n<title>Mention l\u00e9gale - Premios AEPEV<\/title>\n<meta name=\"robots\" content=\"index, follow, max-snippet:-1, max-image-preview:large, max-video-preview:-1\" \/>\n<link rel=\"canonical\" href=\"https:\/\/premiosaepev.es\/fr\/mention-legale\/\" \/>\n<meta property=\"og:locale\" content=\"fr_FR\" \/>\n<meta property=\"og:type\" content=\"article\" \/>\n<meta property=\"og:title\" content=\"Mention l\u00e9gale\" \/>\n<meta property=\"og:description\" content=\"Mention l\u00e9gale Aviso Legal Derni\u00e8re actualisation: 17 juillet 2025 1. Information general Conform\u00e9ment au devoir d\u2019information \u00e9tabli par la Loi 34\/2002, du 11 juillet, sur les Services de la Soci\u00e9t\u00e9 de l\u2019Information et le Commerce \u00c9lectronique (LSSI-CE), les informations suivantes sont mises \u00e0 disposition : Responsable del sitio web:Asociaci\u00f3n Espa\u00f1ola de Periodistas y Escritores del [&hellip;]\" \/>\n<meta property=\"og:url\" content=\"https:\/\/premiosaepev.es\/fr\/mention-legale\/\" \/>\n<meta property=\"og:site_name\" content=\"Premios AEPEV\" \/>\n<meta property=\"article:modified_time\" content=\"2026-04-30T08:36:09+00:00\" \/>\n<meta name=\"twitter:card\" content=\"summary_large_image\" \/>\n<meta name=\"twitter:label1\" content=\"Dur\u00e9e de lecture estim\u00e9e\" \/>\n\t<meta name=\"twitter:data1\" content=\"2 minutes\" \/>\n<script type=\"application\/ld+json\" class=\"yoast-schema-graph\">{\"@context\":\"https:\\\/\\\/schema.org\",\"@graph\":[{\"@type\":\"WebPage\",\"@id\":\"https:\\\/\\\/premiosaepev.es\\\/fr\\\/mention-legale\\\/\",\"url\":\"https:\\\/\\\/premiosaepev.es\\\/fr\\\/mention-legale\\\/\",\"name\":\"Mention l\u00e9gale - Premios AEPEV\",\"isPartOf\":{\"@id\":\"https:\\\/\\\/premiosaepev.es\\\/fr\\\/#website\"},\"datePublished\":\"2025-07-17T07:25:15+00:00\",\"dateModified\":\"2026-04-30T08:36:09+00:00\",\"breadcrumb\":{\"@id\":\"https:\\\/\\\/premiosaepev.es\\\/fr\\\/mention-legale\\\/#breadcrumb\"},\"inLanguage\":\"fr-FR\",\"potentialAction\":[{\"@type\":\"ReadAction\",\"target\":[\"https:\\\/\\\/premiosaepev.es\\\/fr\\\/mention-legale\\\/\"]}]},{\"@type\":\"BreadcrumbList\",\"@id\":\"https:\\\/\\\/premiosaepev.es\\\/fr\\\/mention-legale\\\/#breadcrumb\",\"itemListElement\":[{\"@type\":\"ListItem\",\"position\":1,\"name\":\"Portada\",\"item\":\"https:\\\/\\\/premiosaepev.es\\\/fr\\\/accueil\\\/\"},{\"@type\":\"ListItem\",\"position\":2,\"name\":\"Mention l\u00e9gale\"}]},{\"@type\":\"WebSite\",\"@id\":\"https:\\\/\\\/premiosaepev.es\\\/fr\\\/#website\",\"url\":\"https:\\\/\\\/premiosaepev.es\\\/fr\\\/\",\"name\":\"Premios AEPEV\",\"description\":\"Premios AEPEV\",\"potentialAction\":[{\"@type\":\"SearchAction\",\"target\":{\"@type\":\"EntryPoint\",\"urlTemplate\":\"https:\\\/\\\/premiosaepev.es\\\/fr\\\/?s={search_term_string}\"},\"query-input\":{\"@type\":\"PropertyValueSpecification\",\"valueRequired\":true,\"valueName\":\"search_term_string\"}}],\"inLanguage\":\"fr-FR\"}]}<\/script>\n<!-- \/ Yoast SEO Premium plugin. -->","yoast_head_json":{"title":"Mention l\u00e9gale - Premios AEPEV","robots":{"index":"index","follow":"follow","max-snippet":"max-snippet:-1","max-image-preview":"max-image-preview:large","max-video-preview":"max-video-preview:-1"},"canonical":"https:\/\/premiosaepev.es\/fr\/mention-legale\/","og_locale":"fr_FR","og_type":"article","og_title":"Mention l\u00e9gale","og_description":"Mention l\u00e9gale Aviso Legal Derni\u00e8re actualisation: 17 juillet 2025 1. Information general Conform\u00e9ment au devoir d\u2019information \u00e9tabli par la Loi 34\/2002, du 11 juillet, sur les Services de la Soci\u00e9t\u00e9 de l\u2019Information et le Commerce \u00c9lectronique (LSSI-CE), les informations suivantes sont mises \u00e0 disposition : Responsable del sitio web:Asociaci\u00f3n Espa\u00f1ola de Periodistas y Escritores del [&hellip;]","og_url":"https:\/\/premiosaepev.es\/fr\/mention-legale\/","og_site_name":"Premios AEPEV","article_modified_time":"2026-04-30T08:36:09+00:00","twitter_card":"summary_large_image","twitter_misc":{"Dur\u00e9e de lecture estim\u00e9e":"2 minutes"},"schema":{"@context":"https:\/\/schema.org","@graph":[{"@type":"WebPage","@id":"https:\/\/premiosaepev.es\/fr\/mention-legale\/","url":"https:\/\/premiosaepev.es\/fr\/mention-legale\/","name":"Mention l\u00e9gale - Premios AEPEV","isPartOf":{"@id":"https:\/\/premiosaepev.es\/fr\/#website"},"datePublished":"2025-07-17T07:25:15+00:00","dateModified":"2026-04-30T08:36:09+00:00","breadcrumb":{"@id":"https:\/\/premiosaepev.es\/fr\/mention-legale\/#breadcrumb"},"inLanguage":"fr-FR","potentialAction":[{"@type":"ReadAction","target":["https:\/\/premiosaepev.es\/fr\/mention-legale\/"]}]},{"@type":"BreadcrumbList","@id":"https:\/\/premiosaepev.es\/fr\/mention-legale\/#breadcrumb","itemListElement":[{"@type":"ListItem","position":1,"name":"Portada","item":"https:\/\/premiosaepev.es\/fr\/accueil\/"},{"@type":"ListItem","position":2,"name":"Mention l\u00e9gale"}]},{"@type":"WebSite","@id":"https:\/\/premiosaepev.es\/fr\/#website","url":"https:\/\/premiosaepev.es\/fr\/","name":"Premios AEPEV","description":"Premios AEPEV","potentialAction":[{"@type":"SearchAction","target":{"@type":"EntryPoint","urlTemplate":"https:\/\/premiosaepev.es\/fr\/?s={search_term_string}"},"query-input":{"@type":"PropertyValueSpecification","valueRequired":true,"valueName":"search_term_string"}}],"inLanguage":"fr-FR"}]}},"jetpack_sharing_enabled":true,"_links":{"self":[{"href":"https:\/\/premiosaepev.es\/fr\/wp-json\/wp\/v2\/pages\/6752","targetHints":{"allow":["GET"]}}],"collection":[{"href":"https:\/\/premiosaepev.es\/fr\/wp-json\/wp\/v2\/pages"}],"about":[{"href":"https:\/\/premiosaepev.es\/fr\/wp-json\/wp\/v2\/types\/page"}],"author":[{"embeddable":true,"href":"https:\/\/premiosaepev.es\/fr\/wp-json\/wp\/v2\/users\/47"}],"replies":[{"embeddable":true,"href":"https:\/\/premiosaepev.es\/fr\/wp-json\/wp\/v2\/comments?post=6752"}],"version-history":[{"count":3,"href":"https:\/\/premiosaepev.es\/fr\/wp-json\/wp\/v2\/pages\/6752\/revisions"}],"predecessor-version":[{"id":8829,"href":"https:\/\/premiosaepev.es\/fr\/wp-json\/wp\/v2\/pages\/6752\/revisions\/8829"}],"wp:attachment":[{"href":"https:\/\/premiosaepev.es\/fr\/wp-json\/wp\/v2\/media?parent=6752"}],"curies":[{"name":"wp","href":"https:\/\/api.w.org\/{rel}","templated":true}]}}