{"id":6459,"date":"2025-07-14T12:42:49","date_gmt":"2025-07-14T11:42:49","guid":{"rendered":"https:\/\/premiosaepev.es\/concorso-di-degustazione-cieca\/"},"modified":"2026-04-27T18:00:42","modified_gmt":"2026-04-27T17:00:42","slug":"concorso-di-degustazione-cieca","status":"publish","type":"page","link":"https:\/\/premiosaepev.es\/it\/concorso-di-degustazione-cieca\/","title":{"rendered":"Concorso di degustazione alla cieca"},"content":{"rendered":"\t\t<div data-elementor-type=\"wp-post\" data-elementor-id=\"6459\" class=\"elementor elementor-6459 elementor-3143\" data-elementor-post-type=\"page\">\n\t\t\t\t<div data-particle_enable=\"false\" data-particle-mobile-disabled=\"false\" class=\"elementor-element elementor-element-9e34934 e-flex e-con-boxed elementor-invisible e-con e-parent\" data-id=\"9e34934\" data-element_type=\"container\" data-e-type=\"container\" data-settings=\"{&quot;background_background&quot;:&quot;classic&quot;,&quot;animation&quot;:&quot;fadeIn&quot;}\">\n\t\t\t\t\t<div class=\"e-con-inner\">\n\t\t<div data-particle_enable=\"false\" data-particle-mobile-disabled=\"false\" class=\"elementor-element elementor-element-77140b5 e-con-full e-flex e-con e-child\" data-id=\"77140b5\" data-element_type=\"container\" data-e-type=\"container\">\n\t\t\t\t<div class=\"elementor-element elementor-element-5c922f6 elementor-widget elementor-widget-heading\" data-id=\"5c922f6\" data-element_type=\"widget\" data-e-type=\"widget\" data-widget_type=\"heading.default\">\n\t\t\t\t<div class=\"elementor-widget-container\">\n\t\t\t\t\t<h1 class=\"elementor-heading-title elementor-size-default\">Concorso di degustazione alla cieca<\/h1>\t\t\t\t<\/div>\n\t\t\t\t<\/div>\n\t\t\t\t<\/div>\n\t\t\t\t\t<\/div>\n\t\t\t\t<\/div>\n\t\t<div data-particle_enable=\"false\" data-particle-mobile-disabled=\"false\" class=\"elementor-element elementor-element-b80b4d6 e-flex e-con-boxed elementor-invisible e-con e-parent\" data-id=\"b80b4d6\" data-element_type=\"container\" data-e-type=\"container\" id=\"elconcurso\" data-settings=\"{&quot;animation&quot;:&quot;fadeInUp&quot;}\">\n\t\t\t\t\t<div class=\"e-con-inner\">\n\t\t<div data-particle_enable=\"false\" data-particle-mobile-disabled=\"false\" class=\"elementor-element elementor-element-ba341f1 e-con-full e-flex e-con e-child\" data-id=\"ba341f1\" data-element_type=\"container\" data-e-type=\"container\">\n\t\t\t\t<div class=\"elementor-element elementor-element-4b1658d uael-heading-align-center elementor-widget elementor-widget-uael-advanced-heading\" data-id=\"4b1658d\" data-element_type=\"widget\" data-e-type=\"widget\" data-widget_type=\"uael-advanced-heading.default\">\n\t\t\t\t<div class=\"elementor-widget-container\">\n\t\t\t\t\t\n\t\t<div class=\"uael-module-content uael-heading-wrapper\">\n\t\t\t\t\t\t\n\t\t\t<h1 class=\"uael-heading\">\n\t\t\t\t\t\t\t\t\t\t<span class=\"uael-heading-text elementor-inline-editing uael-size--default\" data-elementor-setting-key=\"heading_title\" data-elementor-inline-editing-toolbar=\"basic\">Il concorso<\/span>\n\t\t\t\t\t\t\t<\/h1>\n\n\t\t\t\n\t\t\t\n\t\t\t\n\t\t\t\t\t\t<\/div>\n\t\t\t\t\t\t<\/div>\n\t\t\t\t<\/div>\n\t\t\t\t<\/div>\n\t\t\t\t\t<\/div>\n\t\t\t\t<\/div>\n\t\t<div data-particle_enable=\"false\" data-particle-mobile-disabled=\"false\" class=\"elementor-element elementor-element-1859a49 e-flex e-con-boxed elementor-invisible e-con e-parent\" data-id=\"1859a49\" data-element_type=\"container\" data-e-type=\"container\" data-settings=\"{&quot;animation&quot;:&quot;zoomIn&quot;}\">\n\t\t\t\t\t<div class=\"e-con-inner\">\n\t\t<div data-particle_enable=\"false\" data-particle-mobile-disabled=\"false\" class=\"elementor-element elementor-element-3fa6ae7 e-con-full e-flex e-con e-child\" data-id=\"3fa6ae7\" data-element_type=\"container\" data-e-type=\"container\">\n\t\t\t\t<div class=\"elementor-element elementor-element-35dd6c1 elementor-widget elementor-widget-image\" data-id=\"35dd6c1\" data-element_type=\"widget\" data-e-type=\"widget\" data-widget_type=\"image.default\">\n\t\t\t\t<div class=\"elementor-widget-container\">\n\t\t\t\t\t\t\t\t\t\t\t\t\t\t\t<img fetchpriority=\"high\" decoding=\"async\" width=\"250\" height=\"247\" src=\"https:\/\/premiosaepev.es\/wp-content\/uploads\/2026\/04\/logoverano250px.png\" class=\"attachment-medium size-medium wp-image-7964\" alt=\"\" srcset=\"https:\/\/premiosaepev.es\/wp-content\/uploads\/2026\/04\/logoverano250px.png 250w, https:\/\/premiosaepev.es\/wp-content\/uploads\/2026\/04\/logoverano250px-100x100.png 100w\" sizes=\"(max-width: 250px) 100vw, 250px\" \/>\t\t\t\t\t\t\t\t\t\t\t\t\t\t\t<\/div>\n\t\t\t\t<\/div>\n\t\t\t\t<\/div>\n\t\t<div data-particle_enable=\"false\" data-particle-mobile-disabled=\"false\" class=\"elementor-element elementor-element-2ace64a e-con-full e-flex e-con e-child\" data-id=\"2ace64a\" data-element_type=\"container\" data-e-type=\"container\">\n\t\t\t\t<div class=\"elementor-element elementor-element-48e64c5 elementor-widget elementor-widget-text-editor\" data-id=\"48e64c5\" data-element_type=\"widget\" data-e-type=\"widget\" data-widget_type=\"text-editor.default\">\n\t\t\t\t<div class=\"elementor-widget-container\">\n\t\t\t\t\t\t\t\t\t<p>Nel 2026, desideriamo offrire a tutte le aziende agricole, cantine, distillerie e societ\u00e0 di commercializzazione di vini, vermut e distillati la possibilit\u00e0 di proporre liberamente i propri prodotti alla nostra valutazione e al nostro giudizio attraverso degustazioni alla cieca.<br>In questo modo rispondiamo a una domanda crescente da parte dei produttori di conoscere l\u2019opinione degli esperti che rappresentano probabilmente tra i influenti opinion leader del settore dei vini e dei distillati in Spagna. <\/p><p>Questa concorso garantisce che i risultati costituiranno, d\u2019ora in avanti, un riferimento per il settore. Il giudizio sar\u00e0 infatti espresso da professionisti e esperti della comunicazione del vino, abituati a valutare i prodotti sulla base delle valutazioni e delle opinioni attraverso i loro media.<br><b>UN CONCORSO PENSATO PER VENDERE DI PI\u00d9<\/b>, che assicura inoltre un\u2019ampia diffusione e visibilit\u00e0 grazie ai canali di comunicazione rappresentati da AEPEV e CODHIVI. <\/p>\t\t\t\t\t\t\t\t<\/div>\n\t\t\t\t<\/div>\n\t\t\t\t<\/div>\n\t\t\t\t\t<\/div>\n\t\t\t\t<\/div>\n\t\t<div data-particle_enable=\"false\" data-particle-mobile-disabled=\"false\" class=\"elementor-element elementor-element-749b16ca e-flex e-con-boxed e-con e-parent\" data-id=\"749b16ca\" data-element_type=\"container\" data-e-type=\"container\" id=\"reglamento\" data-settings=\"{&quot;background_background&quot;:&quot;classic&quot;}\">\n\t\t\t\t\t<div class=\"e-con-inner\">\n\t\t<div data-particle_enable=\"false\" data-particle-mobile-disabled=\"false\" class=\"elementor-element elementor-element-38decaa0 e-con-full e-flex e-con e-child\" data-id=\"38decaa0\" data-element_type=\"container\" data-e-type=\"container\">\n\t\t\t\t<div class=\"elementor-element elementor-element-3b8824b8 content-align-cta-center elementor-widget elementor-widget-eael-cta-box\" data-id=\"3b8824b8\" data-element_type=\"widget\" data-e-type=\"widget\" data-widget_type=\"eael-cta-box.default\">\n\t\t\t\t<div class=\"elementor-widget-container\">\n\t\t\t\t\t\t\t<div class=\"eael-call-to-action cta-basic bg-lite cta-preset-2\">\n        <p><img decoding=\"async\" src=\"https:\/\/premiosaepev.es\/wp-content\/uploads\/2025\/09\/espana.png\" alt=\"Bandera de Espa\u00f1a\"><\/p><a href=\"\" class=\"cta-button cta-preset-2 cta-btn-preset-2 \"><span class=\"btn-icon\"><i class=\"far fa-arrow-alt-circle-down\"><\/i><\/span>reglamento<\/a>\t<\/div>\n\t\t\t\t\t\t\t\t<\/div>\n\t\t\t\t<\/div>\n\t\t\t\t<\/div>\n\t\t<div data-particle_enable=\"false\" data-particle-mobile-disabled=\"false\" class=\"elementor-element elementor-element-59e7787c e-con-full e-flex e-con e-child\" data-id=\"59e7787c\" data-element_type=\"container\" data-e-type=\"container\">\n\t\t\t\t<div class=\"elementor-element elementor-element-2af403c7 content-align-cta-center elementor-widget elementor-widget-eael-cta-box\" data-id=\"2af403c7\" data-element_type=\"widget\" data-e-type=\"widget\" data-widget_type=\"eael-cta-box.default\">\n\t\t\t\t<div class=\"elementor-widget-container\">\n\t\t\t\t\t\t\t<div class=\"eael-call-to-action cta-basic bg-lite cta-preset-2\">\n        <p><img decoding=\"async\" class=\"aligncenter\" src=\"https:\/\/premiosaepev.es\/wp-content\/uploads\/2025\/09\/italia.png\" alt=\"Bandera de Italia\"><\/p><a href=\"https:\/\/premiosaepev.es\/wp-content\/uploads\/2026\/04\/Regolamento-PWC-edicion-Verano-ITALIANO-c-anexos-2026.pdf\" class=\"cta-button cta-preset-2 cta-btn-preset-2 \"><span class=\"btn-icon\"><i class=\"far fa-arrow-alt-circle-down\"><\/i><\/span>regolamento<\/a>\t<\/div>\n\t\t\t\t\t\t\t\t<\/div>\n\t\t\t\t<\/div>\n\t\t\t\t<\/div>\n\t\t<div data-particle_enable=\"false\" data-particle-mobile-disabled=\"false\" class=\"elementor-element elementor-element-78cdbda1 e-con-full e-flex e-con e-child\" data-id=\"78cdbda1\" data-element_type=\"container\" data-e-type=\"container\">\n\t\t\t\t<div class=\"elementor-element elementor-element-6adf3756 content-align-cta-center elementor-widget elementor-widget-eael-cta-box\" data-id=\"6adf3756\" data-element_type=\"widget\" data-e-type=\"widget\" data-widget_type=\"eael-cta-box.default\">\n\t\t\t\t<div class=\"elementor-widget-container\">\n\t\t\t\t\t\t\t<div class=\"eael-call-to-action cta-basic bg-lite cta-preset-2\">\n        <p><img decoding=\"async\" class=\"aligncenter\" src=\"https:\/\/premiosaepev.es\/wp-content\/uploads\/2025\/09\/reino-unido.png\" alt=\"Bandera Reino Unido\"><\/p><a href=\"https:\/\/premiosaepev.es\/wp-content\/uploads\/2026\/04\/Reglamento-PWC-INGLES-Verano-2026.pdf%20%20\" class=\"cta-button cta-preset-2 cta-btn-preset-2 \"><span class=\"btn-icon\"><i class=\"far fa-arrow-alt-circle-down\"><\/i><\/span>Regulations<\/a>\t<\/div>\n\t\t\t\t\t\t\t\t<\/div>\n\t\t\t\t<\/div>\n\t\t\t\t<\/div>\n\t\t<div data-particle_enable=\"false\" data-particle-mobile-disabled=\"false\" class=\"elementor-element elementor-element-847dc8f e-con-full e-flex e-con e-child\" data-id=\"847dc8f\" data-element_type=\"container\" data-e-type=\"container\">\n\t\t\t\t<div class=\"elementor-element elementor-element-19558959 content-align-cta-center elementor-widget elementor-widget-eael-cta-box\" data-id=\"19558959\" data-element_type=\"widget\" data-e-type=\"widget\" data-widget_type=\"eael-cta-box.default\">\n\t\t\t\t<div class=\"elementor-widget-container\">\n\t\t\t\t\t\t\t<div class=\"eael-call-to-action cta-basic bg-lite cta-preset-2\">\n        <p><img decoding=\"async\" src=\"https:\/\/premiosaepev.es\/wp-content\/uploads\/2025\/09\/francia.png\" alt=\"Bandiera della Francia\"><\/p><a href=\"https:\/\/premiosaepev.es\/wp-content\/uploads\/2026\/04\/Reglement-PWC-Edition-estivale-FRANCAIS-avec-annexes-2026.pdf\" class=\"cta-button cta-preset-2 cta-btn-preset-2 \"><span class=\"btn-icon\"><i class=\"far fa-arrow-alt-circle-down\"><\/i><\/span>R\u00e8glement<\/a>\t<\/div>\n\t\t\t\t\t\t\t\t<\/div>\n\t\t\t\t<\/div>\n\t\t\t\t<\/div>\n\t\t\t\t\t<\/div>\n\t\t\t\t<\/div>\n\t\t<div data-particle_enable=\"false\" data-particle-mobile-disabled=\"false\" class=\"elementor-element elementor-element-a323b01 e-flex e-con-boxed elementor-invisible e-con e-parent\" data-id=\"a323b01\" data-element_type=\"container\" data-e-type=\"container\" id=\"equipo\" data-settings=\"{&quot;animation&quot;:&quot;zoomIn&quot;}\">\n\t\t\t\t\t<div class=\"e-con-inner\">\n\t\t\t\t<div class=\"elementor-element elementor-element-745c80c eael-dual-header-content-align-center elementor-widget elementor-widget-eael-dual-color-header\" data-id=\"745c80c\" data-element_type=\"widget\" data-e-type=\"widget\" data-widget_type=\"eael-dual-color-header.default\">\n\t\t\t\t<div class=\"elementor-widget-container\">\n\t\t\t\t\t\t\t\t<div class=\"eael-dual-header\">\n\t\t\t\t<h2 class=\"title eael-dch-title\"><span class=\"eael-dch-title-text elementor-repeater-item-04ecc84\">EQUIPO<\/span> <\/h2><div class=\"eael-dch-separator-wrap\"><span class=\"separator-one\"><\/span>\n\t\t\t<span class=\"separator-two\"><\/span><\/div>\t\t\t<\/div>\n\n\t\t\t\t\t\t<\/div>\n\t\t\t\t<\/div>\n\t\t\t\t\t<\/div>\n\t\t\t\t<\/div>\n\t\t<div data-particle_enable=\"false\" data-particle-mobile-disabled=\"false\" class=\"elementor-element elementor-element-3547995 e-flex e-con-boxed elementor-invisible e-con e-parent\" data-id=\"3547995\" data-element_type=\"container\" data-e-type=\"container\" data-settings=\"{&quot;background_background&quot;:&quot;classic&quot;,&quot;animation&quot;:&quot;zoomIn&quot;}\">\n\t\t\t\t\t<div class=\"e-con-inner\">\n\t\t\t\t<div class=\"elementor-element elementor-element-bab0aaa elementor-widget elementor-widget-text-editor\" data-id=\"bab0aaa\" data-element_type=\"widget\" data-e-type=\"widget\" data-settings=\"{&quot;_animation_mobile&quot;:&quot;slideInUp&quot;}\" data-widget_type=\"text-editor.default\">\n\t\t\t\t<div class=\"elementor-widget-container\">\n\t\t\t\t\t\t\t\t\t<p>La AEPEV, proporciona jurados especialistas a todos los concursos de Europa. Y a casi todos los del resto del Mundo.<br>Muchos de nuestros asociados son jefes de mesas de cata de los m\u00e1s prestigiosos y reconocidos por las distintas organizaciones. <\/p><p>A capo di PWC, ci sar\u00e0 il Presidente dell&#8217;AEPEV]<\/p><p>Gli aspetti tecnici e organizzativi saranno a carico del <a style=\"background-color: #ffffff; font-size: 1rem;\" href=\"https:\/\/www.linkedin.com\/in\/ernesto-gallud-a4796014\/?originalSubdomain=es\" target=\"_blank\" rel=\"noopener\">Segretario Generale dell&#8217;AEPEV Sig. Ernesto Gallud Mira<\/a><span style=\"font-style: inherit; font-weight: inherit;\">.La coordinamento delle Giurie sar\u00e0 formato da un team di degustazione appartenente<\/span> <a style=\"background-color: #ffffff; font-size: 1rem;\" href=\"https:\/\/escueladecata.com\/\" target=\"_blank\" rel=\"noopener\">alla Escuela Espa\u00f1ola de Catas.<\/a><br><br><\/p><p><span style=\"font-style: inherit; font-weight: inherit;\">Un importante team di comunicazione si occuper\u00e0 di diffondere tutte le notizie generate, in modo che qualsiasi vino o distillato che si distingua sia presente nell&#8217;Opinione Pubblica.<\/span><\/p>\t\t\t\t\t\t\t\t<\/div>\n\t\t\t\t<\/div>\n\t\t\t\t\t<\/div>\n\t\t\t\t<\/div>\n\t\t<div data-particle_enable=\"false\" data-particle-mobile-disabled=\"false\" class=\"elementor-element elementor-element-a89ea31 e-flex e-con-boxed e-con e-parent\" data-id=\"a89ea31\" data-element_type=\"container\" data-e-type=\"container\" id=\"jurado\" data-settings=\"{&quot;background_background&quot;:&quot;classic&quot;}\">\n\t\t\t\t\t<div class=\"e-con-inner\">\n\t\t\t\t<div class=\"elementor-element elementor-element-d251b8c elementor-widget elementor-widget-shortcode\" data-id=\"d251b8c\" data-element_type=\"widget\" data-e-type=\"widget\" data-widget_type=\"shortcode.default\">\n\t\t\t\t<div class=\"elementor-widget-container\">\n\t\t\t\t\t\t\t<div class=\"elementor-shortcode\">\t\t<div data-elementor-type=\"container\" data-elementor-id=\"6580\" class=\"elementor elementor-6580 elementor-3976 elementor-3976\" data-elementor-post-type=\"elementor_library\">\n\t\t\t\t<div data-particle_enable=\"false\" data-particle-mobile-disabled=\"false\" class=\"elementor-element elementor-element-bddb6d8 e-flex e-con-boxed e-con e-parent\" data-id=\"bddb6d8\" data-element_type=\"container\" data-e-type=\"container\" id=\"jurado\" data-settings=\"{&quot;background_background&quot;:&quot;classic&quot;}\">\n\t\t\t\t\t<div class=\"e-con-inner\">\n\t\t<div data-particle_enable=\"false\" data-particle-mobile-disabled=\"false\" class=\"elementor-element elementor-element-446af6a e-con-full e-flex e-con e-child\" data-id=\"446af6a\" data-element_type=\"container\" data-e-type=\"container\">\n\t\t\t\t<div class=\"elementor-element elementor-element-b7e9b65 uael-heading-align-center elementor-widget elementor-widget-uael-advanced-heading\" data-id=\"b7e9b65\" data-element_type=\"widget\" data-e-type=\"widget\" data-widget_type=\"uael-advanced-heading.default\">\n\t\t\t\t<div class=\"elementor-widget-container\">\n\t\t\t\t\t\n\t\t<div class=\"uael-module-content uael-heading-wrapper\">\n\t\t\t\t\t\t\n\t\t\t<h3 class=\"uael-heading\">\n\t\t\t\t\t\t\t\t\t\t<span class=\"uael-heading-text elementor-inline-editing uael-size--default\" data-elementor-setting-key=\"heading_title\" data-elementor-inline-editing-toolbar=\"basic\">La nostra giuria<\/span>\n\t\t\t\t\t\t\t<\/h3>\n\n\t\t\t\n\t\t\t\t\t\t<div class=\"uael-module-content uael-separator-parent\">\n\t\t\t\t\t\t\t\t<div class=\"uael-separator-wrap\">\n\t\t\t\t\t<div class=\"uael-separator-line uael-side-left\">\n\t\t\t\t\t\t<span><\/span>\n\t\t\t\t\t<\/div>\n\t\t\t\t\t<div class=\"uael-divider-content\">\n\t\t\t\t\t\t\t\t\t<div class=\"uael-module-content uael-imgicon-wrap elementor-animation-\">\t\t\t\t\t\t\t\t\t\t\t\t\t\t\t<div class=\"uael-icon-wrap\">\n\t\t\t\t\t\t\t\t<span class=\"uael-icon\">\n\t\t\t\t\t\t\t\t\t<i aria-hidden=\"true\" class=\"fa fa-star\"><\/i>\n\t\t\t\t\t\t\t\t<\/span>\n\t\t\t\t\t\t\t<\/div>\n\t\t\t\t\t\t\t\n\t\t\t\t\t\t\t\t\t\t\t<\/div>\n\t\t\t\t\t\t\t\t\t\n\t\t\t\t\t<\/div>\n\t\t\t\t\t<div class=\"uael-separator-line uael-side-right\">\n\t\t\t\t\t\t<span><\/span>\n\t\t\t\t\t<\/div>\n\t\t\t\t<\/div>\n\t\t\t\t\t\t\t\t\t\t<\/div>\n\t\t\t\n\t\t\t\n\t\t\t\t\t\t<\/div>\n\t\t\t\t\t\t<\/div>\n\t\t\t\t<\/div>\n\t\t\t\t<\/div>\n\t\t\t\t\t<\/div>\n\t\t\t\t<\/div>\n\t\t<div data-particle_enable=\"false\" data-particle-mobile-disabled=\"false\" class=\"elementor-element elementor-element-8f813b5 e-flex e-con-boxed e-con e-parent\" data-id=\"8f813b5\" data-element_type=\"container\" data-e-type=\"container\" data-settings=\"{&quot;background_background&quot;:&quot;classic&quot;}\">\n\t\t\t\t\t<div class=\"e-con-inner\">\n\t\t<div data-particle_enable=\"false\" data-particle-mobile-disabled=\"false\" class=\"elementor-element elementor-element-b629360 e-con-full e-flex e-con e-child\" data-id=\"b629360\" data-element_type=\"container\" data-e-type=\"container\">\n\t\t\t\t<div class=\"elementor-element elementor-element-f794ef9 eael-team-align-eael-team-align-default elementor-widget elementor-widget-eael-team-member\" data-id=\"f794ef9\" data-element_type=\"widget\" data-e-type=\"widget\" data-widget_type=\"eael-team-member.default\">\n\t\t\t\t<div class=\"elementor-widget-container\">\n\t\t\t\t\t\n\n\t<div id=\"eael-team-member-f794ef9\" class=\"eael-team-item eael-team-members-social-bottom \">\n\t\t<div class=\"eael-team-item-inner\">\n\t\t\t<div class=\"eael-team-image\">\n\t\t\t\t<figure>\n\t\t\t\t\t\t\t\t\t\t<img decoding=\"async\" src=\"https:\/\/premiosaepev.es\/wp-content\/uploads\/2025\/07\/result_JL-Murcia-1.jpg\" alt=\"\">\n\t\t\t\t\t\t\t\t\t<\/figure>\n\t\t\t\t\n\t\t\t\t\n\t\t\t<\/div>\n\n\t\t\t<div class=\"eael-team-content\">\n\t\t\t\t<h1 class=\"eael-team-member-name\">Jos\u00e9 Luis Murcia<\/h1><h6 class=\"eael-team-member-position\">Presidente di AEPEV<\/h6>\n\t\t\t\t\t\t\t\t\t        <p class=\"eael-team-text\"><div style=\"margin: 20px 0\">\n Direttore dell\u2019International Bulk Wine Exhibition (IBWE) di Amsterdam dal 2011.<br> Direttore del Concorso Nazionale Ecorracimos, che si svolge a Montilla (C\u00f3rdoba), dal 2023.<br> Partecipante al Concorso Mondiale di Bruxelles dal 2010, con presenza in 14 edizioni.<br> Giurato del Concorso Mundus Vini dal 2018, sia nell\u2019edizione primaverile che in quella estiva.<br> Nei Premi Mezquita di C\u00f3rdoba dal 2009 per il vino e dal 2018 per l\u2019olio EVO.<br> Alla S\u00e9lection Mondiale des Vins du Canada nel 2019 e nel 2022.<br> Al Concorso del Casino de Madrid in tutte le sue sette edizioni.<br> E occasionalmente ai concorsi Zarcillos e Cinve.\n<\/div>\n<\/p>\n\t\t\t\t\t\t\t\t\t<\/div>\n\t\t<\/div>\n\t<\/div>\n\t\t\t\t\t<\/div>\n\t\t\t\t<\/div>\n\t\t\t\t<\/div>\n\t\t<div data-particle_enable=\"false\" data-particle-mobile-disabled=\"false\" class=\"elementor-element elementor-element-8c6f485 e-con-full e-flex e-con e-child\" data-id=\"8c6f485\" data-element_type=\"container\" data-e-type=\"container\">\n\t\t\t\t<div class=\"elementor-element elementor-element-2426159 eael-team-align-eael-team-align-default elementor-widget elementor-widget-eael-team-member\" data-id=\"2426159\" data-element_type=\"widget\" data-e-type=\"widget\" data-widget_type=\"eael-team-member.default\">\n\t\t\t\t<div class=\"elementor-widget-container\">\n\t\t\t\t\t\n\n\t<div id=\"eael-team-member-2426159\" class=\"eael-team-item eael-team-members-social-bottom \">\n\t\t<div class=\"eael-team-item-inner\">\n\t\t\t<div class=\"eael-team-image\">\n\t\t\t\t<figure>\n\t\t\t\t\t\t\t\t\t\t<img decoding=\"async\" src=\"https:\/\/premiosaepev.es\/wp-content\/uploads\/2025\/07\/result_Miguel-Angel-Enocata.jpg\" alt=\"\">\n\t\t\t\t\t\t\t\t\t<\/figure>\n\t\t\t\t\n\t\t\t\t\n\t\t\t<\/div>\n\n\t\t\t<div class=\"eael-team-content\">\n\t\t\t\t<h1 class=\"eael-team-member-name\">Miguel \u00c1ngel Mart\u00edn<\/h1><h6 class=\"eael-team-member-position\">Vicepresidente di AEPEV<\/h6>\n\t\t\t\t\t\t\t\t\t        <p class=\"eael-team-text\"><div style=\"margin: 20px 0\">\n Fondatore di Enocata.com, \u00e8 giudice internazionale dal 2009 in oltre 30 concorsi enologici svolti in diversi paesi, partecipando regolarmente a molte delle loro edizioni.<br> Il suo rigore nella degustazione, l\u2019esperienza e l\u2019impegno per la qualit\u00e0 sensoriale lo qualificano come membro della giuria della Prima Edizione del Concorso di Degustazione PWC, promosso da AEPEV \u2013 Asociaci\u00f3n Espa\u00f1ola de Periodistas y Escritores del Vino.<br> Partecipa abitualmente al Concorso Internazionale di Vini Bacchus, Mundus Vini, Concorso Internazionale Premi Zarcillo, Concorso Internazionale di Vini Premi Vinduero Vindouro, Certame di Qualit\u00e0 dei Vini DOP Jumilla, Concorso Iberico di Vini Premi Mezquita, Concorso Cidades Do Vinho, The Michelangelo International Wine &amp; Spirits Awards.\n<\/div>\n<\/p>\n\t\t\t\t\t\t\t\t\t<\/div>\n\t\t<\/div>\n\t<\/div>\n\t\t\t\t\t<\/div>\n\t\t\t\t<\/div>\n\t\t\t\t<\/div>\n\t\t\t\t\t<\/div>\n\t\t\t\t<\/div>\n\t\t<div data-particle_enable=\"false\" data-particle-mobile-disabled=\"false\" class=\"elementor-element elementor-element-cf1a011 e-flex e-con-boxed e-con e-parent\" data-id=\"cf1a011\" data-element_type=\"container\" data-e-type=\"container\" data-settings=\"{&quot;background_background&quot;:&quot;classic&quot;}\">\n\t\t\t\t\t<div class=\"e-con-inner\">\n\t\t<div data-particle_enable=\"false\" data-particle-mobile-disabled=\"false\" class=\"elementor-element elementor-element-19dd24f e-con-full e-flex e-con e-child\" data-id=\"19dd24f\" data-element_type=\"container\" data-e-type=\"container\">\n\t\t\t\t<div class=\"elementor-element elementor-element-5127670 eael-team-align-eael-team-align-default elementor-widget elementor-widget-eael-team-member\" data-id=\"5127670\" data-element_type=\"widget\" data-e-type=\"widget\" data-widget_type=\"eael-team-member.default\">\n\t\t\t\t<div class=\"elementor-widget-container\">\n\t\t\t\t\t\n\n\t<div id=\"eael-team-member-5127670\" class=\"eael-team-item eael-team-members-social-bottom \">\n\t\t<div class=\"eael-team-item-inner\">\n\t\t\t<div class=\"eael-team-image\">\n\t\t\t\t<figure>\n\t\t\t\t\t\t\t\t\t\t<img decoding=\"async\" src=\"https:\/\/premiosaepev.es\/wp-content\/uploads\/2025\/07\/result_Foto-2.jpg\" alt=\"Ernesto Galduf\">\n\t\t\t\t\t\t\t\t\t<\/figure>\n\t\t\t\t\n\t\t\t\t\n\t\t\t<\/div>\n\n\t\t\t<div class=\"eael-team-content\">\n\t\t\t\t<h1 class=\"eael-team-member-name\">Ernesto Gallud<\/h1><h6 class=\"eael-team-member-position\">Segretario Generale di AEPEV<\/h6>\n\t\t\t\t\t\t\t\t\t        <p class=\"eael-team-text\"><div style=\"margin: 20px 0\">\n Autore delle Guide dei monovarietali SIN MALA UVA.<br> Direttore dei seguenti Concorsi: Vino y Mujer, Premios Magnum, Nuevo Vino, Mono Vino.<br> Giurato ufficiale dei Wine Influencers Awards e dei Concorsi Internazionali di Lione e Francoforte.<br> Occasionalmente al Concorso Mondiale di Bruxelles.\n<\/div>\n<br><br><br><br><br>\n<\/p>\n\t\t\t\t\t\t\t\t\t<\/div>\n\t\t<\/div>\n\t<\/div>\n\t\t\t\t\t<\/div>\n\t\t\t\t<\/div>\n\t\t\t\t<\/div>\n\t\t<div data-particle_enable=\"false\" data-particle-mobile-disabled=\"false\" class=\"elementor-element elementor-element-2c500ac e-con-full e-flex e-con e-child\" data-id=\"2c500ac\" data-element_type=\"container\" data-e-type=\"container\">\n\t\t\t\t<div class=\"elementor-element elementor-element-4ad385f eael-team-align-eael-team-align-default elementor-widget elementor-widget-eael-team-member\" data-id=\"4ad385f\" data-element_type=\"widget\" data-e-type=\"widget\" data-widget_type=\"eael-team-member.default\">\n\t\t\t\t<div class=\"elementor-widget-container\">\n\t\t\t\t\t\n\n\t<div id=\"eael-team-member-4ad385f\" class=\"eael-team-item eael-team-members-social-bottom \">\n\t\t<div class=\"eael-team-item-inner\">\n\t\t\t<div class=\"eael-team-image\">\n\t\t\t\t<figure>\n\t\t\t\t\t\t\t\t\t\t<img decoding=\"async\" src=\"https:\/\/premiosaepev.es\/wp-content\/uploads\/2025\/07\/result_Fran-Leon.png\" alt=\"\">\n\t\t\t\t\t\t\t\t\t<\/figure>\n\t\t\t\t\n\t\t\t\t\n\t\t\t<\/div>\n\n\t\t\t<div class=\"eael-team-content\">\n\t\t\t\t<h1 class=\"eael-team-member-name\">FRAN LE\u00d3N<\/h1><h6 class=\"eael-team-member-position\"><\/h6>\n\t\t\t\t\t\t\t\t\t        <p class=\"eael-team-text\"><div style=\"margin: 20px 0\">\n Negli ultimi 15 anni ho avuto l\u2019opportunit\u00e0 di partecipare attivamente a tutte le fasi dei concorsi enologici, sia dal lato organizzativo che da quello della valutazione.<br> Ho diretto il Concorso di Vini e Liquori della Provincia di Siviglia e ho collaborato alla direzione commerciale del concorso Ecoracimo.<br> Sono stato inoltre giurato in concorsi nazionali e internazionali come i Premi Mezquita, Agrocanarias, Ecoracimo, The Mediterr\u00e1nea Wards e concorsi organizzati da consigli regolatori come Montilla-Moriles, tra gli altri.<br> Questa esperienza mi ha permesso di sviluppare un solido criterio tecnico e una visione globale del panorama vitivinicolo spagnolo.\n<\/div>\n<br><\/p>\n\t\t\t\t\t\t\t\t\t<\/div>\n\t\t<\/div>\n\t<\/div>\n\t\t\t\t\t<\/div>\n\t\t\t\t<\/div>\n\t\t\t\t<\/div>\n\t\t\t\t\t<\/div>\n\t\t\t\t<\/div>\n\t\t<div data-particle_enable=\"false\" data-particle-mobile-disabled=\"false\" class=\"elementor-element elementor-element-8b67726 e-flex e-con-boxed e-con e-parent\" data-id=\"8b67726\" data-element_type=\"container\" data-e-type=\"container\" data-settings=\"{&quot;background_background&quot;:&quot;classic&quot;}\">\n\t\t\t\t\t<div class=\"e-con-inner\">\n\t\t<div data-particle_enable=\"false\" data-particle-mobile-disabled=\"false\" class=\"elementor-element elementor-element-87171de e-con-full e-flex e-con e-child\" data-id=\"87171de\" data-element_type=\"container\" data-e-type=\"container\">\n\t\t\t\t<div class=\"elementor-element elementor-element-c93cb99 eael-team-align-eael-team-align-default elementor-widget elementor-widget-eael-team-member\" data-id=\"c93cb99\" data-element_type=\"widget\" data-e-type=\"widget\" data-widget_type=\"eael-team-member.default\">\n\t\t\t\t<div class=\"elementor-widget-container\">\n\t\t\t\t\t\n\n\t<div id=\"eael-team-member-c93cb99\" class=\"eael-team-item eael-team-members-social-bottom \">\n\t\t<div class=\"eael-team-item-inner\">\n\t\t\t<div class=\"eael-team-image\">\n\t\t\t\t<figure>\n\t\t\t\t\t\t\t\t\t\t<img decoding=\"async\" src=\"https:\/\/premiosaepev.es\/wp-content\/uploads\/2025\/07\/imresizer-FOTOARTURO-HURTADO-CONCURSO-VINOS-AEPEV-2026.jpg\" alt=\"\">\n\t\t\t\t\t\t\t\t\t<\/figure>\n\t\t\t\t\n\t\t\t\t\n\t\t\t<\/div>\n\n\t\t\t<div class=\"eael-team-content\">\n\t\t\t\t<h1 class=\"eael-team-member-name\">Arturo hurtado<\/h1><h6 class=\"eael-team-member-position\"><\/h6>\n\t\t\t\t\t\t\t\t\t        <p class=\"eael-team-text\"><section style=\"margin: 20px 0\">\n  <article>\n    <p>Laureato in Scienze dell\u2019Informazione, fondatore e direttore generale della <strong>Escuela Espa\u00f1ola de Cata<\/strong>.<\/p>\n\n    <p>Responsabile del Comitato di Formazione dell\u2019<strong>Associazione di Giornalisti e Scrittori del Vino (AEPEV)<\/strong>.<\/p>\n\n    <p>Direttore e curatore della rivista digitale <strong>Vinotendencias<\/strong>, appassionato di tutto ci\u00f2 che riguarda le \u201cEno Tendenze\u201d e le \u201cFoodie Tendenze\u201d in Spagna e in America Latina.<\/p>\n\n    <p>Responsabile delle Relazioni Istituzionali dell\u2019<strong>Associazione dei Sommelier Professionisti di Madrid (ASUMAD)<\/strong> e degustatore in diverse giurie di concorsi nazionali e internazionali.<br><br><\/p>\n\n<p>Membro della <strong>Federaci\u00f3n Internacional de Periodistas y Escritores del Vino y Espirituosos<\/strong> ( FIJEV-Francia).<\/p>\n    <br>   \n\n  <\/article>\n<\/section>\n\n<\/p>\n\t\t\t\t\t\t\t\t\t<\/div>\n\t\t<\/div>\n\t<\/div>\n\t\t\t\t\t<\/div>\n\t\t\t\t<\/div>\n\t\t\t\t<\/div>\n\t\t<div data-particle_enable=\"false\" data-particle-mobile-disabled=\"false\" class=\"elementor-element elementor-element-3eefd64 e-con-full e-flex e-con e-child\" data-id=\"3eefd64\" data-element_type=\"container\" data-e-type=\"container\">\n\t\t\t\t<div class=\"elementor-element elementor-element-023e903 eael-team-align-eael-team-align-default elementor-widget elementor-widget-eael-team-member\" data-id=\"023e903\" data-element_type=\"widget\" data-e-type=\"widget\" data-widget_type=\"eael-team-member.default\">\n\t\t\t\t<div class=\"elementor-widget-container\">\n\t\t\t\t\t\n\n\t<div id=\"eael-team-member-023e903\" class=\"eael-team-item eael-team-members-social-bottom \">\n\t\t<div class=\"eael-team-item-inner\">\n\t\t\t<div class=\"eael-team-image\">\n\t\t\t\t<figure>\n\t\t\t\t\t\t\t\t\t\t<img decoding=\"async\" src=\"https:\/\/premiosaepev.es\/wp-content\/uploads\/2025\/07\/imresizer-jesusflorestellez.jpg\" alt=\"\">\n\t\t\t\t\t\t\t\t\t<\/figure>\n\t\t\t\t\n\t\t\t\t\n\t\t\t<\/div>\n\n\t\t\t<div class=\"eael-team-content\">\n\t\t\t\t<h1 class=\"eael-team-member-name\">Jes\u00fas Flores T\u00e9llez<\/h1><h6 class=\"eael-team-member-position\"><\/h6>\n\t\t\t\t\t\t\t\t\t        <p class=\"eael-team-text\"><div style=\"margin: 20px 0\">\n    <p>Jes\u00fas Flores T\u00e9llez \u00e8 enologo, critico enologico e specialista in analisi sensoriale, Premio Nacional de Gastronom\u00eda nel 2008 e insignito di un riconoscimento dall\u2019Acad\u00e9mie Internationale de la Gastronomie nel 2007.<\/p>\n\n    <p>Direttore e CEO dell\u2019Aula Espa\u00f1ola del Vino, \u00e8 stato sommelier in ristoranti di rilievo come La Cava Real e La Rioja.<\/p>\n\n    <p>Ha insegnato degustazione e servizio del vino in universit\u00e0 e scuole alberghiere per oltre vent\u2019anni.<\/p>\n\n    <p>Direttore tecnico e membro di giuria in concorsi nazionali e internazionali, tra cui Bruxelles, Bacchus e Vinexpo.<\/p>\n\n    <p>Autore di guide e libri sul vino, editorialista e collaboratore di testate specializzate, nonch\u00e9 vicedirettore del programma radiofonico \u201cGato Gourmets\u201d.<\/p>\n\n    <p>Fondatore di associazioni di sommelier e membro di confraternite enologiche internazionali. Cofondatore della UEC. <\/p>\n<\/div><\/p>\n\t\t\t\t\t\t\t\t\t<\/div>\n\t\t<\/div>\n\t<\/div>\n\t\t\t\t\t<\/div>\n\t\t\t\t<\/div>\n\t\t\t\t<\/div>\n\t\t\t\t\t<\/div>\n\t\t\t\t<\/div>\n\t\t<div data-particle_enable=\"false\" data-particle-mobile-disabled=\"false\" class=\"elementor-element elementor-element-1311263 e-flex e-con-boxed e-con e-parent\" data-id=\"1311263\" data-element_type=\"container\" data-e-type=\"container\" data-settings=\"{&quot;background_background&quot;:&quot;classic&quot;}\">\n\t\t\t\t\t<div class=\"e-con-inner\">\n\t\t<div data-particle_enable=\"false\" data-particle-mobile-disabled=\"false\" class=\"elementor-element elementor-element-cc2cfa8 e-con-full e-flex e-con e-child\" data-id=\"cc2cfa8\" data-element_type=\"container\" data-e-type=\"container\">\n\t\t\t\t<div class=\"elementor-element elementor-element-577f524 eael-team-align-eael-team-align-default elementor-widget elementor-widget-eael-team-member\" data-id=\"577f524\" data-element_type=\"widget\" data-e-type=\"widget\" data-widget_type=\"eael-team-member.default\">\n\t\t\t\t<div class=\"elementor-widget-container\">\n\t\t\t\t\t\n\n\t<div id=\"eael-team-member-577f524\" class=\"eael-team-item eael-team-members-social-bottom \">\n\t\t<div class=\"eael-team-item-inner\">\n\t\t\t<div class=\"eael-team-image\">\n\t\t\t\t<figure>\n\t\t\t\t\t\t\t\t\t\t<img decoding=\"async\" src=\"https:\/\/premiosaepev.es\/wp-content\/uploads\/2025\/07\/result_PASCUAL1.jpeg\" alt=\"\">\n\t\t\t\t\t\t\t\t\t<\/figure>\n\t\t\t\t\n\t\t\t\t\n\t\t\t<\/div>\n\n\t\t\t<div class=\"eael-team-content\">\n\t\t\t\t<h1 class=\"eael-team-member-name\">PASCUAL IBA\u00d1EZ<\/h1><h6 class=\"eael-team-member-position\"><\/h6>\n\t\t\t\t\t\t\t\t\t        <p class=\"eael-team-text\"><div style=\"margin: 20px 0\">\n  <p><br>Giurato al concorso Catad\u2019or Chile World Wine AWARDS dalla sua prima edizione nel 1995 fino al 2020.<br><br><\/p>\n  <p>Giurato al Concorso di Vini Vinsud di Santiago del Cile, presieduto da Mar\u00eda Isabel Mijares nel 1996.<br><br><\/p>\n  <p>Ho diretto per 12 anni la selezione dei vini de La CAV (Club de Amantes del Vino in Cile) e sono stato presidente della Guida dei Vini La CAV, pubblicata su carta fino al 2010.<br><\/p>\n  <p><br>Giurato dello Spirits Selection nel 2017 a La Serena, Cile.<br><\/p>\n  <p><br>Dalla Escuela de los Sentidos Ltda, negli anni 2017 - 2018, ho diretto il Progetto di CORFO Cile: Piano di Formazione Sensoriale e Qualit\u00e0 nel Servizio del Pisco.<\/p>\n<br><br><br>\n<\/div>\n<\/p>\n\t\t\t\t\t\t\t\t\t<\/div>\n\t\t<\/div>\n\t<\/div>\n\t\t\t\t\t<\/div>\n\t\t\t\t<\/div>\n\t\t\t\t<\/div>\n\t\t<div data-particle_enable=\"false\" data-particle-mobile-disabled=\"false\" class=\"elementor-element elementor-element-34d6393 e-con-full e-flex e-con e-child\" data-id=\"34d6393\" data-element_type=\"container\" data-e-type=\"container\">\n\t\t\t\t<div class=\"elementor-element elementor-element-c0aa459 eael-team-align-eael-team-align-default elementor-widget elementor-widget-eael-team-member\" data-id=\"c0aa459\" data-element_type=\"widget\" data-e-type=\"widget\" data-widget_type=\"eael-team-member.default\">\n\t\t\t\t<div class=\"elementor-widget-container\">\n\t\t\t\t\t\n\n\t<div id=\"eael-team-member-c0aa459\" class=\"eael-team-item eael-team-members-social-bottom \">\n\t\t<div class=\"eael-team-item-inner\">\n\t\t\t<div class=\"eael-team-image\">\n\t\t\t\t<figure>\n\t\t\t\t\t\t\t\t\t\t<img decoding=\"async\" src=\"https:\/\/premiosaepev.es\/wp-content\/uploads\/2025\/07\/result_Carmen.jpeg\" alt=\"Carmen Garrobo\">\n\t\t\t\t\t\t\t\t\t<\/figure>\n\t\t\t\t\n\t\t\t\t\n\t\t\t<\/div>\n\n\t\t\t<div class=\"eael-team-content\">\n\t\t\t\t<h1 class=\"eael-team-member-name\">Carmen Garrobo<\/h1><h6 class=\"eael-team-member-position\"><\/h6>\n\t\t\t\t\t\t\t\t\t        <p class=\"eael-team-text\"><div style=\"margin: 20px 0\">\n  <p>Mi considero un\u2019appassionata del mondo del vino e dell\u2019analisi sensoriale.<\/p>\n\n  <p>Da una vita opero nell\u2019ambito della formazione e della comunicazione legate al mondo del vino e della gastronomia.<\/p>\n\n  <p>Mi piace imparare e insegnare, insegnare e imparare.<\/p>\n\n  <p>\u201cMiglior Sommelier Donna 2026\u201d \u2013 Premio Isabel Mijares, Associazione delle Donne del Vino.<\/p>\n\n  <p>Concorsi nazionali e internazionali ai quali ho partecipato in qualit\u00e0 di giurata:<\/p>\n\n  <p>\n Premi VinDuero-VinDouro (Spagna\/Portogallo), Vini e Distillati (CINVE), Vini Real Casino de Madrid, Vini delle Piccole D.O. \u2013 Veralia, Proava Valencia, Vini Magnum, Vino e Donna, Premi Zarcillo, MonoVino, Concorso Internazionale del Merlot (Svizzera), concorsi provinciali del Per\u00f9 (degustazione di pisco: Ca\u00f1ete, Lunahuan\u00e1, Pisco, ecc.).\n  <\/p>\n<\/div><\/p>\n\t\t\t\t\t\t\t\t\t<\/div>\n\t\t<\/div>\n\t<\/div>\n\t\t\t\t\t<\/div>\n\t\t\t\t<\/div>\n\t\t\t\t<\/div>\n\t\t\t\t\t<\/div>\n\t\t\t\t<\/div>\n\t\t<div data-particle_enable=\"false\" data-particle-mobile-disabled=\"false\" class=\"elementor-element elementor-element-dd2e92d e-flex e-con-boxed e-con e-parent\" data-id=\"dd2e92d\" data-element_type=\"container\" data-e-type=\"container\" data-settings=\"{&quot;background_background&quot;:&quot;classic&quot;}\">\n\t\t\t\t\t<div class=\"e-con-inner\">\n\t\t<div data-particle_enable=\"false\" data-particle-mobile-disabled=\"false\" class=\"elementor-element elementor-element-c0cccd3 e-con-full e-flex e-con e-child\" data-id=\"c0cccd3\" data-element_type=\"container\" data-e-type=\"container\">\n\t\t\t\t<div class=\"elementor-element elementor-element-f81e66f eael-team-align-eael-team-align-default elementor-widget elementor-widget-eael-team-member\" data-id=\"f81e66f\" data-element_type=\"widget\" data-e-type=\"widget\" data-widget_type=\"eael-team-member.default\">\n\t\t\t\t<div class=\"elementor-widget-container\">\n\t\t\t\t\t\n\n\t<div id=\"eael-team-member-f81e66f\" class=\"eael-team-item eael-team-members-social-bottom \">\n\t\t<div class=\"eael-team-item-inner\">\n\t\t\t<div class=\"eael-team-image\">\n\t\t\t\t<figure>\n\t\t\t\t\t\t\t\t\t\t<img decoding=\"async\" src=\"https:\/\/premiosaepev.es\/wp-content\/uploads\/2025\/07\/result_Mar-Galvan.jpg\" alt=\"\">\n\t\t\t\t\t\t\t\t\t<\/figure>\n\t\t\t\t\n\t\t\t\t\n\t\t\t<\/div>\n\n\t\t\t<div class=\"eael-team-content\">\n\t\t\t\t<h1 class=\"eael-team-member-name\">MAR GALV\u00c1N<\/h1><h6 class=\"eael-team-member-position\"><\/h6>\n\t\t\t\t\t\t\t\t\t        <p class=\"eael-team-text\"><div style=\"margin: 20px 0\">\n Degustatrice professionista di vino, enologa e sommelier con una carriera consolidata nell\u2019analisi sensoriale e nella comunicazione del vino.<br> <br>La sua esperienza nasce da anni di formazione e da un profondo legame con il vigneto.<br><br> <br>Mar Galv\u00e1n \u00e8, prima di tutto, un\u2019interprete del vino e un\u2019ambasciatrice della sua cultura.<br><br><br> \u00c8 giurata di: Mundus Vini, Citadelles du Vin, Challenges International du Vin, Premis Vinari, Concours Mondial de Bruxelles, Vinarium, Emozione Dal Mondo, Mondial Vins Blancs Strasbourg, Radicci del Sud, Vinalies International, Mondial Ros\u00e9 Cannes, Vinduero Vindouro, Concorso Internazionale Zarcillo, Citt\u00e0 del Vino e Cervim.\n<\/div>\n<\/p>\n\t\t\t\t\t\t\t\t\t<\/div>\n\t\t<\/div>\n\t<\/div>\n\t\t\t\t\t<\/div>\n\t\t\t\t<\/div>\n\t\t\t\t<\/div>\n\t\t<div data-particle_enable=\"false\" data-particle-mobile-disabled=\"false\" class=\"elementor-element elementor-element-aa43a13 e-con-full e-flex e-con e-child\" data-id=\"aa43a13\" data-element_type=\"container\" data-e-type=\"container\">\n\t\t\t\t<div class=\"elementor-element elementor-element-19deba2 eael-team-align-eael-team-align-default elementor-widget elementor-widget-eael-team-member\" data-id=\"19deba2\" data-element_type=\"widget\" data-e-type=\"widget\" data-widget_type=\"eael-team-member.default\">\n\t\t\t\t<div class=\"elementor-widget-container\">\n\t\t\t\t\t\n\n\t<div id=\"eael-team-member-19deba2\" class=\"eael-team-item eael-team-members-social-bottom \">\n\t\t<div class=\"eael-team-item-inner\">\n\t\t\t<div class=\"eael-team-image\">\n\t\t\t\t<figure>\n\t\t\t\t\t\t\t\t\t\t<img decoding=\"async\" src=\"https:\/\/premiosaepev.es\/wp-content\/uploads\/2025\/07\/result_Mar-Sanchez.jpg\" alt=\"\">\n\t\t\t\t\t\t\t\t\t<\/figure>\n\t\t\t\t\n\t\t\t\t\n\t\t\t<\/div>\n\n\t\t\t<div class=\"eael-team-content\">\n\t\t\t\t<h1 class=\"eael-team-member-name\">mar s\u00e1nchez<\/h1><h6 class=\"eael-team-member-position\"><\/h6>\n\t\t\t\t\t\t\t\t\t        <p class=\"eael-team-text\"><div style=\"margin: 20px 0\">\n Degustatrice professionista di vino con una vasta esperienza in analisi sensoriale, che mi ha permesso di sviluppare una spiccata capacit\u00e0 di identificare e valutare le sfumature dei vini in ogni degustazione.<br> <br>Come giurata di concorsi di degustazione, possiedo un criterio preciso e obiettivo, supportato dalla mia formazione continua nel settore.<br><br>\n<\/div>\n<br><br><br><br><br>\n<\/p>\n\t\t\t\t\t\t\t\t\t<\/div>\n\t\t<\/div>\n\t<\/div>\n\t\t\t\t\t<\/div>\n\t\t\t\t<\/div>\n\t\t\t\t<\/div>\n\t\t\t\t\t<\/div>\n\t\t\t\t<\/div>\n\t\t<div data-particle_enable=\"false\" data-particle-mobile-disabled=\"false\" class=\"elementor-element elementor-element-60e7090 e-flex e-con-boxed e-con e-parent\" data-id=\"60e7090\" data-element_type=\"container\" data-e-type=\"container\" data-settings=\"{&quot;background_background&quot;:&quot;classic&quot;}\">\n\t\t\t\t\t<div class=\"e-con-inner\">\n\t\t<div data-particle_enable=\"false\" data-particle-mobile-disabled=\"false\" class=\"elementor-element elementor-element-7c08a37 e-con-full e-flex e-con e-child\" data-id=\"7c08a37\" data-element_type=\"container\" data-e-type=\"container\">\n\t\t\t\t<div class=\"elementor-element elementor-element-e01f4ff eael-team-align-eael-team-align-default elementor-widget elementor-widget-eael-team-member\" data-id=\"e01f4ff\" data-element_type=\"widget\" data-e-type=\"widget\" data-widget_type=\"eael-team-member.default\">\n\t\t\t\t<div class=\"elementor-widget-container\">\n\t\t\t\t\t\n\n\t<div id=\"eael-team-member-e01f4ff\" class=\"eael-team-item eael-team-members-social-bottom \">\n\t\t<div class=\"eael-team-item-inner\">\n\t\t\t<div class=\"eael-team-image\">\n\t\t\t\t<figure>\n\t\t\t\t\t\t\t\t\t\t<img decoding=\"async\" src=\"https:\/\/premiosaepev.es\/wp-content\/uploads\/2025\/07\/result_Javier-Prats.jpg\" alt=\"Javier Prats\">\n\t\t\t\t\t\t\t\t\t<\/figure>\n\t\t\t\t\n\t\t\t\t\n\t\t\t<\/div>\n\n\t\t\t<div class=\"eael-team-content\">\n\t\t\t\t<h1 class=\"eael-team-member-name\">Javier Prats<\/h1><h6 class=\"eael-team-member-position\"><\/h6>\n\t\t\t\t\t\t\t\t\t        <p class=\"eael-team-text\"><div style=\"margin: 20px 0\">\n <br>Degustatore in diverse edizioni del Concorso di Vini di PROAVA della Comunit\u00e0 Valenciana.<br><br> <br>Degustatore per varie edizioni della Guida dei Vini di Bobal e della Guida dei Vini Rosati della Comunit\u00e0 Valenciana.\n<\/div>\n\n<br><br><br><br><br><br><\/p>\n\t\t\t\t\t\t\t\t\t<\/div>\n\t\t<\/div>\n\t<\/div>\n\t\t\t\t\t<\/div>\n\t\t\t\t<\/div>\n\t\t\t\t<\/div>\n\t\t<div data-particle_enable=\"false\" data-particle-mobile-disabled=\"false\" class=\"elementor-element elementor-element-6a745be e-con-full e-flex e-con e-child\" data-id=\"6a745be\" data-element_type=\"container\" data-e-type=\"container\">\n\t\t\t\t<div class=\"elementor-element elementor-element-b71b067 eael-team-align-eael-team-align-default elementor-widget elementor-widget-eael-team-member\" data-id=\"b71b067\" data-element_type=\"widget\" data-e-type=\"widget\" data-widget_type=\"eael-team-member.default\">\n\t\t\t\t<div class=\"elementor-widget-container\">\n\t\t\t\t\t\n\n\t<div id=\"eael-team-member-b71b067\" class=\"eael-team-item eael-team-members-social-bottom \">\n\t\t<div class=\"eael-team-item-inner\">\n\t\t\t<div class=\"eael-team-image\">\n\t\t\t\t<figure>\n\t\t\t\t\t\t\t\t\t\t<img decoding=\"async\" src=\"https:\/\/premiosaepev.es\/wp-content\/uploads\/2025\/07\/result_Carlos-Scholderle-Catas-copia.jpg\" alt=\"\">\n\t\t\t\t\t\t\t\t\t<\/figure>\n\t\t\t\t\n\t\t\t\t\n\t\t\t<\/div>\n\n\t\t\t<div class=\"eael-team-content\">\n\t\t\t\t<h1 class=\"eael-team-member-name\">Carlos Sch\u00f6lderle<\/h1><h6 class=\"eael-team-member-position\"><\/h6>\n\t\t\t\t\t\t\t\t\t        <p class=\"eael-team-text\"><div style=\"margin: 20px 0\">\n Sono sommelier certificato e specialista in Elaborazione di Vini e Olio d\u2019Oliva, con un approccio orientato all\u2019eccellenza sensoriale e all\u2019autenticit\u00e0 di ogni vino.<br><br><br><br> La mia carriera mi ha permesso di perfezionare la capacit\u00e0 di decifrare i complessi aromi e sapori che definiscono una buona bottiglia, applicando sia le conoscenze tecniche sia la passione per la tradizione vitivinicola.<br><br> <br>Attraverso la mia esperienza nelle degustazioni ho imparato a valorizzare la diversit\u00e0 e la qualit\u00e0 di ogni produzione.<br><br> <br>Come giurato, il mio impegno \u00e8 offrire un giudizio equilibrato e dettagliato, sempre guidato dalla ricerca della perfezione.\n<\/div>\n<\/p>\n\t\t\t\t\t\t\t\t\t<\/div>\n\t\t<\/div>\n\t<\/div>\n\t\t\t\t\t<\/div>\n\t\t\t\t<\/div>\n\t\t\t\t<\/div>\n\t\t\t\t\t<\/div>\n\t\t\t\t<\/div>\n\t\t<div data-particle_enable=\"false\" data-particle-mobile-disabled=\"false\" class=\"elementor-element elementor-element-c4dcf4d e-flex e-con-boxed e-con e-parent\" data-id=\"c4dcf4d\" data-element_type=\"container\" data-e-type=\"container\" data-settings=\"{&quot;background_background&quot;:&quot;classic&quot;}\">\n\t\t\t\t\t<div class=\"e-con-inner\">\n\t\t<div data-particle_enable=\"false\" data-particle-mobile-disabled=\"false\" class=\"elementor-element elementor-element-7146837 e-con-full e-flex e-con e-child\" data-id=\"7146837\" data-element_type=\"container\" data-e-type=\"container\">\n\t\t\t\t<div class=\"elementor-element elementor-element-973aa24 eael-team-align-eael-team-align-default elementor-widget elementor-widget-eael-team-member\" data-id=\"973aa24\" data-element_type=\"widget\" data-e-type=\"widget\" data-widget_type=\"eael-team-member.default\">\n\t\t\t\t<div class=\"elementor-widget-container\">\n\t\t\t\t\t\n\n\t<div id=\"eael-team-member-973aa24\" class=\"eael-team-item eael-team-members-social-bottom \">\n\t\t<div class=\"eael-team-item-inner\">\n\t\t\t<div class=\"eael-team-image\">\n\t\t\t\t<figure>\n\t\t\t\t\t\t\t\t\t\t<img decoding=\"async\" src=\"https:\/\/premiosaepev.es\/wp-content\/uploads\/2025\/07\/result_enmanuel.jpeg\" alt=\"\">\n\t\t\t\t\t\t\t\t\t<\/figure>\n\t\t\t\t\n\t\t\t\t\n\t\t\t<\/div>\n\n\t\t\t<div class=\"eael-team-content\">\n\t\t\t\t<h1 class=\"eael-team-member-name\">EMMANUEL DUPONT-MACHET <\/h1><h6 class=\"eael-team-member-position\"><\/h6>\n\t\t\t\t\t\t\t\t\t        <p class=\"eael-team-text\"><div style=\"margin: 20px 0\">\n Appassionato dell\u2019universo liquido con oltre 20 anni di esperienza, sono formatore, degustatore e consulente indipendente specializzato in distillati premium, sviluppo di prodotti, storytelling di marca ed esperienze sensoriali.<br><br><br><br> <br>Ho lavorato in formazione, degustazione e posizionamento per molteplici categorie \u2014dal whisky al vermouth, passando per Champagne, vino e brandy\u2014 collaborando con team, concorsi e lanci internazionali.<br>\n<\/div>\n<br><br><br><\/p>\n\t\t\t\t\t\t\t\t\t<\/div>\n\t\t<\/div>\n\t<\/div>\n\t\t\t\t\t<\/div>\n\t\t\t\t<\/div>\n\t\t\t\t<\/div>\n\t\t<div data-particle_enable=\"false\" data-particle-mobile-disabled=\"false\" class=\"elementor-element elementor-element-816accc e-con-full e-flex e-con e-child\" data-id=\"816accc\" data-element_type=\"container\" data-e-type=\"container\">\n\t\t\t\t<div class=\"elementor-element elementor-element-95680d0 eael-team-align-eael-team-align-default elementor-widget elementor-widget-eael-team-member\" data-id=\"95680d0\" data-element_type=\"widget\" data-e-type=\"widget\" data-widget_type=\"eael-team-member.default\">\n\t\t\t\t<div class=\"elementor-widget-container\">\n\t\t\t\t\t\n\n\t<div id=\"eael-team-member-95680d0\" class=\"eael-team-item eael-team-members-social-bottom \">\n\t\t<div class=\"eael-team-item-inner\">\n\t\t\t<div class=\"eael-team-image\">\n\t\t\t\t<figure>\n\t\t\t\t\t\t\t\t\t\t<img decoding=\"async\" src=\"https:\/\/premiosaepev.es\/wp-content\/uploads\/2025\/07\/result_Moira.jpeg\" alt=\"\">\n\t\t\t\t\t\t\t\t\t<\/figure>\n\t\t\t\t\n\t\t\t\t\n\t\t\t<\/div>\n\n\t\t\t<div class=\"eael-team-content\">\n\t\t\t\t<h1 class=\"eael-team-member-name\">MOIRA TRUJILLO SPANO<\/h1><h6 class=\"eael-team-member-position\"><\/h6>\n\t\t\t\t\t\t\t\t\t        <p class=\"eael-team-text\"><div style=\"margin:20px 0\">\n  <div>Con una solida formazione in enologia e comunicazione, le sue conoscenze tecniche e la sua acuta capacit\u00e0 sensoriale sono i suoi principali punti di forza come giurata, garantendo una valutazione rigorosa e obiettiva.<br><br><br><\/div>\n  <div>La sua carriera professionale e accademica, segnata dalla formazione continua, Sommelier, WSET3 e Formatore Omologato di diverse Denominazioni di Origine, unita ai suoi master in Protocollo, Immagine Pubblica e Neuromarketing, le conferiscono una prospettiva completa del settore.<\/div>\n  <div>La sua esperienza in Lavinia e l\u2019attuale dottorato presso l\u2019Universit\u00e0 Rey Juan Carlos di Madrid riflettono il suo impegno per l\u2019eccellenza e la ricerca.<br><br><br><\/div>\n  <div>Membro del Comitato di Formazione dell\u2019Associazione Spagnola di Giornalisti e Scrittori del Vino (AEPEV) e dell\u2019Associazione dei Sommelier di Madrid, rimane costantemente aggiornata sulle ultime tendenze, arricchendo le sue conoscenze e prospettive.<br><br><\/div>\n<\/div>\n<\/p>\n\t\t\t\t\t\t\t\t\t<\/div>\n\t\t<\/div>\n\t<\/div>\n\t\t\t\t\t<\/div>\n\t\t\t\t<\/div>\n\t\t\t\t<\/div>\n\t\t\t\t\t<\/div>\n\t\t\t\t<\/div>\n\t\t<div data-particle_enable=\"false\" data-particle-mobile-disabled=\"false\" class=\"elementor-element elementor-element-391fd4d e-flex e-con-boxed e-con e-parent\" data-id=\"391fd4d\" data-element_type=\"container\" data-e-type=\"container\" data-settings=\"{&quot;background_background&quot;:&quot;classic&quot;}\">\n\t\t\t\t\t<div class=\"e-con-inner\">\n\t\t<div data-particle_enable=\"false\" data-particle-mobile-disabled=\"false\" class=\"elementor-element elementor-element-8be270b e-con-full e-flex e-con e-child\" data-id=\"8be270b\" data-element_type=\"container\" data-e-type=\"container\">\n\t\t\t\t<div class=\"elementor-element elementor-element-18793f5 eael-team-align-eael-team-align-default elementor-widget elementor-widget-eael-team-member\" data-id=\"18793f5\" data-element_type=\"widget\" data-e-type=\"widget\" data-widget_type=\"eael-team-member.default\">\n\t\t\t\t<div class=\"elementor-widget-container\">\n\t\t\t\t\t\n\n\t<div id=\"eael-team-member-18793f5\" class=\"eael-team-item eael-team-members-social-bottom \">\n\t\t<div class=\"eael-team-item-inner\">\n\t\t\t<div class=\"eael-team-image\">\n\t\t\t\t<figure>\n\t\t\t\t\t\t\t\t\t\t<img decoding=\"async\" src=\"https:\/\/premiosaepev.es\/wp-content\/uploads\/2025\/07\/imresizer-marialuismartintejera.jpg\" alt=\"\">\n\t\t\t\t\t\t\t\t\t<\/figure>\n\t\t\t\t\n\t\t\t\t\n\t\t\t<\/div>\n\n\t\t\t<div class=\"eael-team-content\">\n\t\t\t\t<h1 class=\"eael-team-member-name\">MAR\u00cdA LUISA MART\u00cdN TEJERA<\/h1><h6 class=\"eael-team-member-position\"><\/h6>\n\t\t\t\t\t\t\t\t\t        <p class=\"eael-team-text\"><div style=\"margin: 20px 0\">\n <br>Giurata al Concours Mondial de Bruxelles (dal 2008)<br>Giurata all\u2019International Spirits Selection (dal 2010)<br>Giurata al Ruinart Sommelier Challenge<br>Giurata all\u2019International Sparkling Master Wine<br>Giurata al Certame Miglior Sommelier della Comunit\u00e0 Valenciana<br>Giurata al Mondial Fromage Tours<br>Giurata nel Comitato di Degustazione dell\u2019Associazione dei Sommelier di Valencia<br>Descrizione\n<\/div>\n<\/p>\n\t\t\t\t\t\t\t\t\t<\/div>\n\t\t<\/div>\n\t<\/div>\n\t\t\t\t\t<\/div>\n\t\t\t\t<\/div>\n\t\t\t\t<\/div>\n\t\t<div data-particle_enable=\"false\" data-particle-mobile-disabled=\"false\" class=\"elementor-element elementor-element-833cfa6 e-con-full e-flex e-con e-child\" data-id=\"833cfa6\" data-element_type=\"container\" data-e-type=\"container\">\n\t\t\t\t<div class=\"elementor-element elementor-element-60b5510 eael-team-align-eael-team-align-default elementor-widget elementor-widget-eael-team-member\" data-id=\"60b5510\" data-element_type=\"widget\" data-e-type=\"widget\" data-widget_type=\"eael-team-member.default\">\n\t\t\t\t<div class=\"elementor-widget-container\">\n\t\t\t\t\t\n\n\t<div id=\"eael-team-member-60b5510\" class=\"eael-team-item eael-team-members-social-bottom \">\n\t\t<div class=\"eael-team-item-inner\">\n\t\t\t<div class=\"eael-team-image\">\n\t\t\t\t<figure>\n\t\t\t\t\t\t\t\t\t\t<img decoding=\"async\" src=\"https:\/\/premiosaepev.es\/wp-content\/uploads\/2025\/07\/result_ANA1.jpeg\" alt=\"\">\n\t\t\t\t\t\t\t\t\t<\/figure>\n\t\t\t\t\n\t\t\t\t\n\t\t\t<\/div>\n\n\t\t\t<div class=\"eael-team-content\">\n\t\t\t\t<h1 class=\"eael-team-member-name\">ANA G\u00d3MEZ GONZ\u00c1LEZ<\/h1><h6 class=\"eael-team-member-position\"><\/h6>\n\t\t\t\t\t\t\t\t\t        <p class=\"eael-team-text\"><div style=\"margin: 20px 0\">\n  <p>\n    <strong>Degustatrice professionista<\/strong> con certificazione WSET 3 ed esperienza come giurata in concorsi di prestigio come CINVE e Premi Zarcillo.<br>Descrizione\n  <\/p>\n  <p>\n Capacit\u00e0 di valutare con precisione aspetti come colore, aroma, gusto, caratteristiche varietali, difetti e qualit\u00e0 dei vini di diverse regioni.<br>\n Profilo analitico, obiettivo e impegnato nell\u2019eccellenza della valutazione enologica.<br>\n  <\/p>\n<\/div>\n<\/p>\n\t\t\t\t\t\t\t\t\t<\/div>\n\t\t<\/div>\n\t<\/div>\n\t\t\t\t\t<\/div>\n\t\t\t\t<\/div>\n\t\t\t\t<\/div>\n\t\t\t\t\t<\/div>\n\t\t\t\t<\/div>\n\t\t<div data-particle_enable=\"false\" data-particle-mobile-disabled=\"false\" class=\"elementor-element elementor-element-fc6546f e-flex e-con-boxed e-con e-parent\" data-id=\"fc6546f\" data-element_type=\"container\" data-e-type=\"container\" data-settings=\"{&quot;background_background&quot;:&quot;classic&quot;}\">\n\t\t\t\t\t<div class=\"e-con-inner\">\n\t\t<div data-particle_enable=\"false\" data-particle-mobile-disabled=\"false\" class=\"elementor-element elementor-element-ce014bd e-con-full e-flex e-con e-child\" data-id=\"ce014bd\" data-element_type=\"container\" data-e-type=\"container\">\n\t\t\t\t<div class=\"elementor-element elementor-element-5a79661 eael-team-align-eael-team-align-default elementor-widget elementor-widget-eael-team-member\" data-id=\"5a79661\" data-element_type=\"widget\" data-e-type=\"widget\" data-widget_type=\"eael-team-member.default\">\n\t\t\t\t<div class=\"elementor-widget-container\">\n\t\t\t\t\t\n\n\t<div id=\"eael-team-member-5a79661\" class=\"eael-team-item eael-team-members-social-bottom \">\n\t\t<div class=\"eael-team-item-inner\">\n\t\t\t<div class=\"eael-team-image\">\n\t\t\t\t<figure>\n\t\t\t\t\t\t\t\t\t\t<img decoding=\"async\" src=\"https:\/\/premiosaepev.es\/wp-content\/uploads\/2025\/07\/result_JOSEENRIQUE.jpeg\" alt=\"\">\n\t\t\t\t\t\t\t\t\t<\/figure>\n\t\t\t\t\n\t\t\t\t\n\t\t\t<\/div>\n\n\t\t\t<div class=\"eael-team-content\">\n\t\t\t\t<h1 class=\"eael-team-member-name\">Jos\u00e9 Ricardo Fern\u00e1ndez<\/h1><h6 class=\"eael-team-member-position\"><\/h6>\n\t\t\t\t\t\t\t\t\t        <p class=\"eael-team-text\"><div style=\"margin: 20px 0\">\n  <p>\n <br><br>Degusto pi\u00f9 di 300 vini all\u2019anno, partecipando su invito e assistendo a molti dei saloni ed eventi del vino in Spagna. Alcuni dell\u2019ultimo anno:<br><br> \n  <\/p>\n  <p>\n    <strong>SAL\u00d3N PE\u00d1\u00cdN MEJORES VINOS DE ESPA\u00d1A<\/strong>, <strong>EXPERIENCIA VEREMA PEQUE\u00d1OS PRODUCTORES, EXPERIENCIA VEREMA MADRID<\/strong>, <strong>BARCELONA WINE WEEK<\/strong>, <strong>SAL\u00d3N PRIMERAS MARCAS<\/strong>, <strong>ULISSES EXPERIENCE<\/strong>, <strong>XXIV SAL\u00d3N VINOS DE MADRID<\/strong>, IX SAL\u00d3N DE LOS VINOS GENEROSOS, <strong>DULCES Y FORTIFICADOS<\/strong>, <strong>X EDICI\u00d3N DEL SAL\u00d3N BODEGAS DEL SIGLO XXI<\/strong>.<br><br>\n  <\/p>\n  <p>\n Ho inoltre fatto parte della giuria dei seguenti concorsi di degustazione alla cieca:\n  <\/p>\n  <p>\n \u00b7 <strong>XII Edizione Sal\u00f3n Vinoro<\/strong>, <strong>Champions Wine 2018<\/strong>, <strong>The Best People\u2019s Wine Awards 2018<\/strong> e <strong>The Best People\u2019s Wine Awards 2019<\/strong>.\n  <\/p>\n<\/div>\n<\/p>\n\t\t\t\t\t\t\t\t\t<\/div>\n\t\t<\/div>\n\t<\/div>\n\t\t\t\t\t<\/div>\n\t\t\t\t<\/div>\n\t\t\t\t<\/div>\n\t\t<div data-particle_enable=\"false\" data-particle-mobile-disabled=\"false\" class=\"elementor-element elementor-element-324df1e e-con-full e-flex e-con e-child\" data-id=\"324df1e\" data-element_type=\"container\" data-e-type=\"container\">\n\t\t\t\t<div class=\"elementor-element elementor-element-f05500d eael-team-align-eael-team-align-default elementor-widget elementor-widget-eael-team-member\" data-id=\"f05500d\" data-element_type=\"widget\" data-e-type=\"widget\" data-widget_type=\"eael-team-member.default\">\n\t\t\t\t<div class=\"elementor-widget-container\">\n\t\t\t\t\t\n\n\t<div id=\"eael-team-member-f05500d\" class=\"eael-team-item eael-team-members-social-bottom \">\n\t\t<div class=\"eael-team-item-inner\">\n\t\t\t<div class=\"eael-team-image\">\n\t\t\t\t<figure>\n\t\t\t\t\t\t\t\t\t\t<img decoding=\"async\" src=\"https:\/\/premiosaepev.es\/wp-content\/uploads\/2025\/07\/result_iker.jpg\" alt=\"\">\n\t\t\t\t\t\t\t\t\t<\/figure>\n\t\t\t\t\n\t\t\t\t\n\t\t\t<\/div>\n\n\t\t\t<div class=\"eael-team-content\">\n\t\t\t\t<h1 class=\"eael-team-member-name\">IKER BERASALUCE<\/h1><h6 class=\"eael-team-member-position\"><\/h6>\n\t\t\t\t\t\t\t\t\t        <p class=\"eael-team-text\"><div style=\"margin: 20px 0\">\n  <p>\n Sono <strong>Weinakademiker <\/strong>e giurato abituale in concorsi come <strong>IWC London<\/strong>, <strong>Berliner Wein Trophy<\/strong>, <strong>AWC Vienna <\/strong>e <strong>SALON Austria<\/strong>.\n  <\/p>\n  <p>\n Partecipo inoltre a degustazioni di comitati regionali e a guide come <strong>Wine Guide Austria<\/strong>.\n  <\/p>\n  <p>\n <br>La mia formazione in chimica e in enologia (<strong>Oenology School Klosterneuburg<\/strong>) mi fornisce una solida base tecnica, mentre il mio lavoro come comunicatore e consulente del vino mi mantiene in costante contatto con cantine e professionisti del settore.<br><br>\n  <\/p>\n  <p>\n Cerco sempre la precisione, l\u2019espressione dell\u2019origine e la coerenza enologica, aspetti che valuto con particolare attenzione durante le degustazioni e che trasmetto nelle mie note con un approccio chiaro e professionale.\n  <\/p>\n<\/div>\n<\/p>\n\t\t\t\t\t\t\t\t\t<\/div>\n\t\t<\/div>\n\t<\/div>\n\t\t\t\t\t<\/div>\n\t\t\t\t<\/div>\n\t\t\t\t<\/div>\n\t\t\t\t\t<\/div>\n\t\t\t\t<\/div>\n\t\t<div data-particle_enable=\"false\" data-particle-mobile-disabled=\"false\" class=\"elementor-element elementor-element-3ae1cfb e-flex e-con-boxed e-con e-parent\" data-id=\"3ae1cfb\" data-element_type=\"container\" data-e-type=\"container\" data-settings=\"{&quot;background_background&quot;:&quot;classic&quot;}\">\n\t\t\t\t\t<div class=\"e-con-inner\">\n\t\t<div data-particle_enable=\"false\" data-particle-mobile-disabled=\"false\" class=\"elementor-element elementor-element-7fec1a4 e-con-full e-flex e-con e-child\" data-id=\"7fec1a4\" data-element_type=\"container\" data-e-type=\"container\">\n\t\t\t\t<div class=\"elementor-element elementor-element-82b36b2 eael-team-align-eael-team-align-default elementor-widget elementor-widget-eael-team-member\" data-id=\"82b36b2\" data-element_type=\"widget\" data-e-type=\"widget\" data-widget_type=\"eael-team-member.default\">\n\t\t\t\t<div class=\"elementor-widget-container\">\n\t\t\t\t\t\n\n\t<div id=\"eael-team-member-82b36b2\" class=\"eael-team-item eael-team-members-social-bottom \">\n\t\t<div class=\"eael-team-item-inner\">\n\t\t\t<div class=\"eael-team-image\">\n\t\t\t\t<figure>\n\t\t\t\t\t\t\t\t\t\t<img decoding=\"async\" src=\"https:\/\/premiosaepev.es\/wp-content\/uploads\/2025\/07\/result_JESUSALVAREZ1.jpeg\" alt=\"Jes\u00fas \u00c1lvarez\">\n\t\t\t\t\t\t\t\t\t<\/figure>\n\t\t\t\t\n\t\t\t\t\n\t\t\t<\/div>\n\n\t\t\t<div class=\"eael-team-content\">\n\t\t\t\t<h1 class=\"eael-team-member-name\">JES\u00daS ALVAREZ DE YRAOLA<\/h1><h6 class=\"eael-team-member-position\"><\/h6>\n\t\t\t\t\t\t\t\t\t        <p class=\"eael-team-text\"><div style=\"margin: 20px 0\">\n  <p>Enologo (Membro della FEAE), laureato in Geografia; Certificatore, Consulente e Valutatore di sommellerie e cucina (Conselleria de Econom\u00eda, Empleo y Competitividad, Comunit\u00e0 di Madrid).<br><br><br><br><br><\/p>\n  <p>Ex sommelier in ristoranti con stelle Michelin.<br><br><\/p>\n  <p>Degustatore in vari concorsi internazionali e nazionali: Challenge International du Vin 1991, Bacchus, Baco, Cinve, Vi\u00f1a de Madrid.<br><br><\/p>\n  <p>Professore titolare presso la Escuela Superior de Hosteler\u00eda y Turismo de Madrid.<br><\/p>\n  <p><br>Concours des Vins en Blayais-Bourgeais, attualmente Challenge International du Vin.<br><br><\/p>\n<\/div>\n<\/p>\n\t\t\t\t\t\t\t\t\t<\/div>\n\t\t<\/div>\n\t<\/div>\n\t\t\t\t\t<\/div>\n\t\t\t\t<\/div>\n\t\t\t\t<\/div>\n\t\t<div data-particle_enable=\"false\" data-particle-mobile-disabled=\"false\" class=\"elementor-element elementor-element-3dc3227 e-con-full e-flex e-con e-child\" data-id=\"3dc3227\" data-element_type=\"container\" data-e-type=\"container\">\n\t\t\t\t<div class=\"elementor-element elementor-element-019f58b eael-team-align-eael-team-align-default elementor-widget elementor-widget-eael-team-member\" data-id=\"019f58b\" data-element_type=\"widget\" data-e-type=\"widget\" data-widget_type=\"eael-team-member.default\">\n\t\t\t\t<div class=\"elementor-widget-container\">\n\t\t\t\t\t\n\n\t<div id=\"eael-team-member-019f58b\" class=\"eael-team-item eael-team-members-social-bottom \">\n\t\t<div class=\"eael-team-item-inner\">\n\t\t\t<div class=\"eael-team-image\">\n\t\t\t\t<figure>\n\t\t\t\t\t\t\t\t\t\t<img decoding=\"async\" src=\"https:\/\/premiosaepev.es\/wp-content\/uploads\/2025\/07\/result_Anna_Datsenko.jpeg\" alt=\"\">\n\t\t\t\t\t\t\t\t\t<\/figure>\n\t\t\t\t\n\t\t\t\t\n\t\t\t<\/div>\n\n\t\t\t<div class=\"eael-team-content\">\n\t\t\t\t<h1 class=\"eael-team-member-name\">ANNA datsenko<\/h1><h6 class=\"eael-team-member-position\"><\/h6>\n\t\t\t\t\t\t\t\t\t        <p class=\"eael-team-text\"><div>\n  <p style=\"margin:20px 0\">\n Degustatrice russa, influencer di riferimento e specialista di vini per riviste in lingua russa pubblicate in Spagna.<br>\n  <\/p>\n\n  <p style=\"margin:20px 0\">\n <br>Esperta di comunicazione vitivinicola con esperienza, fa anche parte del panel di giurati dei Premi Zarcillo.\n  <\/p>\n<br><br><br><br><br><br>\n<br>\n<\/div>\n<\/p>\n\t\t\t\t\t\t\t\t\t<\/div>\n\t\t<\/div>\n\t<\/div>\n\t\t\t\t\t<\/div>\n\t\t\t\t<\/div>\n\t\t\t\t<\/div>\n\t\t\t\t\t<\/div>\n\t\t\t\t<\/div>\n\t\t<div data-particle_enable=\"false\" data-particle-mobile-disabled=\"false\" class=\"elementor-element elementor-element-dfbd8b8 e-flex e-con-boxed e-con e-parent\" data-id=\"dfbd8b8\" data-element_type=\"container\" data-e-type=\"container\" data-settings=\"{&quot;background_background&quot;:&quot;classic&quot;}\">\n\t\t\t\t\t<div class=\"e-con-inner\">\n\t\t<div data-particle_enable=\"false\" data-particle-mobile-disabled=\"false\" class=\"elementor-element elementor-element-a25c545 e-con-full e-flex e-con e-child\" data-id=\"a25c545\" data-element_type=\"container\" data-e-type=\"container\">\n\t\t\t\t<div class=\"elementor-element elementor-element-b8bbfd8 eael-team-align-eael-team-align-default elementor-widget elementor-widget-eael-team-member\" data-id=\"b8bbfd8\" data-element_type=\"widget\" data-e-type=\"widget\" data-widget_type=\"eael-team-member.default\">\n\t\t\t\t<div class=\"elementor-widget-container\">\n\t\t\t\t\t\n\n\t<div id=\"eael-team-member-b8bbfd8\" class=\"eael-team-item eael-team-members-social-bottom \">\n\t\t<div class=\"eael-team-item-inner\">\n\t\t\t<div class=\"eael-team-image\">\n\t\t\t\t<figure>\n\t\t\t\t\t\t\t\t\t\t<img decoding=\"async\" src=\"https:\/\/premiosaepev.es\/wp-content\/uploads\/2025\/07\/result_Foto-Elvira-Sanchez.jpg\" alt=\"\">\n\t\t\t\t\t\t\t\t\t<\/figure>\n\t\t\t\t\n\t\t\t\t\n\t\t\t<\/div>\n\n\t\t\t<div class=\"eael-team-content\">\n\t\t\t\t<h1 class=\"eael-team-member-name\">Elvira S\u00e1nchez<\/h1><h6 class=\"eael-team-member-position\"><\/h6>\n\t\t\t\t\t\t\t\t\t        <p class=\"eael-team-text\"><div style=\"margin: 20px 0\">\n Possiede una solida formazione come Sommelier presso la Escuela Espa\u00f1ola de Cata di Madrid, a cui si aggiunge una carriera consolidata come divulgatrice del vino sia nei media digitali che audiovisivi.<br><br> \n    <br><br> <br>\u00c8 membro attivo di rinomate associazioni del settore ed \u00e8 accreditata come Formatore Omologato di diverse Denominazioni di Origine spagnole, il che le conferisce una visione ampia, tecnica e aggiornata del panorama vitivinicolo nazionale.<br> \n    <br><br> <br>La sua attivit\u00e0 di divulgazione attraverso il blog e il programma televisivo \u201cDe Bodegas con la Bruja Viri\u201d, che dirige e conduce, completa il suo profilo professionale avvicinando il mondo del vino al grande pubblico. Con oltre 300 cantine visitate e documentate, ha portato esperienza, criterio e obiettivit\u00e0 nel suo ruolo di giurata nei diversi concorsi di degustazione a cui ha partecipato, sia a livello nazionale che internazionale, tra cui spiccano il Concorso di Vini del Real Casino de Madrid e il Certame Internazionale di Vini di Spagna e Portogallo VinDuero-VinDouro.<br> \n<\/div>\n<\/p>\n\t\t\t\t\t\t\t\t\t<\/div>\n\t\t<\/div>\n\t<\/div>\n\t\t\t\t\t<\/div>\n\t\t\t\t<\/div>\n\t\t\t\t<\/div>\n\t\t<div data-particle_enable=\"false\" data-particle-mobile-disabled=\"false\" class=\"elementor-element elementor-element-63a45cf e-con-full e-flex e-con e-child\" data-id=\"63a45cf\" data-element_type=\"container\" data-e-type=\"container\">\n\t\t\t\t<div class=\"elementor-element elementor-element-1c74640 eael-team-align-eael-team-align-default elementor-widget elementor-widget-eael-team-member\" data-id=\"1c74640\" data-element_type=\"widget\" data-e-type=\"widget\" data-widget_type=\"eael-team-member.default\">\n\t\t\t\t<div class=\"elementor-widget-container\">\n\t\t\t\t\t\n\n\t<div id=\"eael-team-member-1c74640\" class=\"eael-team-item eael-team-members-social-bottom \">\n\t\t<div class=\"eael-team-item-inner\">\n\t\t\t<div class=\"eael-team-image\">\n\t\t\t\t<figure>\n\t\t\t\t\t\t\t\t\t\t<img decoding=\"async\" src=\"https:\/\/premiosaepev.es\/wp-content\/uploads\/2025\/07\/result_Nieves-cata.jpg\" alt=\"\">\n\t\t\t\t\t\t\t\t\t<\/figure>\n\t\t\t\t\n\t\t\t\t\n\t\t\t<\/div>\n\n\t\t\t<div class=\"eael-team-content\">\n\t\t\t\t<h1 class=\"eael-team-member-name\">Nieves Caballero Barrig\u00f3n<\/h1><h6 class=\"eael-team-member-position\"><\/h6>\n\t\t\t\t\t\t\t\t\t        <p class=\"eael-team-text\"><div>\n  <p style=\"margin:20px 0\">\n <br>Ha lavorato per 32 anni a El Norte de Castilla. Attualmente collabora al programma di gastronomia e cultura <em>En un Lugar de la Panza<\/em>, di Radio Marca Valladolid. \n  <\/p>\n\n  <p style=\"margin:20px 0\">\n <br>Specialista in analisi sensoriale. Partecipa alle degustazioni alla cieca dei Premi Zarcillo (Junta de Castilla y Le\u00f3n), Premi Sarmiento (Comune di La Seca), Concorso Nazionale delle Cantine Cooperative Premi Manojo (Unione Regionale delle Cooperative Agricole di Castilla y Le\u00f3n - Urcacyl), Concours Mondial de Bruxelles e CINVE.<br> \n  <\/p>\n\n  <p style=\"margin:20px 0\">\n Ha inoltre fatto parte dei panel di degustazione per la classificazione delle annate delle denominazioni di origine Cigales, Rueda, Ribera del Duero, Arlanza, Bierzo, Toro, Le\u00f3n, Arribes e Sierra de Salamanca.\n  <\/p>\n<br><br><br>\n<br><\/div>\n<\/p>\n\t\t\t\t\t\t\t\t\t<\/div>\n\t\t<\/div>\n\t<\/div>\n\t\t\t\t\t<\/div>\n\t\t\t\t<\/div>\n\t\t\t\t<\/div>\n\t\t\t\t\t<\/div>\n\t\t\t\t<\/div>\n\t\t<div data-particle_enable=\"false\" data-particle-mobile-disabled=\"false\" class=\"elementor-element elementor-element-10aa94e e-flex e-con-boxed e-con e-parent\" data-id=\"10aa94e\" data-element_type=\"container\" data-e-type=\"container\" data-settings=\"{&quot;background_background&quot;:&quot;classic&quot;}\">\n\t\t\t\t\t<div class=\"e-con-inner\">\n\t\t<div data-particle_enable=\"false\" data-particle-mobile-disabled=\"false\" class=\"elementor-element elementor-element-26ef589 e-con-full e-flex e-con e-child\" data-id=\"26ef589\" data-element_type=\"container\" data-e-type=\"container\">\n\t\t\t\t<div class=\"elementor-element elementor-element-1fda7e5 eael-team-align-eael-team-align-default elementor-widget elementor-widget-eael-team-member\" data-id=\"1fda7e5\" data-element_type=\"widget\" data-e-type=\"widget\" data-widget_type=\"eael-team-member.default\">\n\t\t\t\t<div class=\"elementor-widget-container\">\n\t\t\t\t\t\n\n\t<div id=\"eael-team-member-1fda7e5\" class=\"eael-team-item eael-team-members-social-bottom \">\n\t\t<div class=\"eael-team-item-inner\">\n\t\t\t<div class=\"eael-team-image\">\n\t\t\t\t<figure>\n\t\t\t\t\t\t\t\t\t\t<img decoding=\"async\" src=\"https:\/\/premiosaepev.es\/wp-content\/uploads\/2025\/07\/result_Ana-belen.jpeg\" alt=\"\">\n\t\t\t\t\t\t\t\t\t<\/figure>\n\t\t\t\t\n\t\t\t\t\n\t\t\t<\/div>\n\n\t\t\t<div class=\"eael-team-content\">\n\t\t\t\t<h1 class=\"eael-team-member-name\">Ana Belen Toribio<\/h1><h6 class=\"eael-team-member-position\"><\/h6>\n\t\t\t\t\t\t\t\t\t        <p class=\"eael-team-text\"><div style=\"margin: 20px 0\">\n    <p>Degustatrice professionista. Giornalista e sommelier qualificata. CEO e direttrice della rivista www.gastroystyle.com. Esperta in analisi sensoriale e nella comunicazione del vino.   <\/p>\n\n    <p>Membro dell\u2019Asociaci\u00f3n de la Prensa de Madrid (APM), di ASUMAD (Asociaci\u00f3n de Sumilleres Profesionales de Madrid) e dell\u2019AEPEV (Asociaci\u00f3n Espa\u00f1ola de Periodistas y Escritores del Vino).<\/p>\n\n    <p>Giurata internazionale in degustazioni alla cieca in concorsi come i Vinalies Internationales, VinDuero-VinDouro e il Real Casino de Madrid, tra gli altri, con partecipazione a diverse edizioni. \u00c8 inoltre giurata gastronomica in degustazioni alla cieca. <\/p>\n\n    <p>Appassionata di degustazioni e di concorsi di vino<\/p>\n<br><\/div><\/p>\n\t\t\t\t\t\t\t\t\t<\/div>\n\t\t<\/div>\n\t<\/div>\n\t\t\t\t\t<\/div>\n\t\t\t\t<\/div>\n\t\t\t\t<\/div>\n\t\t<div data-particle_enable=\"false\" data-particle-mobile-disabled=\"false\" class=\"elementor-element elementor-element-77b704b e-con-full e-flex e-con e-child\" data-id=\"77b704b\" data-element_type=\"container\" data-e-type=\"container\">\n\t\t\t\t<div class=\"elementor-element elementor-element-460b40e eael-team-align-eael-team-align-default elementor-widget elementor-widget-eael-team-member\" data-id=\"460b40e\" data-element_type=\"widget\" data-e-type=\"widget\" data-widget_type=\"eael-team-member.default\">\n\t\t\t\t<div class=\"elementor-widget-container\">\n\t\t\t\t\t\n\n\t<div id=\"eael-team-member-460b40e\" class=\"eael-team-item eael-team-members-social-bottom \">\n\t\t<div class=\"eael-team-item-inner\">\n\t\t\t<div class=\"eael-team-image\">\n\t\t\t\t<figure>\n\t\t\t\t\t\t\t\t\t\t<img decoding=\"async\" src=\"https:\/\/premiosaepev.es\/wp-content\/uploads\/2025\/07\/result_Barbara.jpg\" alt=\"\">\n\t\t\t\t\t\t\t\t\t<\/figure>\n\t\t\t\t\n\t\t\t\t\n\t\t\t<\/div>\n\n\t\t\t<div class=\"eael-team-content\">\n\t\t\t\t<h1 class=\"eael-team-member-name\">B\u00e1rbara Mart\u00ednez<\/h1><h6 class=\"eael-team-member-position\"><\/h6>\n\t\t\t\t\t\t\t\t\t        <p class=\"eael-team-text\"><div>\n  <p>B\u00e1rbara Mart\u00ednez, conosciuta come @barbireando, \u00e8 una content creator specializzata in vino, marketing ed esperienze sensoriali.<\/p>\n\n  <p>Riconosciuta nel wine marketing da Vinoinfluencers e premiata da Wine Up come miglior content creator del 2025, \u00e8 una delle voci pi\u00f9 influenti del settore.<\/p>\n\n  <p>Unisce la sua passione per il vino alla comunicazione digitale, dando visibilit\u00e0 a progetti, cantine e professionisti attraverso contenuti autentici, basati su storytelling, tendenze e conoscenza.<\/p>\n\n  <p>Come degustatrice professionista, apporta criterio e rigore nelle degustazioni e nelle collaborazioni.<\/p>\n\n  <p>Il suo lavoro si concentra sulla creazione di contenuti, sulla progettazione di esperienze e sull\u2019avvicinamento della cultura del vino a nuovi pubblici.<\/p>\n<\/div><\/p>\n\t\t\t\t\t\t\t\t\t<\/div>\n\t\t<\/div>\n\t<\/div>\n\t\t\t\t\t<\/div>\n\t\t\t\t<\/div>\n\t\t\t\t<\/div>\n\t\t\t\t\t<\/div>\n\t\t\t\t<\/div>\n\t\t<div data-particle_enable=\"false\" data-particle-mobile-disabled=\"false\" class=\"elementor-element elementor-element-c7802d5 e-flex e-con-boxed e-con e-parent\" data-id=\"c7802d5\" data-element_type=\"container\" data-e-type=\"container\" data-settings=\"{&quot;background_background&quot;:&quot;classic&quot;}\">\n\t\t\t\t\t<div class=\"e-con-inner\">\n\t\t<div data-particle_enable=\"false\" data-particle-mobile-disabled=\"false\" class=\"elementor-element elementor-element-c2fa1a6 e-con-full e-flex e-con e-child\" data-id=\"c2fa1a6\" data-element_type=\"container\" data-e-type=\"container\">\n\t\t\t\t<div class=\"elementor-element elementor-element-a4f77f6 eael-team-align-eael-team-align-default elementor-widget elementor-widget-eael-team-member\" data-id=\"a4f77f6\" data-element_type=\"widget\" data-e-type=\"widget\" data-widget_type=\"eael-team-member.default\">\n\t\t\t\t<div class=\"elementor-widget-container\">\n\t\t\t\t\t\n\n\t<div id=\"eael-team-member-a4f77f6\" class=\"eael-team-item eael-team-members-social-bottom \">\n\t\t<div class=\"eael-team-item-inner\">\n\t\t\t<div class=\"eael-team-image\">\n\t\t\t\t<figure>\n\t\t\t\t\t\t\t\t\t\t<img decoding=\"async\" src=\"https:\/\/premiosaepev.es\/wp-content\/uploads\/2025\/07\/result_Jonatan.jpeg\" alt=\"\">\n\t\t\t\t\t\t\t\t\t<\/figure>\n\t\t\t\t\n\t\t\t\t\n\t\t\t<\/div>\n\n\t\t\t<div class=\"eael-team-content\">\n\t\t\t\t<h1 class=\"eael-team-member-name\">Jonatan Armengol<\/h1><h6 class=\"eael-team-member-position\"><\/h6>\n\t\t\t\t\t\t\t\t\t        <p class=\"eael-team-text\"><div style=\"margin:20px 0\">\n Direttore di \u201cComer a Ciegas\u201d su Radio Intereconom\u00eda e specialista sensoriale.<br>Giornalista enogastronomico non vedente con ampia esperienza come giurato internazionale.<br>Oltre a numerosi concorsi gastronomici, fa parte di Ecoracimos e ha partecipato in passato a Magnum, Nuevo Vino e a numerose analisi per la TV.\n\n<br>\n<br>\n<\/div>\n<\/p>\n\t\t\t\t\t\t\t\t\t<\/div>\n\t\t<\/div>\n\t<\/div>\n\t\t\t\t\t<\/div>\n\t\t\t\t<\/div>\n\t\t\t\t<\/div>\n\t\t<div data-particle_enable=\"false\" data-particle-mobile-disabled=\"false\" class=\"elementor-element elementor-element-37137f1 e-con-full e-flex e-con e-child\" data-id=\"37137f1\" data-element_type=\"container\" data-e-type=\"container\">\n\t\t\t\t<div class=\"elementor-element elementor-element-7582e85 eael-team-align-eael-team-align-default elementor-widget elementor-widget-eael-team-member\" data-id=\"7582e85\" data-element_type=\"widget\" data-e-type=\"widget\" data-widget_type=\"eael-team-member.default\">\n\t\t\t\t<div class=\"elementor-widget-container\">\n\t\t\t\t\t\n\n\t<div id=\"eael-team-member-7582e85\" class=\"eael-team-item eael-team-members-social-bottom \">\n\t\t<div class=\"eael-team-item-inner\">\n\t\t\t<div class=\"eael-team-image\">\n\t\t\t\t<figure>\n\t\t\t\t\t\t\t\t\t\t<img decoding=\"async\" src=\"https:\/\/premiosaepev.es\/wp-content\/uploads\/2025\/07\/result_ARRAIZA.jpeg\" alt=\"\">\n\t\t\t\t\t\t\t\t\t<\/figure>\n\t\t\t\t\n\t\t\t\t\n\t\t\t<\/div>\n\n\t\t\t<div class=\"eael-team-content\">\n\t\t\t\t<h1 class=\"eael-team-member-name\">Elena Arraiza<\/h1><h6 class=\"eael-team-member-position\"><\/h6>\n\t\t\t\t\t\t\t\t\t        <p class=\"eael-team-text\"><div style=\"margin:20px 0\">\nGiornalista specializzata in comunicazione, promozione ed eventi legati al vino, con oltre 18 anni di esperienza nel settore vitivinicolo.<br>Ha partecipato come giurata al Concours Mondial de Bruxelles e ad altri concorsi di ambito regionale, collaborando regolarmente a iniziative culturali e degustazioni enologiche, offrendo una visione strategica e divulgativa del mondo del vino.<br>\n  <br>  <br>\n<\/div>\n<\/p>\n\t\t\t\t\t\t\t\t\t<\/div>\n\t\t<\/div>\n\t<\/div>\n\t\t\t\t\t<\/div>\n\t\t\t\t<\/div>\n\t\t\t\t<\/div>\n\t\t\t\t\t<\/div>\n\t\t\t\t<\/div>\n\t\t<div data-particle_enable=\"false\" data-particle-mobile-disabled=\"false\" class=\"elementor-element elementor-element-6fc6944 e-flex e-con-boxed e-con e-parent\" data-id=\"6fc6944\" data-element_type=\"container\" data-e-type=\"container\" data-settings=\"{&quot;background_background&quot;:&quot;classic&quot;}\">\n\t\t\t\t\t<div class=\"e-con-inner\">\n\t\t<div data-particle_enable=\"false\" data-particle-mobile-disabled=\"false\" class=\"elementor-element elementor-element-f9b8106 e-con-full e-flex e-con e-child\" data-id=\"f9b8106\" data-element_type=\"container\" data-e-type=\"container\">\n\t\t\t\t<div class=\"elementor-element elementor-element-cf2f64b eael-team-align-eael-team-align-default elementor-widget elementor-widget-eael-team-member\" data-id=\"cf2f64b\" data-element_type=\"widget\" data-e-type=\"widget\" data-widget_type=\"eael-team-member.default\">\n\t\t\t\t<div class=\"elementor-widget-container\">\n\t\t\t\t\t\n\n\t<div id=\"eael-team-member-cf2f64b\" class=\"eael-team-item eael-team-members-social-bottom \">\n\t\t<div class=\"eael-team-item-inner\">\n\t\t\t<div class=\"eael-team-image\">\n\t\t\t\t<figure>\n\t\t\t\t\t\t\t\t\t\t<img decoding=\"async\" src=\"https:\/\/premiosaepev.es\/wp-content\/uploads\/2025\/07\/result_Cristina-Tierno.jpg\" alt=\"\">\n\t\t\t\t\t\t\t\t\t<\/figure>\n\t\t\t\t\n\t\t\t\t\n\t\t\t<\/div>\n\n\t\t\t<div class=\"eael-team-content\">\n\t\t\t\t<h1 class=\"eael-team-member-name\">Cristina Tierno Conde<\/h1><h6 class=\"eael-team-member-position\"><\/h6>\n\t\t\t\t\t\t\t\t\t        <p class=\"eael-team-text\"><div style=\"margin:20px 0\">\n <br>Sommelier e Master in Viticoltura, Enologia e Marketing del Vino. Con una solida formazione tecnica, dal 2005 \u00e8 giurata in concorsi e guide specializzate.<br>  \n  <br> Partecipa a concorsi di rilievo a livello nazionale e internazionale come Portugal Wine Trophy, Premi Baco (UEC), Zarcillo, Vinduero-Vindouro, tra gli altri, ed \u00e8 presidente di tavolo al Concours Mondial de Bruxelles, sia nella sua edizione dei Vini che in quella degli Spirits.<br> \n  <br> Membro del panel di degustazione di Madrid della Guida Verema. Responsabile del Comitato Distillati della AEPEV e della sezione Vino di Mujeres en Gastronom\u00eda. Comunica attraverso Efecto Directo e @Tiernoquepido. \n<\/div>\n<\/p>\n\t\t\t\t\t\t\t\t\t<\/div>\n\t\t<\/div>\n\t<\/div>\n\t\t\t\t\t<\/div>\n\t\t\t\t<\/div>\n\t\t\t\t<\/div>\n\t\t<div data-particle_enable=\"false\" data-particle-mobile-disabled=\"false\" class=\"elementor-element elementor-element-8b83cb7 e-con-full e-flex e-con e-child\" data-id=\"8b83cb7\" data-element_type=\"container\" data-e-type=\"container\">\n\t\t\t\t<div class=\"elementor-element elementor-element-1a392ed eael-team-align-eael-team-align-default elementor-widget elementor-widget-eael-team-member\" data-id=\"1a392ed\" data-element_type=\"widget\" data-e-type=\"widget\" data-widget_type=\"eael-team-member.default\">\n\t\t\t\t<div class=\"elementor-widget-container\">\n\t\t\t\t\t\n\n\t<div id=\"eael-team-member-1a392ed\" class=\"eael-team-item eael-team-members-social-bottom \">\n\t\t<div class=\"eael-team-item-inner\">\n\t\t\t<div class=\"eael-team-image\">\n\t\t\t\t<figure>\n\t\t\t\t\t\t\t\t\t\t<img decoding=\"async\" src=\"https:\/\/premiosaepev.es\/wp-content\/uploads\/2025\/07\/result_jimmylim.jpeg\" alt=\"\">\n\t\t\t\t\t\t\t\t\t<\/figure>\n\t\t\t\t\n\t\t\t\t\n\t\t\t<\/div>\n\n\t\t\t<div class=\"eael-team-content\">\n\t\t\t\t<h1 class=\"eael-team-member-name\">Jimmy Lim<\/h1><h6 class=\"eael-team-member-position\"><\/h6>\n\t\t\t\t\t\t\t\t\t        <p class=\"eael-team-text\"><div style=\"margin:20px 0\">\n Comunicatore e giornalista di gastronomia e vini, partecipa a diversi talk show, dove difende le proprie opinioni alla costante ricerca dei migliori vini nella sua rubrica \u201cLa Joya Oculta\u201d.<br>Wine designer con grande successo internazionale.<br>Membro delle giurie di concorsi come Nuevo Vino, Premi Magnum, Premi del Casino.<br>Membro del comitato organizzatore di Cinve.<br>Ampia esperienza nella selezione di vini per grandi hotel.\n\n<br>\n\n\n<br>\n<br>\n<\/div>\n<\/p>\n\t\t\t\t\t\t\t\t\t<\/div>\n\t\t<\/div>\n\t<\/div>\n\t\t\t\t\t<\/div>\n\t\t\t\t<\/div>\n\t\t\t\t<\/div>\n\t\t\t\t\t<\/div>\n\t\t\t\t<\/div>\n\t\t<div data-particle_enable=\"false\" data-particle-mobile-disabled=\"false\" class=\"elementor-element elementor-element-37f47d5 e-flex e-con-boxed e-con e-parent\" data-id=\"37f47d5\" data-element_type=\"container\" data-e-type=\"container\" data-settings=\"{&quot;background_background&quot;:&quot;classic&quot;}\">\n\t\t\t\t\t<div class=\"e-con-inner\">\n\t\t<div data-particle_enable=\"false\" data-particle-mobile-disabled=\"false\" class=\"elementor-element elementor-element-c78391d e-con-full e-flex e-con e-child\" data-id=\"c78391d\" data-element_type=\"container\" data-e-type=\"container\">\n\t\t\t\t<div class=\"elementor-element elementor-element-d1435e4 eael-team-align-eael-team-align-default elementor-widget elementor-widget-eael-team-member\" data-id=\"d1435e4\" data-element_type=\"widget\" data-e-type=\"widget\" data-widget_type=\"eael-team-member.default\">\n\t\t\t\t<div class=\"elementor-widget-container\">\n\t\t\t\t\t\n\n\t<div id=\"eael-team-member-d1435e4\" class=\"eael-team-item eael-team-members-social-bottom \">\n\t\t<div class=\"eael-team-item-inner\">\n\t\t\t<div class=\"eael-team-image\">\n\t\t\t\t<figure>\n\t\t\t\t\t\t\t\t\t\t<img decoding=\"async\" src=\"https:\/\/premiosaepev.es\/wp-content\/uploads\/2025\/07\/result_CelsoVazquez.jpeg\" alt=\"\">\n\t\t\t\t\t\t\t\t\t<\/figure>\n\t\t\t\t\n\t\t\t\t\n\t\t\t<\/div>\n\n\t\t\t<div class=\"eael-team-content\">\n\t\t\t\t<h1 class=\"eael-team-member-name\">Celso V\u00e1zquez Manzanares<\/h1><h6 class=\"eael-team-member-position\"><\/h6>\n\t\t\t\t\t\t\t\t\t        <p class=\"eael-team-text\"><div style=\"margin:20px 0\"> <p> Ha studiato Giornalismo presso la Facultad de Ciencias de la Informaci\u00f3n di Madrid, conciliando gli studi con lavori presso federazioni sportive e aziende di eventi.<br><br> Ha sviluppato la propria carriera in Televisi\u00f3n Espa\u00f1ola, Antena 3 Radio, Cadena COPE e nella stampa specializzata, per poi ricoprire incarichi nel settore privato come Segretario Generale e Direttore in associazioni di livello statale.<br> \u00c8 Professore dell\u2019Academia de la Televisi\u00f3n. <\/p> <p> La sua passione per la gastronomia si riflette nella partecipazione alla Sociedad Gastron\u00f3mica Txoko Zar, al Centro Riojano e a Euskal Etxea, nonch\u00e9 nel suo ruolo di giurato in concorsi nazionali e internazionali di cucina e di vini. <\/p> <p> \u00c8 cofondatore di Eltrotamantel.es insieme a Rafael Rinc\u00f3n e \u00c1ngel Mata, uno spazio dedicato alla diffusione della sua sensibilit\u00e0 per la gastronomia. <\/p>\n\n<\/div><\/p>\n\t\t\t\t\t\t\t\t\t<\/div>\n\t\t<\/div>\n\t<\/div>\n\t\t\t\t\t<\/div>\n\t\t\t\t<\/div>\n\t\t\t\t<\/div>\n\t\t<div data-particle_enable=\"false\" data-particle-mobile-disabled=\"false\" class=\"elementor-element elementor-element-479e4a7 e-con-full e-flex e-con e-child\" data-id=\"479e4a7\" data-element_type=\"container\" data-e-type=\"container\">\n\t\t\t\t<div class=\"elementor-element elementor-element-0a0a7ae eael-team-align-eael-team-align-default elementor-widget elementor-widget-eael-team-member\" data-id=\"0a0a7ae\" data-element_type=\"widget\" data-e-type=\"widget\" data-widget_type=\"eael-team-member.default\">\n\t\t\t\t<div class=\"elementor-widget-container\">\n\t\t\t\t\t\n\n\t<div id=\"eael-team-member-0a0a7ae\" class=\"eael-team-item eael-team-members-social-bottom \">\n\t\t<div class=\"eael-team-item-inner\">\n\t\t\t<div class=\"eael-team-image\">\n\t\t\t\t<figure>\n\t\t\t\t\t\t\t\t\t\t<img decoding=\"async\" src=\"https:\/\/premiosaepev.es\/wp-content\/uploads\/2025\/07\/result_Galicia-Ho.jpg\" alt=\"\">\n\t\t\t\t\t\t\t\t\t<\/figure>\n\t\t\t\t\n\t\t\t\t\n\t\t\t<\/div>\n\n\t\t\t<div class=\"eael-team-content\">\n\t\t\t\t<h1 class=\"eael-team-member-name\">Hosanna Josefina Pe\u00f1a Villalona<\/h1><h6 class=\"eael-team-member-position\"><\/h6>\n\t\t\t\t\t\t\t\t\t        <p class=\"eael-team-text\"><div style=\"margin:20px 0\">\n Amministratore aziendale \/ Comunicazione\nGiornalismo eno-gastronomico, culturale e di viaggio<br>Specialista in aromi \/ co-fondatore dell'esperienza El Perfume del Vino<br>Co-autore dello studio Aromi del Vino pubblicato nella casa editrice ELSEVIER<br>Ho partecipato come giuria di degustazione a diversi concorsi:<br>Vinoro<br>Vino e donne<br>Degustazione di vini di qualit\u00e0 \u2013 La Mancha Regulatory Council (per 5 anni)<br>Degustazione di qualit\u00e0 \/ Vintage \u2013 Cigales Regulatory Council (3 anni)<br>Degustazione storica Chivite<br>Degustazione di Alb\n<br>\n<\/p>\n\t\t\t\t\t\t\t\t\t<\/div>\n\t\t<\/div>\n\t<\/div>\n\t\t\t\t\t<\/div>\n\t\t\t\t<\/div>\n\t\t\t\t<\/div>\n\t\t\t\t\t<\/div>\n\t\t\t\t<\/div>\n\t\t<div data-particle_enable=\"false\" data-particle-mobile-disabled=\"false\" class=\"elementor-element elementor-element-c33b7b4 e-flex e-con-boxed e-con e-parent\" data-id=\"c33b7b4\" data-element_type=\"container\" data-e-type=\"container\" data-settings=\"{&quot;background_background&quot;:&quot;classic&quot;}\">\n\t\t\t\t\t<div class=\"e-con-inner\">\n\t\t<div data-particle_enable=\"false\" data-particle-mobile-disabled=\"false\" class=\"elementor-element elementor-element-f6dd04a e-con-full e-flex e-con e-child\" data-id=\"f6dd04a\" data-element_type=\"container\" data-e-type=\"container\">\n\t\t\t\t<div class=\"elementor-element elementor-element-fb3a299 eael-team-align-eael-team-align-default elementor-widget elementor-widget-eael-team-member\" data-id=\"fb3a299\" data-element_type=\"widget\" data-e-type=\"widget\" data-widget_type=\"eael-team-member.default\">\n\t\t\t\t<div class=\"elementor-widget-container\">\n\t\t\t\t\t\n\n\t<div id=\"eael-team-member-fb3a299\" class=\"eael-team-item eael-team-members-social-bottom \">\n\t\t<div class=\"eael-team-item-inner\">\n\t\t\t<div class=\"eael-team-image\">\n\t\t\t\t<figure>\n\t\t\t\t\t\t\t\t\t\t<img decoding=\"async\" src=\"https:\/\/premiosaepev.es\/wp-content\/uploads\/2025\/07\/result_Toya-1.jpeg\" alt=\"\">\n\t\t\t\t\t\t\t\t\t<\/figure>\n\t\t\t\t\n\t\t\t\t\n\t\t\t<\/div>\n\n\t\t\t<div class=\"eael-team-content\">\n\t\t\t\t<h1 class=\"eael-team-member-name\">Toya de la Guardia Cassinello<\/h1><h6 class=\"eael-team-member-position\"><\/h6>\n\t\t\t\t\t\t\t\t\t        <p class=\"eael-team-text\"><div style=\"margin:20px 0\">\n  <p>\n Creatrice di contenuti enologici con oltre 30 anni di esperienza nella comunicazione, nel protocollo e nella promozione della cultura del vino. Ha iniziato la sua carriera gestendo la propria azienda di organizzazione eventi, per poi ricoprire il ruolo di Direttrice della Comunicazione e delle Relazioni Istituzionali in diverse organizzazioni private e governative del settore.\n  <\/p>\n\n  <p>\n Ha completato la propria formazione con diplomi e congressi dell\u2019Instituto de Protocolo e ha pubblicato articoli sulla Revista Internacional de Protocolo. \u00c8 stata la prima Direttrice della Comunicazione di Lavinia, considerata un vero punto di riferimento nel mondo del vino, e della rivista Restauradores. Ha inoltre ideato e lanciato a Panama un programma radiofonico pionieristico dedicato al vino e alla gastronomia, il primo del suo genere all\u2019interno del Gruppo Prisa. \n  <\/p>\n\n  <p>\n Attualmente \u00e8 CEO del blog Full Spain, dove condivide il suo know-how e le sue esperienze enoturistiche per avvicinare la cultura del vino spagnolo ai consumatori specializzati.\n  <\/p>\n\n  <p>\n Vincitrice del Premio 20Blogs (2020), \u00e8 membro dell\u2019AEPEV e dell\u2019Associazione delle Donne in Gastronomia, e possiede un master in Comunicazione e Giornalismo Gastronomico (The Foodie Studies).\n  <\/p>\n<\/div>\n<\/p>\n\t\t\t\t\t\t\t\t\t<\/div>\n\t\t<\/div>\n\t<\/div>\n\t\t\t\t\t<\/div>\n\t\t\t\t<\/div>\n\t\t\t\t<\/div>\n\t\t<div data-particle_enable=\"false\" data-particle-mobile-disabled=\"false\" class=\"elementor-element elementor-element-3228759 e-con-full e-flex e-con e-child\" data-id=\"3228759\" data-element_type=\"container\" data-e-type=\"container\">\n\t\t\t\t<div class=\"elementor-element elementor-element-0f51098 eael-team-align-eael-team-align-default elementor-widget elementor-widget-eael-team-member\" data-id=\"0f51098\" data-element_type=\"widget\" data-e-type=\"widget\" data-widget_type=\"eael-team-member.default\">\n\t\t\t\t<div class=\"elementor-widget-container\">\n\t\t\t\t\t\n\n\t<div id=\"eael-team-member-0f51098\" class=\"eael-team-item eael-team-members-social-bottom \">\n\t\t<div class=\"eael-team-item-inner\">\n\t\t\t<div class=\"eael-team-image\">\n\t\t\t\t<figure>\n\t\t\t\t\t\t\t\t\t\t<img decoding=\"async\" src=\"https:\/\/premiosaepev.es\/wp-content\/uploads\/2025\/07\/imresizer-anabelenmartin.png\" alt=\"\">\n\t\t\t\t\t\t\t\t\t<\/figure>\n\t\t\t\t\n\t\t\t\t\n\t\t\t<\/div>\n\n\t\t\t<div class=\"eael-team-content\">\n\t\t\t\t<h1 class=\"eael-team-member-name\">Ana Bel\u00e9n Martin Ampudia<\/h1><h6 class=\"eael-team-member-position\"><\/h6>\n\t\t\t\t\t\t\t\t\t        <p class=\"eael-team-text\"><div style=\"margin:20px 0\">\n  <p>\n Sommelier e divulgatrice esperta di vini andalusi, si \u00e8 formata presso la Escuela Espa\u00f1ola de Cata ed \u00e8 certificata WSET Livello 2 con distinzione. Procede de familia de bodegueros y en\u00f3logos, enfoc\u00e1ndose en la divulgaci\u00f3n de los Vinos de M\u00e1laga.\n  <\/p>\n\n  <p>\n Collabora con il Patronato de Turismo Costa del Sol, promuovendo questi vini a livello nazionale e internazionale attraverso degustazioni ed eventi.<br><br>\n  <\/p>\n\n  <p>\n Tiene degustazioni private, forma professionisti di sala e partecipa come degustatrice a concorsi quali il CINVE. \u00c8 inoltre formatrice accreditata da diverse Denominazioni di Origine e condivide contenuti divulgativi su Instagram (@andaluswines), unendo competenza, immediatezza comunicativa e un forte impegno nella tutela del patrimonio vitivinicolo del sud della Spagna.\n  <\/p>\n<br><br><br><br><br><br>\n<\/div>\n<\/p>\n\t\t\t\t\t\t\t\t\t<\/div>\n\t\t<\/div>\n\t<\/div>\n\t\t\t\t\t<\/div>\n\t\t\t\t<\/div>\n\t\t\t\t<\/div>\n\t\t\t\t\t<\/div>\n\t\t\t\t<\/div>\n\t\t<div data-particle_enable=\"false\" data-particle-mobile-disabled=\"false\" class=\"elementor-element elementor-element-bb1e815 e-flex e-con-boxed e-con e-parent\" data-id=\"bb1e815\" data-element_type=\"container\" data-e-type=\"container\" data-settings=\"{&quot;background_background&quot;:&quot;classic&quot;}\">\n\t\t\t\t\t<div class=\"e-con-inner\">\n\t\t<div data-particle_enable=\"false\" data-particle-mobile-disabled=\"false\" class=\"elementor-element elementor-element-d2b7f35 e-con-full e-flex e-con e-child\" data-id=\"d2b7f35\" data-element_type=\"container\" data-e-type=\"container\">\n\t\t\t\t<div class=\"elementor-element elementor-element-91e900f eael-team-align-eael-team-align-default elementor-widget elementor-widget-eael-team-member\" data-id=\"91e900f\" data-element_type=\"widget\" data-e-type=\"widget\" data-widget_type=\"eael-team-member.default\">\n\t\t\t\t<div class=\"elementor-widget-container\">\n\t\t\t\t\t\n\n\t<div id=\"eael-team-member-91e900f\" class=\"eael-team-item eael-team-members-social-bottom \">\n\t\t<div class=\"eael-team-item-inner\">\n\t\t\t<div class=\"eael-team-image\">\n\t\t\t\t<figure>\n\t\t\t\t\t\t\t\t\t\t<img decoding=\"async\" src=\"https:\/\/premiosaepev.es\/wp-content\/uploads\/2025\/07\/mariajosefreire2.jpeg\" alt=\"\">\n\t\t\t\t\t\t\t\t\t<\/figure>\n\t\t\t\t\n\t\t\t\t\n\t\t\t<\/div>\n\n\t\t\t<div class=\"eael-team-content\">\n\t\t\t\t<h1 class=\"eael-team-member-name\">Mar\u00eda Jos\u00e9 Freire<\/h1><h6 class=\"eael-team-member-position\"><\/h6>\n\t\t\t\t\t\t\t\t\t        <p class=\"eael-team-text\"><div style=\"margin: 20px 0\">\n  <p>Mar\u00eda Jos\u00e9 Freire \u00e8 una professionista di spicco nel mondo del vino, cresciuta tra le botti e animata da una passione nata fin dalla pi\u00f9 giovane et\u00e0. Il suo approccio unisce tradizione, cultura e tecnica, offrendo una visione completa del vino come esperienza sensoriale e culturale.<br> <\/p>\n  \n  <p>In Lauro Vinum, Mar\u00eda Jos\u00e9 si occupa di comunicazione, scrittura e divulgazione del vino, con un interesse particolare per i vini generosi e per la capacit\u00e0 di trasmettere la storia e l\u2019essenza di ogni bottiglia. I suoi testi combinano rigore nella degustazione e sensibilit\u00e0 narrativa, rendendo la lettura al tempo stesso formativa e coinvolgente. <\/p>\n  \n  <p>Come giurata, apporta una conoscenza profonda e trasversale del settore vitivinicolo, unendo competenza tecnica, sensibilit\u00e0 sensoriale e capacit\u00e0 di contestualizzare ogni vino all\u2019interno della sua tradizione e del suo territorio. La sua partecipazione garantisce una valutazione professionale, attenta e di grande valore nei concorsi e nelle degustazioni alla cieca. <\/p>\n<\/div><\/p>\n\t\t\t\t\t\t\t\t\t<\/div>\n\t\t<\/div>\n\t<\/div>\n\t\t\t\t\t<\/div>\n\t\t\t\t<\/div>\n\t\t\t\t<\/div>\n\t\t<div data-particle_enable=\"false\" data-particle-mobile-disabled=\"false\" class=\"elementor-element elementor-element-91a8cea e-con-full e-flex e-con e-child\" data-id=\"91a8cea\" data-element_type=\"container\" data-e-type=\"container\">\n\t\t\t\t<div class=\"elementor-element elementor-element-34b57be eael-team-align-eael-team-align-default elementor-widget elementor-widget-eael-team-member\" data-id=\"34b57be\" data-element_type=\"widget\" data-e-type=\"widget\" data-widget_type=\"eael-team-member.default\">\n\t\t\t\t<div class=\"elementor-widget-container\">\n\t\t\t\t\t\n\n\t<div id=\"eael-team-member-34b57be\" class=\"eael-team-item eael-team-members-social-bottom \">\n\t\t<div class=\"eael-team-item-inner\">\n\t\t\t<div class=\"eael-team-image\">\n\t\t\t\t<figure>\n\t\t\t\t\t\t\t\t\t\t<img decoding=\"async\" src=\"https:\/\/premiosaepev.es\/wp-content\/uploads\/2025\/07\/imresizer-vicentepastor.jpeg\" alt=\"\">\n\t\t\t\t\t\t\t\t\t<\/figure>\n\t\t\t\t\n\t\t\t\t\n\t\t\t<\/div>\n\n\t\t\t<div class=\"eael-team-content\">\n\t\t\t\t<h1 class=\"eael-team-member-name\">vicente pastor<\/h1><h6 class=\"eael-team-member-position\"><\/h6>\n\t\t\t\t\t\t\t\t\t        <p class=\"eael-team-text\"><div style=\"margin: 20px 0\">\n  <p>Vicente Pastor \u00e8 il fondatore di Lauro Vinum, una piattaforma dedicata alla cultura del vino e alle esperienze sensoriali.<\/p>\n\n  <p>Nel suo ruolo di fondatore unisce l\u2019esperienza da sommelier e degustatore a una visione strategica del progetto, assicurando che ogni contenuto, articolo o esperienza rispecchi la qualit\u00e0 e la passione proprie del mondo vitivinicolo.<\/p>\n\n  <p>La sua attivit\u00e0 comprende la direzione dei contenuti, l\u2019organizzazione di degustazioni ed esperienze in cantina, nonch\u00e9 la consulenza in ambito sommellerie per contesti aziendali e formativi.<\/p>\n\n  <p>Come giurato in concorsi vitivinicoli, apporta competenza, imparzialit\u00e0 e una visione d\u2019insieme del settore, garantendo valutazioni di qualit\u00e0 e contribuendo al riconoscimento dell\u2019eccellenza enologica.<\/p>\n<br>\n<\/div><\/p>\n\t\t\t\t\t\t\t\t\t<\/div>\n\t\t<\/div>\n\t<\/div>\n\t\t\t\t\t<\/div>\n\t\t\t\t<\/div>\n\t\t\t\t<\/div>\n\t\t\t\t\t<\/div>\n\t\t\t\t<\/div>\n\t\t<div data-particle_enable=\"false\" data-particle-mobile-disabled=\"false\" class=\"elementor-element elementor-element-a9dd43d e-flex e-con-boxed e-con e-parent\" data-id=\"a9dd43d\" data-element_type=\"container\" data-e-type=\"container\" data-settings=\"{&quot;background_background&quot;:&quot;classic&quot;}\">\n\t\t\t\t\t<div class=\"e-con-inner\">\n\t\t<div data-particle_enable=\"false\" data-particle-mobile-disabled=\"false\" class=\"elementor-element elementor-element-5640bbf e-con-full e-flex e-con e-child\" data-id=\"5640bbf\" data-element_type=\"container\" data-e-type=\"container\">\n\t\t\t\t<div class=\"elementor-element elementor-element-e1c9396 eael-team-align-eael-team-align-default elementor-widget elementor-widget-eael-team-member\" data-id=\"e1c9396\" data-element_type=\"widget\" data-e-type=\"widget\" data-widget_type=\"eael-team-member.default\">\n\t\t\t\t<div class=\"elementor-widget-container\">\n\t\t\t\t\t\n\n\t<div id=\"eael-team-member-e1c9396\" class=\"eael-team-item eael-team-members-social-bottom \">\n\t\t<div class=\"eael-team-item-inner\">\n\t\t\t<div class=\"eael-team-image\">\n\t\t\t\t<figure>\n\t\t\t\t\t\t\t\t\t\t<img decoding=\"async\" src=\"https:\/\/premiosaepev.es\/wp-content\/uploads\/2025\/07\/imresizer-hervegomez.jpg\" alt=\"\">\n\t\t\t\t\t\t\t\t\t<\/figure>\n\t\t\t\t\n\t\t\t\t\n\t\t\t<\/div>\n\n\t\t\t<div class=\"eael-team-content\">\n\t\t\t\t<h1 class=\"eael-team-member-name\">Herv\u00e9 G\u00f3mez<\/h1><h6 class=\"eael-team-member-position\"><\/h6>\n\t\t\t\t\t\t\t\t\t        <p class=\"eael-team-text\"><div style=\"margin:20px 0\">\n  <p>\n Specialista nell\u2019analisi di vini spagnoli e internazionali, si dedica a tempo pieno al mondo del vino dal 2010. Valuta oltre 500 referenze all\u2019anno, partecipando attivamente a saloni, fiere, visite ai produttori ed eventi enologici in tutta Europa. La sua attivit\u00e0 si concentra sull\u2019analisi sensoriale, sulla divulgazione e sulla promozione della cultura del vino.  \n  <\/p>\n  <p>\n Presenza digitale e divulgazione: dal 2010 condivide recensioni, abbinamenti, tendenze ed esperienze gastronomiche attraverso il suo blog www.enogourmet.es e su Instagram (@enogourmet_blog).<br>\n  <\/p>\n  <p>\n Esperienza come giurato: dal 2022 \u00e8 degustatore per diversi concorsi PROAVA, in rappresentanza della Comunit\u00e0 Valenciana, e dal 2025 degustatore AEPEV per vini nazionali e internazionali, mettendo a disposizione il proprio criterio professionale nella selezione dei migliori vini e distillati.\n  <\/p>\n  <br>  <br>\n<\/div><\/p>\n\t\t\t\t\t\t\t\t\t<\/div>\n\t\t<\/div>\n\t<\/div>\n\t\t\t\t\t<\/div>\n\t\t\t\t<\/div>\n\t\t\t\t<\/div>\n\t\t<div data-particle_enable=\"false\" data-particle-mobile-disabled=\"false\" class=\"elementor-element elementor-element-2a77124 e-con-full e-flex e-con e-child\" data-id=\"2a77124\" data-element_type=\"container\" data-e-type=\"container\">\n\t\t\t\t<div class=\"elementor-element elementor-element-f694696 eael-team-align-eael-team-align-default elementor-widget elementor-widget-eael-team-member\" data-id=\"f694696\" data-element_type=\"widget\" data-e-type=\"widget\" data-widget_type=\"eael-team-member.default\">\n\t\t\t\t<div class=\"elementor-widget-container\">\n\t\t\t\t\t\n\n\t<div id=\"eael-team-member-f694696\" class=\"eael-team-item eael-team-members-social-bottom \">\n\t\t<div class=\"eael-team-item-inner\">\n\t\t\t<div class=\"eael-team-image\">\n\t\t\t\t<figure>\n\t\t\t\t\t\t\t\t\t\t<img decoding=\"async\" src=\"https:\/\/premiosaepev.es\/wp-content\/uploads\/2025\/07\/imresizer-Maurizio-Limiti.jpeg\" alt=\"\">\n\t\t\t\t\t\t\t\t\t<\/figure>\n\t\t\t\t\n\t\t\t\t\n\t\t\t<\/div>\n\n\t\t\t<div class=\"eael-team-content\">\n\t\t\t\t<h1 class=\"eael-team-member-name\">Maurizio Limiti<\/h1><h6 class=\"eael-team-member-position\"><\/h6>\n\t\t\t\t\t\t\t\t\t        <p class=\"eael-team-text\"><div style=\"margin:20px 0\">\n  <p>Sommelier diplomato presso la Escuela Matritense del Vino e presso il Consejo Regulador de Jerez-Sanl\u00facar de Barrameda, con una solida formazione in viticoltura, enologia e analisi sensoriale del vino.<br> <br> <br> <br> <br> <br><\/p>\n\n  <p>Ha sviluppato la propria carriera professionale partecipando attivamente a degustazioni, eventi e progetti di divulgazione legati al mondo del vino, contribuendo alla diffusione della conoscenza enologica e della cultura vitivinicola.<br><\/p>\n\n  <p>\u00c8 stato relatore al Parlamento europeo di Strasburgo in occasione di \u201cRediscovering Europe\u2019s Forgotten Grapes\u201d, un incontro internazionale incentrato sul recupero degli ibridi produttori diretti, sul loro valore storico e sul loro potenziale nella viticoltura contemporanea.<br>Il suo intervento si inserisce nel dibattito sulla riforma del Pacchetto Vino dell\u2019Unione Europea e sulle sue future implicazioni, offrendo una visione insieme tecnica e divulgativa dell\u2019evoluzione del settore vitivinicolo europeo.<br><\/p>\n\n  <p>Il suo intervento si inserisce nel dibattito sulla riforma del Pacchetto Vino dell\u2019Unione Europea e sulle sue future implicazioni, offrendo una visione insieme tecnica e divulgativa dell\u2019evoluzione del settore vitivinicolo europeo.<\/p>\n<\/div><\/p>\n\t\t\t\t\t\t\t\t\t<\/div>\n\t\t<\/div>\n\t<\/div>\n\t\t\t\t\t<\/div>\n\t\t\t\t<\/div>\n\t\t\t\t<\/div>\n\t\t\t\t\t<\/div>\n\t\t\t\t<\/div>\n\t\t<div data-particle_enable=\"false\" data-particle-mobile-disabled=\"false\" class=\"elementor-element elementor-element-c827f02 e-flex e-con-boxed e-con e-parent\" data-id=\"c827f02\" data-element_type=\"container\" data-e-type=\"container\" data-settings=\"{&quot;background_background&quot;:&quot;classic&quot;}\">\n\t\t\t\t\t<div class=\"e-con-inner\">\n\t\t<div data-particle_enable=\"false\" data-particle-mobile-disabled=\"false\" class=\"elementor-element elementor-element-2609dc2 e-con-full e-flex e-con e-child\" data-id=\"2609dc2\" data-element_type=\"container\" data-e-type=\"container\">\n\t\t\t\t<div class=\"elementor-element elementor-element-a38db31 eael-team-align-eael-team-align-default elementor-widget elementor-widget-eael-team-member\" data-id=\"a38db31\" data-element_type=\"widget\" data-e-type=\"widget\" data-widget_type=\"eael-team-member.default\">\n\t\t\t\t<div class=\"elementor-widget-container\">\n\t\t\t\t\t\n\n\t<div id=\"eael-team-member-a38db31\" class=\"eael-team-item eael-team-members-simple \">\n\t\t<div class=\"eael-team-item-inner\">\n\t\t\t<div class=\"eael-team-image\">\n\t\t\t\t<figure>\n\t\t\t\t\t\t\t\t\t\t<img decoding=\"async\" src=\"https:\/\/premiosaepev.es\/wp-content\/uploads\/2025\/07\/imresizer-LylianLoureiro.jpg\" alt=\"\">\n\t\t\t\t\t\t\t\t\t<\/figure>\n\t\t\t\t\n\t\t\t\t\n\t\t\t<\/div>\n\n\t\t\t<div class=\"eael-team-content\">\n\t\t\t\t<h1 class=\"eael-team-member-name\">Lylian Loureiro<\/h1><h6 class=\"eael-team-member-position\"><\/h6>\n\t\t\t\t\t\t\t\t\t\t\t\t\t\t<p class=\"eael-team-text\"><div style=\"margin:20px 0\"> <p> Giornalista e sommelier diplomata presso la Madrid Hospitality School. \u00c8 editrice della rivista <em>Vino y Cultura<\/em> e fondatrice di <strong>Cast\u00e1lia WineClub Mulheres do Vinho<\/strong> in Brasile.  <\/p> <p> Formatrice in ambito enologico, creatrice di eventi esperienziali ed esperta di enogastronomia. Dal 2003 partecipa professionalmente a degustazioni di vini in eventi in Brasile e in Spagna, tra cui <strong>Madrid Fusi\u00f3n, Vinoble, IberWines, Sal\u00f3n del Gourmets, Vinotech, Boa Mesa, Mais Paladar, Deguste Espanha, Expovinis Brasil <\/strong>e ProWine S\u00e3o Paulo.  <\/p> <p> Come giurata ha preso parte al concorso <strong>Bacchus <\/strong>di Madrid e, in qualit\u00e0 di sommelier, ha condotto degustazioni con abbinamento in hotel come l\u2019<strong>Hotel Intercontinental S\u00e3o Paulo<\/strong> e l\u2019<strong>Hotel Hesperia Madrid<\/strong>. <\/p>\n<br>\n<\/div><\/p>\n\t\t\t\t\t\t\t<\/div>\n\t\t<\/div>\n\t<\/div>\n\t\t\t\t\t<\/div>\n\t\t\t\t<\/div>\n\t\t\t\t<\/div>\n\t\t<div data-particle_enable=\"false\" data-particle-mobile-disabled=\"false\" class=\"elementor-element elementor-element-3d2b5b7 e-con-full e-flex e-con e-child\" data-id=\"3d2b5b7\" data-element_type=\"container\" data-e-type=\"container\">\n\t\t\t\t<div class=\"elementor-element elementor-element-5bc57f6 eael-team-align-eael-team-align-default elementor-widget elementor-widget-eael-team-member\" data-id=\"5bc57f6\" data-element_type=\"widget\" data-e-type=\"widget\" data-widget_type=\"eael-team-member.default\">\n\t\t\t\t<div class=\"elementor-widget-container\">\n\t\t\t\t\t\n\n\t<div id=\"eael-team-member-5bc57f6\" class=\"eael-team-item eael-team-members-social-bottom \">\n\t\t<div class=\"eael-team-item-inner\">\n\t\t\t<div class=\"eael-team-image\">\n\t\t\t\t<figure>\n\t\t\t\t\t\t\t\t\t\t<img decoding=\"async\" src=\"https:\/\/premiosaepev.es\/wp-content\/uploads\/2025\/07\/imresizer-JOSEANTONIOCRUZ.jpeg\" alt=\"\">\n\t\t\t\t\t\t\t\t\t<\/figure>\n\t\t\t\t\n\t\t\t\t\n\t\t\t<\/div>\n\n\t\t\t<div class=\"eael-team-content\">\n\t\t\t\t<h1 class=\"eael-team-member-name\">Jos\u00e9 Antonio Cruz Mart\u00ednez<\/h1><h6 class=\"eael-team-member-position\"><\/h6>\n\t\t\t\t\t\t\t\t\t        <p class=\"eael-team-text\"><div style=\"margin:20px 0\">\n\n<p>\nHa studiato Scienze della Formazione presso l\u2019Universit\u00e0 Complutense di Madrid ed \u00e8 sommelier qualificato dall\u2019Asociaci\u00f3n de Empresarios de Hosteler\u00eda y Turismo de Navarra, con un Master in Viticoltura, Enologia e Marketing del Vino. Ha conseguito il WSET Level 2 ed \u00e8 membro della AEPEV, della Cofrad\u00eda del Vino de Navarra e della Cofrad\u00eda del Queso Idiazabal. \u00c8 inoltre consulente della Fundaci\u00f3n C\u00e1tedra China. \n<\/p>\n\n<p>\nFondatore dell\u2019agenzia \u00abEntreVinos\u00bb, ha diretto programmi su Onda Cero e Radio Euskadi, pubblicato articoli su La Gaceta del Vino e su blog specializzati, e creato le \u00abTertulias del Vino\u00bb. \u00c8 autore del libro premiato \u00abEnoturismo en el Camino de Santiago\u00bb. \n<\/p>\n\n<p>\nHa partecipato come degustatore invitato a concorsi enologici nazionali e internazionali ed \u00e8 stato giurato in concorsi dedicati al formaggio Idiazabal, prendendo parte a degustazioni in Spagna e in Colombia.\n<\/p>\n\n<\/div><\/p>\n\t\t\t\t\t\t\t\t\t<\/div>\n\t\t<\/div>\n\t<\/div>\n\t\t\t\t\t<\/div>\n\t\t\t\t<\/div>\n\t\t\t\t<\/div>\n\t\t\t\t\t<\/div>\n\t\t\t\t<\/div>\n\t\t<div data-particle_enable=\"false\" data-particle-mobile-disabled=\"false\" class=\"elementor-element elementor-element-a082206 e-flex e-con-boxed e-con e-parent\" data-id=\"a082206\" data-element_type=\"container\" data-e-type=\"container\" data-settings=\"{&quot;background_background&quot;:&quot;classic&quot;}\">\n\t\t\t\t\t<div class=\"e-con-inner\">\n\t\t<div data-particle_enable=\"false\" data-particle-mobile-disabled=\"false\" class=\"elementor-element elementor-element-77864b5 e-con-full e-flex e-con e-child\" data-id=\"77864b5\" data-element_type=\"container\" data-e-type=\"container\">\n\t\t\t\t<div class=\"elementor-element elementor-element-769b36c eael-team-align-eael-team-align-default elementor-widget elementor-widget-eael-team-member\" data-id=\"769b36c\" data-element_type=\"widget\" data-e-type=\"widget\" data-widget_type=\"eael-team-member.default\">\n\t\t\t\t<div class=\"elementor-widget-container\">\n\t\t\t\t\t\n\n\t<div id=\"eael-team-member-769b36c\" class=\"eael-team-item eael-team-members-simple \">\n\t\t<div class=\"eael-team-item-inner\">\n\t\t\t<div class=\"eael-team-image\">\n\t\t\t\t<figure>\n\t\t\t\t\t\t\t\t\t\t<img decoding=\"async\" src=\"https:\/\/premiosaepev.es\/wp-content\/uploads\/2025\/07\/imresizer-Javier-Fernandez-Piera.jpg\" alt=\"\">\n\t\t\t\t\t\t\t\t\t<\/figure>\n\t\t\t\t\n\t\t\t\t\n\t\t\t<\/div>\n\n\t\t\t<div class=\"eael-team-content\">\n\t\t\t\t<h1 class=\"eael-team-member-name\">Javier Fern\u00e1ndez Piera<\/h1><h6 class=\"eael-team-member-position\"><\/h6>\n\t\t\t\t\t\t\t\t\t\t\t\t\t\t<p class=\"eael-team-text\"><div style=\"margin: 20px 0\">\n    <p>Javier Fern\u00e1ndez Piera scrive di vino e gastronomia da Madrid, citt\u00e0 che interpreta come punto d\u2019incontro e laboratorio di tendenze.<br><\/p>\n\n    <p>Il suo sguardo unisce criterio, curiosit\u00e0 e un approccio narrativo capace di mettere in relazione territori e persone: dai vermouth pi\u00f9 tradizionali ai grandi vini di Bordeaux, passando per la diversit\u00e0 e il dinamismo contemporaneo della Rioja.<\/p>\n\n    <p>Legato all\u2019organizzazione di saloni professionali, degustazioni e incontri, concepisce ogni evento come uno spazio per condividere conoscenza e stimolare il dialogo.<br><br><\/p>\n\n    <p>Sostiene un modo di comunicare il vino vicino alle persone ma rigoroso, in cui la cultura della buona tavola si traduce in qualcosa di essenziale: mangiare, conversare e bere con consapevolezza, godendo del momento e di chi lo rende possibile.<\/p>\n<\/div><\/p>\n\t\t\t\t\t\t\t<\/div>\n\t\t<\/div>\n\t<\/div>\n\t\t\t\t\t<\/div>\n\t\t\t\t<\/div>\n\t\t\t\t<\/div>\n\t\t<div data-particle_enable=\"false\" data-particle-mobile-disabled=\"false\" class=\"elementor-element elementor-element-3ad8d77 e-con-full e-flex e-con e-child\" data-id=\"3ad8d77\" data-element_type=\"container\" data-e-type=\"container\">\n\t\t\t\t<div class=\"elementor-element elementor-element-1ad8b73 eael-team-align-eael-team-align-default elementor-widget elementor-widget-eael-team-member\" data-id=\"1ad8b73\" data-element_type=\"widget\" data-e-type=\"widget\" data-widget_type=\"eael-team-member.default\">\n\t\t\t\t<div class=\"elementor-widget-container\">\n\t\t\t\t\t\n\n\t<div id=\"eael-team-member-1ad8b73\" class=\"eael-team-item eael-team-members-social-bottom \">\n\t\t<div class=\"eael-team-item-inner\">\n\t\t\t<div class=\"eael-team-image\">\n\t\t\t\t<figure>\n\t\t\t\t\t\t\t\t\t\t<img decoding=\"async\" src=\"https:\/\/premiosaepev.es\/wp-content\/uploads\/2025\/07\/imresizer-653d9e12-b077-4d50-8b1b-86e49eecdfd7.png\" alt=\"\">\n\t\t\t\t\t\t\t\t\t<\/figure>\n\t\t\t\t\n\t\t\t\t\n\t\t\t<\/div>\n\n\t\t\t<div class=\"eael-team-content\">\n\t\t\t\t<h1 class=\"eael-team-member-name\">Sandra Buch<\/h1><h6 class=\"eael-team-member-position\"><\/h6>\n\t\t\t\t\t\t\t\t\t        <p class=\"eael-team-text\"><div style=\"margin: 20px 0\">\n    <p>Dopo quasi 14 anni in Messico, alla fine del 2024 \u00e8 tornata nella sua terra natale, Girona, in Spagna. Diplomata sommelier presso l\u2019Universit\u00e0 di Girona, si \u00e8 specializzata nel Cava ed \u00e8 formatrice accreditata per i Vini di Jerez, oltre che specialista dei vini della Galizia. <\/p>\n\n    <p>In Messico ha svolto attivit\u00e0 di consulenza per ristoranti, si \u00e8 specializzata nel servizio al cliente e ha formato sommelier presso la Escuela Mexicana de Sommeliers, ANSOG, Wikivinos e Servirbien. Ha inoltre tenuto masterclass sul Cava e sui vini spagnoli per la Delegazione della Generalitat e per l\u2019OIVE. <\/p>\n\n    <p><br>Ha partecipato come giudice degustatrice al Mexico Selection by CMB 2021, al Concours Mondial de Bruxelles 2024 e al MIWC 2024. Fa parte della AEPEV e collabora con la rivista digitale Copas y Corchos, mantenendosi costantemente attiva nella formazione e nell\u2019aggiornamento professionale.<br><br> <\/p>\n<\/div><\/p>\n\t\t\t\t\t\t\t\t\t<\/div>\n\t\t<\/div>\n\t<\/div>\n\t\t\t\t\t<\/div>\n\t\t\t\t<\/div>\n\t\t\t\t<\/div>\n\t\t\t\t\t<\/div>\n\t\t\t\t<\/div>\n\t\t<div data-particle_enable=\"false\" data-particle-mobile-disabled=\"false\" class=\"elementor-element elementor-element-5f7311b e-flex e-con-boxed e-con e-parent\" data-id=\"5f7311b\" data-element_type=\"container\" data-e-type=\"container\" data-settings=\"{&quot;background_background&quot;:&quot;classic&quot;}\">\n\t\t\t\t\t<div class=\"e-con-inner\">\n\t\t<div data-particle_enable=\"false\" data-particle-mobile-disabled=\"false\" class=\"elementor-element elementor-element-d7f4a63 e-con-full e-flex e-con e-child\" data-id=\"d7f4a63\" data-element_type=\"container\" data-e-type=\"container\">\n\t\t\t\t<div class=\"elementor-element elementor-element-9dfb303 eael-team-align-eael-team-align-default elementor-widget elementor-widget-eael-team-member\" data-id=\"9dfb303\" data-element_type=\"widget\" data-e-type=\"widget\" data-widget_type=\"eael-team-member.default\">\n\t\t\t\t<div class=\"elementor-widget-container\">\n\t\t\t\t\t\n\n\t<div id=\"eael-team-member-9dfb303\" class=\"eael-team-item eael-team-members-simple \">\n\t\t<div class=\"eael-team-item-inner\">\n\t\t\t<div class=\"eael-team-image\">\n\t\t\t\t<figure>\n\t\t\t\t\t\t\t\t\t\t<img decoding=\"async\" src=\"https:\/\/premiosaepev.es\/wp-content\/uploads\/2025\/07\/imresizer-Pilarhernandezcoloma.jpg\" alt=\"\">\n\t\t\t\t\t\t\t\t\t<\/figure>\n\t\t\t\t\n\t\t\t\t\n\t\t\t<\/div>\n\n\t\t\t<div class=\"eael-team-content\">\n\t\t\t\t<h1 class=\"eael-team-member-name\">Pilar Hern\u00e1ndez coloma<\/h1><h6 class=\"eael-team-member-position\"><\/h6>\n\t\t\t\t\t\t\t\t\t\t\t\t\t\t<p class=\"eael-team-text\"><div style=\"margin: 20px 0\">\n  <p>Pilar Hern\u00e1ndez Coloma \u00e8 giornalista gastronomica, pubblicitaria, esperta in relazioni pubbliche e sommelier diplomata presso la Escuela Espa\u00f1ola de Cata, con oltre 25 anni di esperienza nel campo della comunicazione.<\/p>\n  <p>\u00c8 fondatrice di Gourmet Harmony, un concept che unisce vino, musica dal vivo e storytelling per creare esperienze sensoriali uniche per le cantine.<br><\/p>\n  <p>Attualmente si occupa di ufficio stampa e relazioni pubbliche per un importante gruppo vitivinicolo e collabora come redattrice, dirigendo la sezione Wine della rivista Business People e il blog \u201cMis Placeres Gourmet\u201d.<br><\/p>\n  <p>Inoltre, ha fatto parte della giuria in concorsi gastronomici e vitivinicoli come il Campeonato de Pinchos y Tapas de Castilla y Le\u00f3n, il Concurso Internacional de Patatas Bravas de Palencia, Vinduero\/Vindouro e il Concurso de Vinos de Arag\u00f3n, apportando una visione esperta e trasversale del settore.<\/p>\n<\/div><\/p>\n\t\t\t\t\t\t\t<\/div>\n\t\t<\/div>\n\t<\/div>\n\t\t\t\t\t<\/div>\n\t\t\t\t<\/div>\n\t\t\t\t<\/div>\n\t\t<div data-particle_enable=\"false\" data-particle-mobile-disabled=\"false\" class=\"elementor-element elementor-element-1ae2dfd e-con-full e-flex e-con e-child\" data-id=\"1ae2dfd\" data-element_type=\"container\" data-e-type=\"container\">\n\t\t\t\t<div class=\"elementor-element elementor-element-ee8804e eael-team-align-eael-team-align-default elementor-widget elementor-widget-eael-team-member\" data-id=\"ee8804e\" data-element_type=\"widget\" data-e-type=\"widget\" data-widget_type=\"eael-team-member.default\">\n\t\t\t\t<div class=\"elementor-widget-container\">\n\t\t\t\t\t\n\n\t<div id=\"eael-team-member-ee8804e\" class=\"eael-team-item eael-team-members-social-bottom \">\n\t\t<div class=\"eael-team-item-inner\">\n\t\t\t<div class=\"eael-team-image\">\n\t\t\t\t<figure>\n\t\t\t\t\t\t\t\t\t\t<img decoding=\"async\" src=\"https:\/\/premiosaepev.es\/wp-content\/uploads\/2025\/07\/imresizer-lourdesbaeza.jpg\" alt=\"\">\n\t\t\t\t\t\t\t\t\t<\/figure>\n\t\t\t\t\n\t\t\t\t\n\t\t\t<\/div>\n\n\t\t\t<div class=\"eael-team-content\">\n\t\t\t\t<h1 class=\"eael-team-member-name\">Lourdes Baeza<\/h1><h6 class=\"eael-team-member-position\"><\/h6>\n\t\t\t\t\t\t\t\t\t        <p class=\"eael-team-text\"><div style=\"margin: 20px 0\">\n  <p>Mar\u00eda Lourdes Baeza San Juan \u00e8 giornalista, sommelier diplomata presso la Escuela Espa\u00f1ola de Cata e proprietaria del ristorante La Portada a Pr\u00e1dena, in provincia di Segovia, locale raccomandato dalla Guida Repsol, dove il vino occupa un ruolo centrale.<br><\/p>\n\n  <p>La sua formazione in analisi sensoriale e la sua competenza enologica si riflettono in un\u2019accurata selezione di etichette e in un rapporto diretto e attento con il cliente.<br><\/p>\n\n  <p>Inoltre, dirige un gruppo di degustazione all\u2019interno dello stesso ristorante, dove ricopre il ruolo di chef-sommelier, organizzando incontri nei quali trasmette la propria passione per il vino.<br><\/p>\n\n  <p>Ha ora deciso di compiere un ulteriore passo in questo ambito, partecipando come giurata di degustazione al PWC (Press Wine Competition), mettendo alla prova il proprio criterio, la propria esperienza e la propria sensibilit\u00e0 enologica.<\/p>\n<br><br><\/div><\/p>\n\t\t\t\t\t\t\t\t\t<\/div>\n\t\t<\/div>\n\t<\/div>\n\t\t\t\t\t<\/div>\n\t\t\t\t<\/div>\n\t\t\t\t<\/div>\n\t\t\t\t\t<\/div>\n\t\t\t\t<\/div>\n\t\t<div data-particle_enable=\"false\" data-particle-mobile-disabled=\"false\" class=\"elementor-element elementor-element-cced94f e-flex e-con-boxed e-con e-parent\" data-id=\"cced94f\" data-element_type=\"container\" data-e-type=\"container\" data-settings=\"{&quot;background_background&quot;:&quot;classic&quot;}\">\n\t\t\t\t\t<div class=\"e-con-inner\">\n\t\t<div data-particle_enable=\"false\" data-particle-mobile-disabled=\"false\" class=\"elementor-element elementor-element-229f523 e-con-full e-flex e-con e-child\" data-id=\"229f523\" data-element_type=\"container\" data-e-type=\"container\">\n\t\t\t\t<div class=\"elementor-element elementor-element-85a1dfa eael-team-align-eael-team-align-default elementor-widget elementor-widget-eael-team-member\" data-id=\"85a1dfa\" data-element_type=\"widget\" data-e-type=\"widget\" data-widget_type=\"eael-team-member.default\">\n\t\t\t\t<div class=\"elementor-widget-container\">\n\t\t\t\t\t\n\n\t<div id=\"eael-team-member-85a1dfa\" class=\"eael-team-item eael-team-members-simple \">\n\t\t<div class=\"eael-team-item-inner\">\n\t\t\t<div class=\"eael-team-image\">\n\t\t\t\t<figure>\n\t\t\t\t\t\t\t\t\t\t<img decoding=\"async\" src=\"https:\/\/premiosaepev.es\/wp-content\/uploads\/2025\/07\/imresizer-Diana-Isabel-Esteban-Alonso.jpeg\" alt=\"\">\n\t\t\t\t\t\t\t\t\t<\/figure>\n\t\t\t\t\n\t\t\t\t\n\t\t\t<\/div>\n\n\t\t\t<div class=\"eael-team-content\">\n\t\t\t\t<h1 class=\"eael-team-member-name\">Diana Isabel Esteban Alonso<\/h1><h6 class=\"eael-team-member-position\"><\/h6>\n\t\t\t\t\t\t\t\t\t\t\t\t\t\t<p class=\"eael-team-text\"><div style=\"margin: 20px 0\">\n  <p>Sommelier qualificata presso la C\u00e1mara de Comercio de Madrid, Diplom WSET 4 e formatrice accreditata per i vini di Jerez, Montilla-Moriles e DO Cava.<br><\/p>\n\n  <p>Giurata in concorsi internazionali come Bacchus, Baco e Berliner Wein Trophy, ed \u00e8 relatrice abituale in corsi di degustazione.<\/p>\n\n  <p>Professoressa di Marketing Strategico e Simulazione Commerciale presso l\u2019Universit\u00e0 Complutense di Madrid.<br><br><\/p>\n\n  <p>Fondatrice di una societ\u00e0 di consulenza di marketing specializzata nel settore del vino e creatrice del miele grezzo Abeja Zuzu.<br><br><\/p>\n\n  <p>Ha diretto il marketing, la comunicazione e le relazioni istituzionali in LAVINIA.<br><br><\/p>\n\n  <p>Attualmente \u00e8 dottoranda in enoturismo.<br><br><\/p>\n\n  <p>Il suo lavoro si concentra sulla scoperta e sulla valorizzazione di persone che producono vini rispettosi, capaci di esprimere il paesaggio con autenticit\u00e0, sincerit\u00e0 ed emozione.<\/p>\n<\/div><\/p>\n\t\t\t\t\t\t\t<\/div>\n\t\t<\/div>\n\t<\/div>\n\t\t\t\t\t<\/div>\n\t\t\t\t<\/div>\n\t\t\t\t<\/div>\n\t\t<div data-particle_enable=\"false\" data-particle-mobile-disabled=\"false\" class=\"elementor-element elementor-element-9d51466 e-con-full e-flex e-con e-child\" data-id=\"9d51466\" data-element_type=\"container\" data-e-type=\"container\">\n\t\t\t\t<div class=\"elementor-element elementor-element-878b971 eael-team-align-eael-team-align-default elementor-widget elementor-widget-eael-team-member\" data-id=\"878b971\" data-element_type=\"widget\" data-e-type=\"widget\" data-widget_type=\"eael-team-member.default\">\n\t\t\t\t<div class=\"elementor-widget-container\">\n\t\t\t\t\t\n\n\t<div id=\"eael-team-member-878b971\" class=\"eael-team-item eael-team-members-social-bottom \">\n\t\t<div class=\"eael-team-item-inner\">\n\t\t\t<div class=\"eael-team-image\">\n\t\t\t\t<figure>\n\t\t\t\t\t\t\t\t\t\t<img decoding=\"async\" src=\"https:\/\/premiosaepev.es\/wp-content\/uploads\/2025\/07\/imresizer-josealbertoandres-1.jpg\" alt=\"\">\n\t\t\t\t\t\t\t\t\t<\/figure>\n\t\t\t\t\n\t\t\t\t\n\t\t\t<\/div>\n\n\t\t\t<div class=\"eael-team-content\">\n\t\t\t\t<h1 class=\"eael-team-member-name\">Jos\u00e9 Alberto Andr\u00e9s<\/h1><h6 class=\"eael-team-member-position\"><\/h6>\n\t\t\t\t\t\t\t\t\t        <p class=\"eael-team-text\"><div style=\"margin: 20px 0\">\n  <p>Ciao! Sono Jos\u00e9 Alberto e vengo da Saragozza. Ho studiato giornalismo e sono un sommelier e divulgatore del vino indipendente.<br>  <\/p>\n\n  <p>Nel 2021 ho conseguito un certificato professionale in sommellerie, promosso dal SEPE per persone in cerca di occupazione, e ho maturato quattro anni di esperienza nella conduzione di degustazioni private.<br><\/p>\n\n  <p>Una volta alla settimana parlo, a bottiglia scoperta, di vini sotto i 10 euro su @elsumilleraustero e affronto con grande entusiasmo la mia prima esperienza come giurato.<br><\/p>\n\n  <p>Apprezzo la naturalezza e l\u2019onest\u00e0, tanto nei vini quanto nelle persone, e amo avvicinare il grande pubblico alla conoscenza del vino.<br><\/p>\n<br><br><br><br><br><br>\n\n<\/div><\/p>\n\t\t\t\t\t\t\t\t\t<\/div>\n\t\t<\/div>\n\t<\/div>\n\t\t\t\t\t<\/div>\n\t\t\t\t<\/div>\n\t\t\t\t<\/div>\n\t\t\t\t\t<\/div>\n\t\t\t\t<\/div>\n\t\t<div data-particle_enable=\"false\" data-particle-mobile-disabled=\"false\" class=\"elementor-element elementor-element-762fbeb e-flex e-con-boxed e-con e-parent\" data-id=\"762fbeb\" data-element_type=\"container\" data-e-type=\"container\" data-settings=\"{&quot;background_background&quot;:&quot;classic&quot;}\">\n\t\t\t\t\t<div class=\"e-con-inner\">\n\t\t<div data-particle_enable=\"false\" data-particle-mobile-disabled=\"false\" class=\"elementor-element elementor-element-00b1757 e-con-full e-flex e-con e-child\" data-id=\"00b1757\" data-element_type=\"container\" data-e-type=\"container\">\n\t\t\t\t<div class=\"elementor-element elementor-element-2a58c4b eael-team-align-eael-team-align-default elementor-widget elementor-widget-eael-team-member\" data-id=\"2a58c4b\" data-element_type=\"widget\" data-e-type=\"widget\" data-widget_type=\"eael-team-member.default\">\n\t\t\t\t<div class=\"elementor-widget-container\">\n\t\t\t\t\t\n\n\t<div id=\"eael-team-member-2a58c4b\" class=\"eael-team-item eael-team-members-simple \">\n\t\t<div class=\"eael-team-item-inner\">\n\t\t\t<div class=\"eael-team-image\">\n\t\t\t\t<figure>\n\t\t\t\t\t\t\t\t\t\t<img decoding=\"async\" src=\"https:\/\/premiosaepev.es\/wp-content\/uploads\/2025\/07\/imresizer-Carmen-de-Aguirre-Marquez-de-Prado.jpeg\" alt=\"\">\n\t\t\t\t\t\t\t\t\t<\/figure>\n\t\t\t\t\n\t\t\t\t\n\t\t\t<\/div>\n\n\t\t\t<div class=\"eael-team-content\">\n\t\t\t\t<h1 class=\"eael-team-member-name\">Carmen de Aguirre M\u00e1rquez de Prado<\/h1><h6 class=\"eael-team-member-position\"><\/h6>\n\t\t\t\t\t\t\t\t\t\t\t\t\t\t<p class=\"eael-team-text\"><div style=\"margin: 20px 0\">\n  <p>Carmen de Aguirre M\u00e1rquez de Prado \u00e8 un\u2019esperta di vino di Badajoz, con una solida formazione in Biologia presso l\u2019Universidad de Extremadura, l\u2019Universit\u00e0 di Camerino in Italia e l\u2019Universit\u00e9 du Littoral in Francia, oltre a una specializzazione come enologa in Borgogna.<br><\/p>\n\n  <p>Ha lavorato in prestigiose cantine e vigneti francesi, come Nicolas Potel a Nuits-Saint-Georges e Mo\u00ebt &amp; Chandon \/ Dom P\u00e9rignon, prima di dedicarsi all\u2019insegnamento e alla consulenza nel settore vitivinicolo.<br><\/p>\n\n  <p>\u00c8 fondatrice e direttrice della Escuela del Vino in Centroam\u00e9rica, con sede in Costa Rica, e della Escuela Europea del Vino in Spagna, dove tiene corsi che vanno dai livelli introduttivi fino ai programmi professionali per sommelier.<br>Partecipa come giurata a concorsi internazionali del vino come Vinalies International, VinDuero-VinDouro, CERVIM e CINVE, apportando la propria esperienza nella degustazione e nella valutazione.<br>Il suo percorso unisce competenza tecnica, formazione e divulgazione, consolidandola come una figura di riferimento nella cultura del vino in Estremadura e in Centroamerica.<br><\/p>\n\n  <p>Partecipa come giurata a concorsi internazionali del vino come Vinalies International, VinDuero-VinDouro, CERVIM e CINVE, apportando la propria esperienza nella degustazione e nella valutazione.<br>Il suo percorso unisce competenza tecnica, formazione e divulgazione, consolidandola come una figura di riferimento nella cultura del vino in Estremadura e in Centroamerica.<br><\/p>\n\n  <p>Il suo percorso unisce competenza tecnica, formazione e divulgazione, consolidandola come una figura di riferimento nella cultura del vino in Estremadura e in Centroamerica.<br><\/p>\n<\/div><\/p>\n\t\t\t\t\t\t\t<\/div>\n\t\t<\/div>\n\t<\/div>\n\t\t\t\t\t<\/div>\n\t\t\t\t<\/div>\n\t\t\t\t<\/div>\n\t\t<div data-particle_enable=\"false\" data-particle-mobile-disabled=\"false\" class=\"elementor-element elementor-element-adfa9ce e-con-full e-flex e-con e-child\" data-id=\"adfa9ce\" data-element_type=\"container\" data-e-type=\"container\">\n\t\t\t\t<div class=\"elementor-element elementor-element-f62150c eael-team-align-eael-team-align-default elementor-widget elementor-widget-eael-team-member\" data-id=\"f62150c\" data-element_type=\"widget\" data-e-type=\"widget\" data-widget_type=\"eael-team-member.default\">\n\t\t\t\t<div class=\"elementor-widget-container\">\n\t\t\t\t\t\n\n\t<div id=\"eael-team-member-f62150c\" class=\"eael-team-item eael-team-members-simple \">\n\t\t<div class=\"eael-team-item-inner\">\n\t\t\t<div class=\"eael-team-image\">\n\t\t\t\t<figure>\n\t\t\t\t\t\t\t\t\t\t<img decoding=\"async\" src=\"https:\/\/premiosaepev.es\/wp-content\/uploads\/2025\/07\/imresizer-LOLADIAZFERNANDEZ.jpg\" alt=\"\">\n\t\t\t\t\t\t\t\t\t<\/figure>\n\t\t\t\t\n\t\t\t\t\n\t\t\t<\/div>\n\n\t\t\t<div class=\"eael-team-content\">\n\t\t\t\t<h1 class=\"eael-team-member-name\">LOLA D\u00cdAZ FERN\u00c1NDEZ<\/h1><h6 class=\"eael-team-member-position\"><\/h6>\n\t\t\t\t\t\t\t\t\t\t\t\t\t\t<p class=\"eael-team-text\"><div>\n  <p>\n Lola D\u00edaz \u00e8 docente qualificata nell\u2019insegnamento e tecnico superiore della ristorazione, diplomata presso la Escuela Superior de Protocolo.<br> \n \u00c8 docente di gastronomia, vini e protocollo, oltre che degustatrice di vini, altre bevande e prodotti.<br>\n  <\/p>\n\n  <p>\n Fa parte del panel di degustazione di Isabel Mijares e realizza degustazioni per la Guida Repsol.<br> \n Dal 2007 organizza e dirige corsi sul vino in ambito universitario, presso la UAL e l\u2019Universidad Rey Juan Carlos I.<br>\n  <\/p>\n\n  <p>\n \u00c8 docente in master di Protocollo presso la UCM e l\u2019Universidad Camilo Jos\u00e9 Cela, dove ha introdotto nella sua didattica la cultura del vino e il linguaggio non verbale del vino.<br>\n  <\/p>\n\n  <p>\n Ha collaborato per quattro anni con gastroradio.com e gastronom\u00eda.com, sviluppando un\u2019ampia esperienza nella divulgazione, nella formazione e nella comunicazione specializzata in enologia e protocollo.<br>\n  <\/p>\n<br><br><br>\n<\/div><\/p>\n\t\t\t\t\t\t\t<\/div>\n\t\t<\/div>\n\t<\/div>\n\t\t\t\t\t<\/div>\n\t\t\t\t<\/div>\n\t\t\t\t<\/div>\n\t\t\t\t\t<\/div>\n\t\t\t\t<\/div>\n\t\t<div data-particle_enable=\"false\" data-particle-mobile-disabled=\"false\" class=\"elementor-element elementor-element-9495aac e-flex e-con-boxed e-con e-parent\" data-id=\"9495aac\" data-element_type=\"container\" data-e-type=\"container\" data-settings=\"{&quot;background_background&quot;:&quot;classic&quot;}\">\n\t\t\t\t\t<div class=\"e-con-inner\">\n\t\t<div data-particle_enable=\"false\" data-particle-mobile-disabled=\"false\" class=\"elementor-element elementor-element-3ba35d9 e-con-full e-flex e-con e-child\" data-id=\"3ba35d9\" data-element_type=\"container\" data-e-type=\"container\">\n\t\t\t\t<div class=\"elementor-element elementor-element-1ff60f3 eael-team-align-eael-team-align-default elementor-widget elementor-widget-eael-team-member\" data-id=\"1ff60f3\" data-element_type=\"widget\" data-e-type=\"widget\" data-widget_type=\"eael-team-member.default\">\n\t\t\t\t<div class=\"elementor-widget-container\">\n\t\t\t\t\t\n\n\t<div id=\"eael-team-member-1ff60f3\" class=\"eael-team-item eael-team-members-simple \">\n\t\t<div class=\"eael-team-item-inner\">\n\t\t\t<div class=\"eael-team-image\">\n\t\t\t\t<figure>\n\t\t\t\t\t\t\t\t\t\t<img decoding=\"async\" src=\"https:\/\/premiosaepev.es\/wp-content\/uploads\/2025\/07\/imresizer-DIANACARDO.jpg\" alt=\"\">\n\t\t\t\t\t\t\t\t\t<\/figure>\n\t\t\t\t\n\t\t\t\t\n\t\t\t<\/div>\n\n\t\t\t<div class=\"eael-team-content\">\n\t\t\t\t<h1 class=\"eael-team-member-name\">DIANA CARD\u00d3<\/h1><h6 class=\"eael-team-member-position\"><\/h6>\n\t\t\t\t\t\t\t\t\t\t\t\t\t\t<p class=\"eael-team-text\"><div style=\"margin: 20px 0\">\n <p>\n\n Diana Card\u00f3 \u00e8 ingegnera agronoma, alimentare e dei biosistemi, laureata in Enologia, in Scienze Ambientali e Sommelier Internazionale, con una solida esperienza nel settore vitivinicolo.<br> <br> <br> <br> <br> <br> <br> <br><br><br><br>\n\n  \n<\/p>\n\n\n  \n<p>\n\n Integra competenza tecnica e sensibilit\u00e0 sensoriale per interpretare il vino dalla sua origine fino al calice, offrendo una visione globale del processo vitivinicolo.<br>\n\n  \n<\/p>\n\n<br>  \n<p>\n\n La sua esperienza come giudice degustatrice e panelista riflette un criterio preciso ed equilibrato, frutto di una formazione rigorosa nell\u2019analisi organolettica.<br>\n\n  \n<\/p>\n\n\n  \n<p>\n\n Impegnata nella qualit\u00e0 e nella sostenibilit\u00e0, contribuisce alla valorizzazione e alla divulgazione del vino, unendo scienza, cultura e piacere enologico.\n\n  \n<\/p>\n\n\n<\/div><\/p>\n\t\t\t\t\t\t\t<\/div>\n\t\t<\/div>\n\t<\/div>\n\t\t\t\t\t<\/div>\n\t\t\t\t<\/div>\n\t\t\t\t<\/div>\n\t\t<div data-particle_enable=\"false\" data-particle-mobile-disabled=\"false\" class=\"elementor-element elementor-element-a33a138 e-con-full e-flex e-con e-child\" data-id=\"a33a138\" data-element_type=\"container\" data-e-type=\"container\">\n\t\t\t\t<div class=\"elementor-element elementor-element-f2e3072 eael-team-align-eael-team-align-default elementor-widget elementor-widget-eael-team-member\" data-id=\"f2e3072\" data-element_type=\"widget\" data-e-type=\"widget\" data-widget_type=\"eael-team-member.default\">\n\t\t\t\t<div class=\"elementor-widget-container\">\n\t\t\t\t\t\n\n\t<div id=\"eael-team-member-f2e3072\" class=\"eael-team-item eael-team-members-simple \">\n\t\t<div class=\"eael-team-item-inner\">\n\t\t\t<div class=\"eael-team-image\">\n\t\t\t\t<figure>\n\t\t\t\t\t\t\t\t\t\t<img decoding=\"async\" src=\"https:\/\/premiosaepev.es\/wp-content\/uploads\/2025\/07\/imresizer-CARLOSCAPA-1.jpg\" alt=\"\">\n\t\t\t\t\t\t\t\t\t<\/figure>\n\t\t\t\t\n\t\t\t\t\n\t\t\t<\/div>\n\n\t\t\t<div class=\"eael-team-content\">\n\t\t\t\t<h1 class=\"eael-team-member-name\">CARLOS CAPA<\/h1><h6 class=\"eael-team-member-position\"><\/h6>\n\t\t\t\t\t\t\t\t\t\t\t\t\t\t<p class=\"eael-team-text\"><div class=\"perfil-jurado\">\n  <p>\n Carlos Capa \u00e8 un giornalista specializzato in informazione gastronomica, con una spiccata passione per il mondo del vino. <br><br><br><br>\n  <\/p>\n\n  <p>\n \u00c8 membro attivo dell\u2019Asociaci\u00f3n Espa\u00f1ola de Periodistas y Escritores del Vino (AEPEV), ambito nel quale si dedica alla divulgazione e alla comunicazione del settore vitivinicolo.<br>\n  <\/p>\n\n  <p>\n Collabora con testate come El Pa\u00eds, Cinco D\u00edas e Lawyerpress, dove cura la sezione specializzata \u201cTogas y Tenedores\u201d, dedicata all\u2019analisi del vino, della gastronomia e alla valorizzazione delle regioni vitivinicole in relazione all\u2019ambito giuridico.<br>\n  <\/p>\n\n  <p>\n Ha partecipato come membro di giuria a degustazioni e concorsi come quelli del Real Casino de Madrid, alle giornate del vino del C\u00edrculo de Bellas Artes, a FENAVIN e ad altri certami del settore.\n  <\/p>\n<\/div><\/p>\n\t\t\t\t\t\t\t<\/div>\n\t\t<\/div>\n\t<\/div>\n\t\t\t\t\t<\/div>\n\t\t\t\t<\/div>\n\t\t\t\t<\/div>\n\t\t\t\t\t<\/div>\n\t\t\t\t<\/div>\n\t\t\t\t<\/div>\n\t\t\n<\/div>\n\t\t\t\t\t\t<\/div>\n\t\t\t\t<\/div>\n\t\t\t\t\t<\/div>\n\t\t\t\t<\/div>\n\t\t<div data-particle_enable=\"false\" data-particle-mobile-disabled=\"false\" class=\"elementor-element elementor-element-4606be9 e-flex e-con-boxed e-con e-parent\" data-id=\"4606be9\" data-element_type=\"container\" data-e-type=\"container\" data-settings=\"{&quot;background_background&quot;:&quot;classic&quot;}\">\n\t\t\t\t\t<div class=\"e-con-inner\">\n\t\t\t\t\t<\/div>\n\t\t\t\t<\/div>\n\t\t\t\t<\/div>\n\t\t","protected":false},"excerpt":{"rendered":"<p>Concorso di degustazione alla cieca Il concorso Nel 2026, desideriamo offrire a tutte le aziende agricole, cantine, distillerie e societ\u00e0 di commercializzazione di vini, vermut e distillati la possibilit\u00e0 di proporre liberamente i propri prodotti alla nostra valutazione e al nostro giudizio attraverso degustazioni alla cieca.In questo modo rispondiamo a una domanda crescente da parte [&hellip;]<\/p>\n","protected":false},"author":47,"featured_media":0,"parent":0,"menu_order":0,"comment_status":"closed","ping_status":"closed","template":"","meta":{"site-sidebar-layout":"no-sidebar","site-content-layout":"page-builder","ast-site-content-layout":"full-width-container","site-content-style":"unboxed","site-sidebar-style":"unboxed","ast-global-header-display":"","ast-banner-title-visibility":"","ast-main-header-display":"","ast-hfb-above-header-display":"","ast-hfb-below-header-display":"","ast-hfb-mobile-header-display":"","site-post-title":"disabled","ast-breadcrumbs-content":"","ast-featured-img":"disabled","footer-sml-layout":"","ast-disable-related-posts":"","theme-transparent-header-meta":"enabled","adv-header-id-meta":"","stick-header-meta":"","header-above-stick-meta":"","header-main-stick-meta":"","header-below-stick-meta":"","astra-migrate-meta-layouts":"default","ast-page-background-enabled":"default","ast-page-background-meta":{"desktop":{"background-color":"","background-image":"","background-repeat":"repeat","background-position":"center center","background-size":"auto","background-attachment":"scroll","background-type":"","background-media":"","overlay-type":"","overlay-color":"","overlay-opacity":"","overlay-gradient":""},"tablet":{"background-color":"","background-image":"","background-repeat":"repeat","background-position":"center center","background-size":"auto","background-attachment":"scroll","background-type":"","background-media":"","overlay-type":"","overlay-color":"","overlay-opacity":"","overlay-gradient":""},"mobile":{"background-color":"","background-image":"","background-repeat":"repeat","background-position":"center center","background-size":"auto","background-attachment":"scroll","background-type":"","background-media":"","overlay-type":"","overlay-color":"","overlay-opacity":"","overlay-gradient":""}},"ast-content-background-meta":{"desktop":{"background-color":"var(--ast-global-color-5)","background-image":"","background-repeat":"repeat","background-position":"center center","background-size":"auto","background-attachment":"scroll","background-type":"","background-media":"","overlay-type":"","overlay-color":"","overlay-opacity":"","overlay-gradient":""},"tablet":{"background-color":"var(--ast-global-color-5)","background-image":"","background-repeat":"repeat","background-position":"center center","background-size":"auto","background-attachment":"scroll","background-type":"","background-media":"","overlay-type":"","overlay-color":"","overlay-opacity":"","overlay-gradient":""},"mobile":{"background-color":"var(--ast-global-color-5)","background-image":"","background-repeat":"repeat","background-position":"center center","background-size":"auto","background-attachment":"scroll","background-type":"","background-media":"","overlay-type":"","overlay-color":"","overlay-opacity":"","overlay-gradient":""}},"footnotes":""},"class_list":["post-6459","page","type-page","status-publish","hentry"],"yoast_head":"<!-- This site is optimized with the Yoast SEO Premium plugin v25.5 (Yoast SEO v27.5) - https:\/\/yoast.com\/product\/yoast-seo-premium-wordpress\/ -->\n<title>Concorso di degustazione alla cieca - Premios AEPEV<\/title>\n<meta name=\"robots\" content=\"index, follow, max-snippet:-1, max-image-preview:large, max-video-preview:-1\" \/>\n<link rel=\"canonical\" href=\"https:\/\/premiosaepev.es\/it\/concorso-di-degustazione-cieca\/\" \/>\n<meta property=\"og:locale\" content=\"it_IT\" \/>\n<meta property=\"og:type\" content=\"article\" \/>\n<meta property=\"og:title\" content=\"Concorso di degustazione alla cieca\" \/>\n<meta property=\"og:description\" content=\"Concorso di degustazione alla cieca Il concorso Nel 2026, desideriamo offrire a tutte le aziende agricole, cantine, distillerie e societ\u00e0 di commercializzazione di vini, vermut e distillati la possibilit\u00e0 di proporre liberamente i propri prodotti alla nostra valutazione e al nostro giudizio attraverso degustazioni alla cieca.In questo modo rispondiamo a una domanda crescente da parte [&hellip;]\" \/>\n<meta property=\"og:url\" content=\"https:\/\/premiosaepev.es\/it\/concorso-di-degustazione-cieca\/\" \/>\n<meta property=\"og:site_name\" content=\"Premios AEPEV\" \/>\n<meta property=\"article:modified_time\" content=\"2026-04-27T17:00:42+00:00\" \/>\n<meta property=\"og:image\" content=\"https:\/\/premiosaepev.es\/wp-content\/uploads\/2026\/04\/logoverano250px.png\" \/>\n\t<meta property=\"og:image:width\" content=\"250\" \/>\n\t<meta property=\"og:image:height\" content=\"247\" \/>\n\t<meta property=\"og:image:type\" content=\"image\/png\" \/>\n<meta name=\"twitter:card\" content=\"summary_large_image\" \/>\n<meta name=\"twitter:label1\" content=\"Tempo di lettura stimato\" \/>\n\t<meta name=\"twitter:data1\" content=\"1 minuto\" \/>\n<script type=\"application\/ld+json\" class=\"yoast-schema-graph\">{\"@context\":\"https:\\\/\\\/schema.org\",\"@graph\":[{\"@type\":\"WebPage\",\"@id\":\"https:\\\/\\\/premiosaepev.es\\\/it\\\/concorso-di-degustazione-cieca\\\/\",\"url\":\"https:\\\/\\\/premiosaepev.es\\\/it\\\/concorso-di-degustazione-cieca\\\/\",\"name\":\"Concorso di degustazione alla cieca - Premios AEPEV\",\"isPartOf\":{\"@id\":\"https:\\\/\\\/premiosaepev.es\\\/it\\\/#website\"},\"primaryImageOfPage\":{\"@id\":\"https:\\\/\\\/premiosaepev.es\\\/it\\\/concorso-di-degustazione-cieca\\\/#primaryimage\"},\"image\":{\"@id\":\"https:\\\/\\\/premiosaepev.es\\\/it\\\/concorso-di-degustazione-cieca\\\/#primaryimage\"},\"thumbnailUrl\":\"https:\\\/\\\/premiosaepev.es\\\/wp-content\\\/uploads\\\/2026\\\/04\\\/logoverano250px.png\",\"datePublished\":\"2025-07-14T11:42:49+00:00\",\"dateModified\":\"2026-04-27T17:00:42+00:00\",\"breadcrumb\":{\"@id\":\"https:\\\/\\\/premiosaepev.es\\\/it\\\/concorso-di-degustazione-cieca\\\/#breadcrumb\"},\"inLanguage\":\"it-IT\",\"potentialAction\":[{\"@type\":\"ReadAction\",\"target\":[\"https:\\\/\\\/premiosaepev.es\\\/it\\\/concorso-di-degustazione-cieca\\\/\"]}]},{\"@type\":\"ImageObject\",\"inLanguage\":\"it-IT\",\"@id\":\"https:\\\/\\\/premiosaepev.es\\\/it\\\/concorso-di-degustazione-cieca\\\/#primaryimage\",\"url\":\"https:\\\/\\\/premiosaepev.es\\\/wp-content\\\/uploads\\\/2026\\\/04\\\/logoverano250px.png\",\"contentUrl\":\"https:\\\/\\\/premiosaepev.es\\\/wp-content\\\/uploads\\\/2026\\\/04\\\/logoverano250px.png\"},{\"@type\":\"BreadcrumbList\",\"@id\":\"https:\\\/\\\/premiosaepev.es\\\/it\\\/concorso-di-degustazione-cieca\\\/#breadcrumb\",\"itemListElement\":[{\"@type\":\"ListItem\",\"position\":1,\"name\":\"Portada\",\"item\":\"https:\\\/\\\/premiosaepev.es\\\/it\\\/inizio\\\/\"},{\"@type\":\"ListItem\",\"position\":2,\"name\":\"Concorso di degustazione alla cieca\"}]},{\"@type\":\"WebSite\",\"@id\":\"https:\\\/\\\/premiosaepev.es\\\/it\\\/#website\",\"url\":\"https:\\\/\\\/premiosaepev.es\\\/it\\\/\",\"name\":\"Premios AEPEV\",\"description\":\"Premios AEPEV\",\"potentialAction\":[{\"@type\":\"SearchAction\",\"target\":{\"@type\":\"EntryPoint\",\"urlTemplate\":\"https:\\\/\\\/premiosaepev.es\\\/it\\\/?s={search_term_string}\"},\"query-input\":{\"@type\":\"PropertyValueSpecification\",\"valueRequired\":true,\"valueName\":\"search_term_string\"}}],\"inLanguage\":\"it-IT\"}]}<\/script>\n<!-- \/ Yoast SEO Premium plugin. -->","yoast_head_json":{"title":"Concorso di degustazione alla cieca - Premios AEPEV","robots":{"index":"index","follow":"follow","max-snippet":"max-snippet:-1","max-image-preview":"max-image-preview:large","max-video-preview":"max-video-preview:-1"},"canonical":"https:\/\/premiosaepev.es\/it\/concorso-di-degustazione-cieca\/","og_locale":"it_IT","og_type":"article","og_title":"Concorso di degustazione alla cieca","og_description":"Concorso di degustazione alla cieca Il concorso Nel 2026, desideriamo offrire a tutte le aziende agricole, cantine, distillerie e societ\u00e0 di commercializzazione di vini, vermut e distillati la possibilit\u00e0 di proporre liberamente i propri prodotti alla nostra valutazione e al nostro giudizio attraverso degustazioni alla cieca.In questo modo rispondiamo a una domanda crescente da parte [&hellip;]","og_url":"https:\/\/premiosaepev.es\/it\/concorso-di-degustazione-cieca\/","og_site_name":"Premios AEPEV","article_modified_time":"2026-04-27T17:00:42+00:00","og_image":[{"width":250,"height":247,"url":"https:\/\/premiosaepev.es\/wp-content\/uploads\/2026\/04\/logoverano250px.png","type":"image\/png"}],"twitter_card":"summary_large_image","twitter_misc":{"Tempo di lettura stimato":"1 minuto"},"schema":{"@context":"https:\/\/schema.org","@graph":[{"@type":"WebPage","@id":"https:\/\/premiosaepev.es\/it\/concorso-di-degustazione-cieca\/","url":"https:\/\/premiosaepev.es\/it\/concorso-di-degustazione-cieca\/","name":"Concorso di degustazione alla cieca - Premios AEPEV","isPartOf":{"@id":"https:\/\/premiosaepev.es\/it\/#website"},"primaryImageOfPage":{"@id":"https:\/\/premiosaepev.es\/it\/concorso-di-degustazione-cieca\/#primaryimage"},"image":{"@id":"https:\/\/premiosaepev.es\/it\/concorso-di-degustazione-cieca\/#primaryimage"},"thumbnailUrl":"https:\/\/premiosaepev.es\/wp-content\/uploads\/2026\/04\/logoverano250px.png","datePublished":"2025-07-14T11:42:49+00:00","dateModified":"2026-04-27T17:00:42+00:00","breadcrumb":{"@id":"https:\/\/premiosaepev.es\/it\/concorso-di-degustazione-cieca\/#breadcrumb"},"inLanguage":"it-IT","potentialAction":[{"@type":"ReadAction","target":["https:\/\/premiosaepev.es\/it\/concorso-di-degustazione-cieca\/"]}]},{"@type":"ImageObject","inLanguage":"it-IT","@id":"https:\/\/premiosaepev.es\/it\/concorso-di-degustazione-cieca\/#primaryimage","url":"https:\/\/premiosaepev.es\/wp-content\/uploads\/2026\/04\/logoverano250px.png","contentUrl":"https:\/\/premiosaepev.es\/wp-content\/uploads\/2026\/04\/logoverano250px.png"},{"@type":"BreadcrumbList","@id":"https:\/\/premiosaepev.es\/it\/concorso-di-degustazione-cieca\/#breadcrumb","itemListElement":[{"@type":"ListItem","position":1,"name":"Portada","item":"https:\/\/premiosaepev.es\/it\/inizio\/"},{"@type":"ListItem","position":2,"name":"Concorso di degustazione alla cieca"}]},{"@type":"WebSite","@id":"https:\/\/premiosaepev.es\/it\/#website","url":"https:\/\/premiosaepev.es\/it\/","name":"Premios AEPEV","description":"Premios AEPEV","potentialAction":[{"@type":"SearchAction","target":{"@type":"EntryPoint","urlTemplate":"https:\/\/premiosaepev.es\/it\/?s={search_term_string}"},"query-input":{"@type":"PropertyValueSpecification","valueRequired":true,"valueName":"search_term_string"}}],"inLanguage":"it-IT"}]}},"jetpack_sharing_enabled":true,"_links":{"self":[{"href":"https:\/\/premiosaepev.es\/it\/wp-json\/wp\/v2\/pages\/6459","targetHints":{"allow":["GET"]}}],"collection":[{"href":"https:\/\/premiosaepev.es\/it\/wp-json\/wp\/v2\/pages"}],"about":[{"href":"https:\/\/premiosaepev.es\/it\/wp-json\/wp\/v2\/types\/page"}],"author":[{"embeddable":true,"href":"https:\/\/premiosaepev.es\/it\/wp-json\/wp\/v2\/users\/47"}],"replies":[{"embeddable":true,"href":"https:\/\/premiosaepev.es\/it\/wp-json\/wp\/v2\/comments?post=6459"}],"version-history":[{"count":3,"href":"https:\/\/premiosaepev.es\/it\/wp-json\/wp\/v2\/pages\/6459\/revisions"}],"predecessor-version":[{"id":8312,"href":"https:\/\/premiosaepev.es\/it\/wp-json\/wp\/v2\/pages\/6459\/revisions\/8312"}],"wp:attachment":[{"href":"https:\/\/premiosaepev.es\/it\/wp-json\/wp\/v2\/media?parent=6459"}],"curies":[{"name":"wp","href":"https:\/\/api.w.org\/{rel}","templated":true}]}}